{"id":9183,"date":"2025-09-14T12:00:46","date_gmt":"2025-09-14T12:00:46","guid":{"rendered":"https:\/\/interdesign.ad-pulse.com\/?post_type=influencers&#038;p=9183"},"modified":"2026-04-14T13:25:07","modified_gmt":"2026-04-14T13:25:07","slug":"barbara-marques","status":"publish","type":"influencers","link":"https:\/\/interdesign.com.pt\/pt\/influenciadores\/barbara-marques\/","title":{"rendered":"B\u00e1rbara Marques"},"content":{"rendered":"<div data-elementor-type=\"wp-post\" data-elementor-id=\"9183\" class=\"elementor elementor-9183\" data-elementor-post-type=\"influencers\">\n\t\t\t\t<div class=\"elementor-element elementor-element-b251f46 e-flex e-con-boxed e-con e-child\" data-id=\"b251f46\" data-element_type=\"container\" data-e-type=\"container\">\n\t\t\t\t\t<div class=\"e-con-inner\">\n\t\t<div class=\"elementor-element elementor-element-cd19a69 e-con-full e-flex e-con e-child\" data-id=\"cd19a69\" data-element_type=\"container\" data-e-type=\"container\">\n\t\t\t\t<div class=\"elementor-element elementor-element-a3db27e elementor-widget elementor-widget-video\" data-id=\"a3db27e\" data-element_type=\"widget\" data-e-type=\"widget\" data-settings=\"{&quot;video_type&quot;:&quot;vimeo&quot;,&quot;mute&quot;:&quot;yes&quot;,&quot;loop&quot;:&quot;yes&quot;}\" data-widget_type=\"video.default\">\n\t\t\t\t<div class=\"elementor-widget-container\">\n\t\t\t\t\t\t\t<div class=\"elementor-wrapper elementor-open-inline\">\n\t\t\t<iframe class=\"elementor-video-iframe\" allowfullscreen allow=\"clipboard-write\" title=\"Reprodutor de v\u00eddeo de vimeo\" src=\"https:\/\/player.vimeo.com\/video\/1166294320?color&amp;autopause=0&amp;loop=1&amp;muted=1&amp;title=0&amp;portrait=0&amp;byline=0#t=\"><\/iframe>\t\t<\/div>\n\t\t\t\t\t\t<\/div>\n\t\t\t\t<\/div>\n\t\t\t\t<\/div>\n\t\t<div class=\"elementor-element elementor-element-779714e e-con-full e-flex e-con e-child\" data-id=\"779714e\" data-element_type=\"container\" data-e-type=\"container\">\n\t\t\t\t<div class=\"elementor-element elementor-element-b16f1e2 elementor-widget elementor-widget-heading\" data-id=\"b16f1e2\" data-element_type=\"widget\" data-e-type=\"widget\" data-widget_type=\"heading.default\">\n\t\t\t\t<div class=\"elementor-widget-container\">\n\t\t\t\t\t<h2 class=\"elementor-heading-title elementor-size-default\">Escrit\u00f3rio<\/h2>\t\t\t\t<\/div>\n\t\t\t\t<\/div>\n\t\t\t\t<div class=\"elementor-element elementor-element-5c6afcd elementor-blockquote--skin-quotation elementor-blockquote--align-left elementor-widget elementor-widget-blockquote\" data-id=\"5c6afcd\" data-element_type=\"widget\" data-e-type=\"widget\" data-widget_type=\"blockquote.default\">\n\t\t\t\t<div class=\"elementor-widget-container\">\n\t\t\t\t\t\t\t<blockquote class=\"elementor-blockquote\">\n\t\t\t<p class=\"elementor-blockquote__content\">\n\t\t\t\tGostava de ter gravado a minha rea\u00e7\u00e3o quando vi tudo pronto! Foi digna daquele programa de decora\u00e7\u00e3o com \u201cantes e depois\u201d incr\u00edveis.\t\t\t<\/p>\n\t\t\t\t\t<\/blockquote>\n\t\t\t\t\t\t<\/div>\n\t\t\t\t<\/div>\n\t\t\t\t<div class=\"elementor-element elementor-element-59f8dd7 elementor-widget elementor-widget-text-editor\" data-id=\"59f8dd7\" data-element_type=\"widget\" data-e-type=\"widget\" data-widget_type=\"text-editor.default\">\n\t\t\t\t<div class=\"elementor-widget-container\">\n\t\t\t\t\t\t\t\t\t<p>\u201c<em>Somos 2 a trabalhar em casa, conseguem imaginar o caos?<\/em><\/p><p><em>Fartei-me de ter computadores, teclados, cadernos, canetas e sei l\u00e1 mais o qu\u00ea espalhados pela casa e fui \u00e0 Interdesign pedir uma solu\u00e7\u00e3o.<\/em><\/p><p><em>N\u00e3o ficou lindo?<\/em><span style=\"font-family: -apple-system, BlinkMacSystemFont, 'Segoe UI', Roboto, 'Helvetica Neue', Arial, 'Noto Sans', sans-serif, 'Apple Color Emoji', 'Segoe UI Emoji', 'Segoe UI Symbol', 'Noto Color Emoji';\">\u201c<\/span><\/p>\t\t\t\t\t\t\t\t<\/div>\n\t\t\t\t<\/div>\n\t\t\t\t<div class=\"elementor-element elementor-element-b2127ed elementor-widget elementor-widget-heading\" data-id=\"b2127ed\" data-element_type=\"widget\" data-e-type=\"widget\" data-widget_type=\"heading.default\">\n\t\t\t\t<div class=\"elementor-widget-container\">\n\t\t\t\t\t<p class=\"elementor-heading-title elementor-size-default\">B\u00e1rbara Marques<\/p>\t\t\t\t<\/div>\n\t\t\t\t<\/div>\n\t\t\t\t<\/div>\n\t\t\t\t\t<\/div>\n\t\t\t\t<\/div>\n\t\t<div class=\"elementor-element elementor-element-f215963 e-con-full elementor-hidden-desktop elementor-hidden-laptop elementor-hidden-tablet elementor-hidden-mobile e-flex e-con e-child\" data-id=\"f215963\" data-element_type=\"container\" data-e-type=\"container\">\n\t\t\t\t<div class=\"elementor-element elementor-element-231ba47 elementor-widget elementor-widget-heading\" data-id=\"231ba47\" data-element_type=\"widget\" data-e-type=\"widget\" data-widget_type=\"heading.default\">\n\t\t\t\t<div class=\"elementor-widget-container\">\n\t\t\t\t\t<h3 class=\"elementor-heading-title elementor-size-default\">As escolhas da B\u00e1rbara Marques<\/h3>\t\t\t\t<\/div>\n\t\t\t\t<\/div>\n\t\t\t\t<div class=\"woocommerce elementor-element elementor-element-2013ebe elementor-arrows-position-inside elementor-widget elementor-widget-loop-carousel\" data-id=\"2013ebe\" data-element_type=\"widget\" data-e-type=\"widget\" data-settings=\"{&quot;_skin&quot;:&quot;product&quot;,&quot;template_id&quot;:&quot;164&quot;,&quot;slides_to_show&quot;:&quot;4&quot;,&quot;image_spacing_custom&quot;:{&quot;unit&quot;:&quot;px&quot;,&quot;size&quot;:30,&quot;sizes&quot;:[]},&quot;image_spacing_custom_laptop&quot;:{&quot;unit&quot;:&quot;px&quot;,&quot;size&quot;:20,&quot;sizes&quot;:[]},&quot;image_spacing_custom_tablet&quot;:{&quot;unit&quot;:&quot;px&quot;,&quot;size&quot;:20,&quot;sizes&quot;:[]},&quot;slides_to_show_laptop&quot;:&quot;3&quot;,&quot;slides_to_show_tablet&quot;:&quot;2&quot;,&quot;slides_to_show_mobile&quot;:&quot;1&quot;,&quot;slides_to_scroll&quot;:&quot;1&quot;,&quot;edit_handle_selector&quot;:&quot;.elementor-loop-container&quot;,&quot;infinite&quot;:&quot;yes&quot;,&quot;speed&quot;:500,&quot;offset_sides&quot;:&quot;none&quot;,&quot;arrows&quot;:&quot;yes&quot;,&quot;image_spacing_custom_mobile&quot;:{&quot;unit&quot;:&quot;px&quot;,&quot;size&quot;:&quot;&quot;,&quot;sizes&quot;:[]}}\" data-widget_type=\"loop-carousel.product\">\n\t\t\t\t<div class=\"elementor-widget-container\">\n\t\t\t\t\t\t\t<div class=\"e-loop-nothing-found-message\">\n\t\t<\/div>\n\t\t\t\t\t\t<\/div>\n\t\t\t\t<\/div>\n\t\t\t\t<\/div>\n\t\t\t\t<\/div>","protected":false},"excerpt":{"rendered":"<p>A B\u00e1rbara Marques pediu a nossa ajuda para lhe criar um espa\u00e7o de escrit\u00f3rio elegante e minimalista.<\/p>","protected":false},"author":1,"featured_media":9315,"parent":0,"template":"","meta":{"_acf_changed":false,"footnotes":""},"categories":[33],"tags":[178],"class_list":["post-9183","influencers","type-influencers","status-publish","has-post-thumbnail","hentry","category-collabs","tag-influencers"],"acf":[],"yoast_head":"<!-- This site is optimized with the Yoast SEO plugin v27.3 - https:\/\/yoast.com\/product\/yoast-seo-wordpress\/ -->\n<title>B\u00e1rbara Marques - Interdesign<\/title>\n<meta name=\"description\" content=\"B\u00e1rbara Marques asked us to help her create an elegant, minimalist office space.\" \/>\n<meta name=\"robots\" content=\"index, follow, max-snippet:-1, max-image-preview:large, max-video-preview:-1\" \/>\n<link rel=\"canonical\" href=\"https:\/\/interdesign.com.pt\/pt\/influenciadores\/barbara-marques\/\" \/>\n<meta property=\"og:locale\" content=\"pt_PT\" \/>\n<meta property=\"og:type\" content=\"article\" \/>\n<meta property=\"og:title\" content=\"B\u00e1rbara Marques - Interdesign\" \/>\n<meta property=\"og:description\" content=\"B\u00e1rbara Marques asked us to help her create an elegant, minimalist office space.\" \/>\n<meta property=\"og:url\" content=\"https:\/\/interdesign.com.pt\/pt\/influenciadores\/barbara-marques\/\" \/>\n<meta property=\"og:site_name\" content=\"Interdesign\" \/>\n<meta property=\"article:modified_time\" content=\"2026-04-14T13:25:07+00:00\" \/>\n<meta property=\"og:image\" content=\"https:\/\/interdesign.com.pt\/wp-content\/uploads\/2025\/09\/BarbaraMarques.jpg\" \/>\n\t<meta property=\"og:image:width\" content=\"720\" \/>\n\t<meta property=\"og:image:height\" content=\"1280\" \/>\n\t<meta property=\"og:image:type\" content=\"image\/jpeg\" \/>\n<meta name=\"twitter:card\" content=\"summary_large_image\" \/>\n<meta name=\"twitter:title\" content=\"B\u00e1rbara Marques - Interdesign\" \/>\n<meta name=\"twitter:description\" content=\"B\u00e1rbara Marques asked us to help her create an elegant, minimalist office space.\" \/>\n<meta name=\"twitter:image\" content=\"https:\/\/interdesign.com.pt\/wp-content\/uploads\/2025\/09\/BarbaraMarques.jpg\" \/>\n<meta name=\"twitter:label1\" content=\"Tempo estimado de leitura\" \/>\n\t<meta name=\"twitter:data1\" content=\"1 minuto\" \/>\n<script type=\"application\/ld+json\" class=\"yoast-schema-graph\">{\"@context\":\"https:\\\/\\\/schema.org\",\"@graph\":[{\"@type\":\"WebPage\",\"@id\":\"https:\\\/\\\/interdesign.com.pt\\\/pt\\\/influenciadores\\\/barbara-marques\\\/\",\"url\":\"https:\\\/\\\/interdesign.com.pt\\\/pt\\\/influenciadores\\\/barbara-marques\\\/\",\"name\":\"B\u00e1rbara Marques - Interdesign\",\"isPartOf\":{\"@id\":\"https:\\\/\\\/interdesign.com.pt\\\/pt\\\/#website\"},\"primaryImageOfPage\":{\"@id\":\"https:\\\/\\\/interdesign.com.pt\\\/pt\\\/influenciadores\\\/barbara-marques\\\/#primaryimage\"},\"image\":{\"@id\":\"https:\\\/\\\/interdesign.com.pt\\\/pt\\\/influenciadores\\\/barbara-marques\\\/#primaryimage\"},\"thumbnailUrl\":\"https:\\\/\\\/interdesign.com.pt\\\/wp-content\\\/uploads\\\/2025\\\/09\\\/BarbaraMarques.jpg\",\"datePublished\":\"2025-09-14T12:00:46+00:00\",\"dateModified\":\"2026-04-14T13:25:07+00:00\",\"description\":\"B\u00e1rbara Marques asked us to help her create an elegant, minimalist office space.\",\"breadcrumb\":{\"@id\":\"https:\\\/\\\/interdesign.com.pt\\\/pt\\\/influenciadores\\\/barbara-marques\\\/#breadcrumb\"},\"inLanguage\":\"pt-PT\",\"potentialAction\":[{\"@type\":\"ReadAction\",\"target\":[\"https:\\\/\\\/interdesign.com.pt\\\/pt\\\/influenciadores\\\/barbara-marques\\\/\"]}]},{\"@type\":\"ImageObject\",\"inLanguage\":\"pt-PT\",\"@id\":\"https:\\\/\\\/interdesign.com.pt\\\/pt\\\/influenciadores\\\/barbara-marques\\\/#primaryimage\",\"url\":\"https:\\\/\\\/interdesign.com.pt\\\/wp-content\\\/uploads\\\/2025\\\/09\\\/BarbaraMarques.jpg\",\"contentUrl\":\"https:\\\/\\\/interdesign.com.pt\\\/wp-content\\\/uploads\\\/2025\\\/09\\\/BarbaraMarques.jpg\",\"width\":720,\"height\":1280,\"caption\":\"Colabora\u00e7\u00f5es | Influenciadora Barbara Marques\"},{\"@type\":\"BreadcrumbList\",\"@id\":\"https:\\\/\\\/interdesign.com.pt\\\/pt\\\/influenciadores\\\/barbara-marques\\\/#breadcrumb\",\"itemListElement\":[{\"@type\":\"ListItem\",\"position\":1,\"name\":\"Home\",\"item\":\"https:\\\/\\\/interdesign.com.pt\\\/\"},{\"@type\":\"ListItem\",\"position\":2,\"name\":\"B\u00e1rbara Marques\"}]},{\"@type\":\"WebSite\",\"@id\":\"https:\\\/\\\/interdesign.com.pt\\\/pt\\\/#website\",\"url\":\"https:\\\/\\\/interdesign.com.pt\\\/pt\\\/\",\"name\":\"Interdesign\",\"description\":\"Mobili\u00e1rio, Interiores &amp; Decora\u00e7\u00e3o\",\"publisher\":{\"@id\":\"https:\\\/\\\/interdesign.com.pt\\\/pt\\\/#organization\"},\"potentialAction\":[{\"@type\":\"SearchAction\",\"target\":{\"@type\":\"EntryPoint\",\"urlTemplate\":\"https:\\\/\\\/interdesign.com.pt\\\/pt\\\/?s={search_term_string}\"},\"query-input\":{\"@type\":\"PropertyValueSpecification\",\"valueRequired\":true,\"valueName\":\"search_term_string\"}}],\"inLanguage\":\"pt-PT\"},{\"@type\":\"Organization\",\"@id\":\"https:\\\/\\\/interdesign.com.pt\\\/pt\\\/#organization\",\"name\":\"Interdesign\",\"url\":\"https:\\\/\\\/interdesign.com.pt\\\/pt\\\/\",\"logo\":{\"@type\":\"ImageObject\",\"inLanguage\":\"pt-PT\",\"@id\":\"https:\\\/\\\/interdesign.com.pt\\\/pt\\\/#\\\/schema\\\/logo\\\/image\\\/\",\"url\":\"https:\\\/\\\/interdesign.com.pt\\\/wp-content\\\/uploads\\\/2025\\\/03\\\/interdesign-logo.svg\",\"contentUrl\":\"https:\\\/\\\/interdesign.com.pt\\\/wp-content\\\/uploads\\\/2025\\\/03\\\/interdesign-logo.svg\",\"caption\":\"Interdesign\"},\"image\":{\"@id\":\"https:\\\/\\\/interdesign.com.pt\\\/pt\\\/#\\\/schema\\\/logo\\\/image\\\/\"}}]}<\/script>\n<!-- \/ Yoast SEO plugin. -->","yoast_head_json":{"title":"B\u00e1rbara Marques - Interdesign","description":"A B\u00e1rbara Marques pediu a nossa ajuda para lhe criar um espa\u00e7o de escrit\u00f3rio elegante e minimalista.","robots":{"index":"index","follow":"follow","max-snippet":"max-snippet:-1","max-image-preview":"max-image-preview:large","max-video-preview":"max-video-preview:-1"},"canonical":"https:\/\/interdesign.com.pt\/pt\/influenciadores\/barbara-marques\/","og_locale":"pt_PT","og_type":"article","og_title":"B\u00e1rbara Marques - Interdesign","og_description":"B\u00e1rbara Marques asked us to help her create an elegant, minimalist office space.","og_url":"https:\/\/interdesign.com.pt\/pt\/influenciadores\/barbara-marques\/","og_site_name":"Interdesign","article_modified_time":"2026-04-14T13:25:07+00:00","og_image":[{"width":720,"height":1280,"url":"https:\/\/interdesign.com.pt\/wp-content\/uploads\/2025\/09\/BarbaraMarques.jpg","type":"image\/jpeg"}],"twitter_card":"summary_large_image","twitter_title":"B\u00e1rbara Marques - Interdesign","twitter_description":"B\u00e1rbara Marques asked us to help her create an elegant, minimalist office space.","twitter_image":"https:\/\/interdesign.com.pt\/wp-content\/uploads\/2025\/09\/BarbaraMarques.jpg","twitter_misc":{"Tempo estimado de leitura":"1 minuto"},"schema":{"@context":"https:\/\/schema.org","@graph":[{"@type":"WebPage","@id":"https:\/\/interdesign.com.pt\/pt\/influenciadores\/barbara-marques\/","url":"https:\/\/interdesign.com.pt\/pt\/influenciadores\/barbara-marques\/","name":"B\u00e1rbara Marques - Interdesign","isPartOf":{"@id":"https:\/\/interdesign.com.pt\/pt\/#website"},"primaryImageOfPage":{"@id":"https:\/\/interdesign.com.pt\/pt\/influenciadores\/barbara-marques\/#primaryimage"},"image":{"@id":"https:\/\/interdesign.com.pt\/pt\/influenciadores\/barbara-marques\/#primaryimage"},"thumbnailUrl":"https:\/\/interdesign.com.pt\/wp-content\/uploads\/2025\/09\/BarbaraMarques.jpg","datePublished":"2025-09-14T12:00:46+00:00","dateModified":"2026-04-14T13:25:07+00:00","description":"A B\u00e1rbara Marques pediu a nossa ajuda para lhe criar um espa\u00e7o de escrit\u00f3rio elegante e minimalista.","breadcrumb":{"@id":"https:\/\/interdesign.com.pt\/pt\/influenciadores\/barbara-marques\/#breadcrumb"},"inLanguage":"pt-PT","potentialAction":[{"@type":"ReadAction","target":["https:\/\/interdesign.com.pt\/pt\/influenciadores\/barbara-marques\/"]}]},{"@type":"ImageObject","inLanguage":"pt-PT","@id":"https:\/\/interdesign.com.pt\/pt\/influenciadores\/barbara-marques\/#primaryimage","url":"https:\/\/interdesign.com.pt\/wp-content\/uploads\/2025\/09\/BarbaraMarques.jpg","contentUrl":"https:\/\/interdesign.com.pt\/wp-content\/uploads\/2025\/09\/BarbaraMarques.jpg","width":720,"height":1280,"caption":"Colabora\u00e7\u00f5es | Influenciadora Barbara Marques"},{"@type":"BreadcrumbList","@id":"https:\/\/interdesign.com.pt\/pt\/influenciadores\/barbara-marques\/#breadcrumb","itemListElement":[{"@type":"ListItem","position":1,"name":"Home","item":"https:\/\/interdesign.com.pt\/"},{"@type":"ListItem","position":2,"name":"B\u00e1rbara Marques"}]},{"@type":"WebSite","@id":"https:\/\/interdesign.com.pt\/pt\/#website","url":"https:\/\/interdesign.com.pt\/pt\/","name":"Interdesign","description":"Mobili\u00e1rio, Interiores &amp; Decora\u00e7\u00e3o","publisher":{"@id":"https:\/\/interdesign.com.pt\/pt\/#organization"},"potentialAction":[{"@type":"SearchAction","target":{"@type":"EntryPoint","urlTemplate":"https:\/\/interdesign.com.pt\/pt\/?s={search_term_string}"},"query-input":{"@type":"PropertyValueSpecification","valueRequired":true,"valueName":"search_term_string"}}],"inLanguage":"pt-PT"},{"@type":"Organization","@id":"https:\/\/interdesign.com.pt\/pt\/#organization","name":"Interdesign","url":"https:\/\/interdesign.com.pt\/pt\/","logo":{"@type":"ImageObject","inLanguage":"pt-PT","@id":"https:\/\/interdesign.com.pt\/pt\/#\/schema\/logo\/image\/","url":"https:\/\/interdesign.com.pt\/wp-content\/uploads\/2025\/03\/interdesign-logo.svg","contentUrl":"https:\/\/interdesign.com.pt\/wp-content\/uploads\/2025\/03\/interdesign-logo.svg","caption":"Interdesign"},"image":{"@id":"https:\/\/interdesign.com.pt\/pt\/#\/schema\/logo\/image\/"}}]}},"_links":{"self":[{"href":"https:\/\/interdesign.com.pt\/pt\/wp-json\/wp\/v2\/influencers\/9183","targetHints":{"allow":["GET"]}}],"collection":[{"href":"https:\/\/interdesign.com.pt\/pt\/wp-json\/wp\/v2\/influencers"}],"about":[{"href":"https:\/\/interdesign.com.pt\/pt\/wp-json\/wp\/v2\/types\/influencers"}],"author":[{"embeddable":true,"href":"https:\/\/interdesign.com.pt\/pt\/wp-json\/wp\/v2\/users\/1"}],"version-history":[{"count":77,"href":"https:\/\/interdesign.com.pt\/pt\/wp-json\/wp\/v2\/influencers\/9183\/revisions"}],"predecessor-version":[{"id":75515,"href":"https:\/\/interdesign.com.pt\/pt\/wp-json\/wp\/v2\/influencers\/9183\/revisions\/75515"}],"wp:featuredmedia":[{"embeddable":true,"href":"https:\/\/interdesign.com.pt\/pt\/wp-json\/wp\/v2\/media\/9315"}],"wp:attachment":[{"href":"https:\/\/interdesign.com.pt\/pt\/wp-json\/wp\/v2\/media?parent=9183"}],"wp:term":[{"taxonomy":"category","embeddable":true,"href":"https:\/\/interdesign.com.pt\/pt\/wp-json\/wp\/v2\/categories?post=9183"},{"taxonomy":"post_tag","embeddable":true,"href":"https:\/\/interdesign.com.pt\/pt\/wp-json\/wp\/v2\/tags?post=9183"}],"curies":[{"name":"wp","href":"https:\/\/api.w.org\/{rel}","templated":true}]}}