{"id":9222,"date":"2025-09-13T13:54:05","date_gmt":"2025-09-13T13:54:05","guid":{"rendered":"https:\/\/interdesign.ad-pulse.com\/?post_type=influencers&#038;p=9222"},"modified":"2026-04-14T13:24:59","modified_gmt":"2026-04-14T13:24:59","slug":"francisca-flores","status":"publish","type":"influencers","link":"https:\/\/interdesign.com.pt\/pt\/influenciadores\/francisca-flores\/","title":{"rendered":"Francisca Flores"},"content":{"rendered":"<div data-elementor-type=\"wp-post\" data-elementor-id=\"9222\" class=\"elementor elementor-9222\" data-elementor-post-type=\"influencers\">\n\t\t\t\t<div class=\"elementor-element elementor-element-56129d5 e-flex e-con-boxed e-con e-child\" data-id=\"56129d5\" data-element_type=\"container\" data-e-type=\"container\">\n\t\t\t\t\t<div class=\"e-con-inner\">\n\t\t<div class=\"elementor-element elementor-element-08f43bc e-con-full e-flex e-con e-child\" data-id=\"08f43bc\" data-element_type=\"container\" data-e-type=\"container\">\n\t\t\t\t<div class=\"elementor-element elementor-element-afc21e2 elementor-widget elementor-widget-video\" data-id=\"afc21e2\" data-element_type=\"widget\" data-e-type=\"widget\" data-settings=\"{&quot;video_type&quot;:&quot;vimeo&quot;,&quot;mute&quot;:&quot;yes&quot;,&quot;loop&quot;:&quot;yes&quot;}\" data-widget_type=\"video.default\">\n\t\t\t\t<div class=\"elementor-widget-container\">\n\t\t\t\t\t\t\t<div class=\"elementor-wrapper elementor-open-inline\">\n\t\t\t<iframe class=\"elementor-video-iframe\" allowfullscreen allow=\"clipboard-write\" title=\"Reprodutor de v\u00eddeo de vimeo\" src=\"https:\/\/player.vimeo.com\/video\/1166307195?color&amp;autopause=0&amp;loop=1&amp;muted=1&amp;title=0&amp;portrait=0&amp;byline=0#t=\"><\/iframe>\t\t<\/div>\n\t\t\t\t\t\t<\/div>\n\t\t\t\t<\/div>\n\t\t\t\t<\/div>\n\t\t<div class=\"elementor-element elementor-element-f7e5e18 e-con-full e-flex e-con e-child\" data-id=\"f7e5e18\" data-element_type=\"container\" data-e-type=\"container\">\n\t\t\t\t<div class=\"elementor-element elementor-element-464d79c elementor-widget elementor-widget-heading\" data-id=\"464d79c\" data-element_type=\"widget\" data-e-type=\"widget\" data-widget_type=\"heading.default\">\n\t\t\t\t<div class=\"elementor-widget-container\">\n\t\t\t\t\t<h2 class=\"elementor-heading-title elementor-size-default\">Sala de Estar<\/h2>\t\t\t\t<\/div>\n\t\t\t\t<\/div>\n\t\t\t\t<div class=\"elementor-element elementor-element-21ff6b8 elementor-blockquote--skin-quotation elementor-blockquote--align-left elementor-widget elementor-widget-blockquote\" data-id=\"21ff6b8\" data-element_type=\"widget\" data-e-type=\"widget\" data-widget_type=\"blockquote.default\">\n\t\t\t\t<div class=\"elementor-widget-container\">\n\t\t\t\t\t\t\t<blockquote class=\"elementor-blockquote\">\n\t\t\t<p class=\"elementor-blockquote__content\">\n\t\t\t\tO nosso m\u00f3vel de sonho tornado realidade!\t\t\t<\/p>\n\t\t\t\t\t<\/blockquote>\n\t\t\t\t\t\t<\/div>\n\t\t\t\t<\/div>\n\t\t\t\t<div class=\"elementor-element elementor-element-aa70923 elementor-widget elementor-widget-text-editor\" data-id=\"aa70923\" data-element_type=\"widget\" data-e-type=\"widget\" data-widget_type=\"text-editor.default\">\n\t\t\t\t<div class=\"elementor-widget-container\">\n\t\t\t\t\t\t\t\t\t<p>\"Um enorme obrigado \u00e0 Interdesign por concretizar exatamente o que imagin\u00e1mos. Cada detalhe ficou perfeito, e n\u00e3o pod\u00edamos estar mais apaixonados pelo resultado.<\/p><p>Agora, a nossa casa tem ainda mais personalidade e charme gra\u00e7as a este m\u00f3vel \u00fanico.<\/p><p>Obrigado pela dedica\u00e7\u00e3o, qualidade e por transformarem a nossa vis\u00e3o em algo t\u00e3o especial.<span style=\"font-family: -apple-system, BlinkMacSystemFont, 'Segoe UI', Roboto, 'Helvetica Neue', Arial, 'Noto Sans', sans-serif, 'Apple Color Emoji', 'Segoe UI Emoji', 'Segoe UI Symbol', 'Noto Color Emoji';\">\u201c<\/span><\/p>\t\t\t\t\t\t\t\t<\/div>\n\t\t\t\t<\/div>\n\t\t\t\t<div class=\"elementor-element elementor-element-82845e1 elementor-widget elementor-widget-heading\" data-id=\"82845e1\" data-element_type=\"widget\" data-e-type=\"widget\" data-widget_type=\"heading.default\">\n\t\t\t\t<div class=\"elementor-widget-container\">\n\t\t\t\t\t<p class=\"elementor-heading-title elementor-size-default\">Francisca Flores<\/p>\t\t\t\t<\/div>\n\t\t\t\t<\/div>\n\t\t\t\t<\/div>\n\t\t\t\t\t<\/div>\n\t\t\t\t<\/div>\n\t\t<div class=\"elementor-element elementor-element-6676487 e-con-full e-flex e-con e-parent\" data-id=\"6676487\" data-element_type=\"container\" data-e-type=\"container\">\n\t\t\t\t<div class=\"elementor-element elementor-element-03078f9 elementor-widget elementor-widget-heading\" data-id=\"03078f9\" data-element_type=\"widget\" data-e-type=\"widget\" data-widget_type=\"heading.default\">\n\t\t\t\t<div class=\"elementor-widget-container\">\n\t\t\t\t\t<h2 class=\"elementor-heading-title elementor-size-default\">Quarto<\/h2>\t\t\t\t<\/div>\n\t\t\t\t<\/div>\n\t\t\t\t<div class=\"elementor-element elementor-element-0d8b80d elementor-blockquote--skin-quotation elementor-blockquote--align-left elementor-widget elementor-widget-blockquote\" data-id=\"0d8b80d\" data-element_type=\"widget\" data-e-type=\"widget\" data-widget_type=\"blockquote.default\">\n\t\t\t\t<div class=\"elementor-widget-container\">\n\t\t\t\t\t\t\t<blockquote class=\"elementor-blockquote\">\n\t\t\t<p class=\"elementor-blockquote__content\">\n\t\t\t\tO nosso quarto \u2014 antes e depois.\n<br>\u00c9 incr\u00edvel o poder que a decora\u00e7\u00e3o tem num determinado espa\u00e7o.\t\t\t<\/p>\n\t\t\t\t\t<\/blockquote>\n\t\t\t\t\t\t<\/div>\n\t\t\t\t<\/div>\n\t\t\t\t<div class=\"elementor-element elementor-element-3fbc81f elementor-widget elementor-widget-heading\" data-id=\"3fbc81f\" data-element_type=\"widget\" data-e-type=\"widget\" data-widget_type=\"heading.default\">\n\t\t\t\t<div class=\"elementor-widget-container\">\n\t\t\t\t\t<p class=\"elementor-heading-title elementor-size-default\">Francisca Flores<\/p>\t\t\t\t<\/div>\n\t\t\t\t<\/div>\n\t\t<div class=\"elementor-element elementor-element-0d5f840 e-con-full e-flex e-con e-child\" data-id=\"0d5f840\" data-element_type=\"container\" data-e-type=\"container\">\n\t\t<div class=\"elementor-element elementor-element-3c7a227 e-con-full e-flex e-con e-child\" data-id=\"3c7a227\" data-element_type=\"container\" data-e-type=\"container\">\n\t\t\t\t<div class=\"elementor-element elementor-element-6084a8a elementor-hidden-tablet elementor-hidden-mobile elementor-widget elementor-widget-gallery\" data-id=\"6084a8a\" data-element_type=\"widget\" data-e-type=\"widget\" data-settings=\"{&quot;gallery_layout&quot;:&quot;masonry&quot;,&quot;columns&quot;:1,&quot;gap&quot;:{&quot;unit&quot;:&quot;px&quot;,&quot;size&quot;:15,&quot;sizes&quot;:[]},&quot;columns_laptop&quot;:1,&quot;columns_tablet&quot;:3,&quot;columns_mobile&quot;:3,&quot;lazyload&quot;:&quot;yes&quot;,&quot;gap_laptop&quot;:{&quot;unit&quot;:&quot;px&quot;,&quot;size&quot;:10,&quot;sizes&quot;:[]},&quot;gap_tablet&quot;:{&quot;unit&quot;:&quot;px&quot;,&quot;size&quot;:10,&quot;sizes&quot;:[]},&quot;gap_mobile&quot;:{&quot;unit&quot;:&quot;px&quot;,&quot;size&quot;:10,&quot;sizes&quot;:[]},&quot;link_to&quot;:&quot;file&quot;,&quot;content_hover_animation&quot;:&quot;fade-in&quot;}\" data-widget_type=\"gallery.default\">\n\t\t\t\t<div class=\"elementor-widget-container\">\n\t\t\t\t\t\t\t<div class=\"elementor-gallery__container\">\n\t\t\t\t\t\t\t<a class=\"e-gallery-item elementor-gallery-item elementor-animated-content\" href=\"https:\/\/interdesign.com.pt\/wp-content\/uploads\/2025\/10\/FranciscaFlores4.jpg\" data-elementor-open-lightbox=\"yes\" data-elementor-lightbox-slideshow=\"6084a8a\" data-e-action-hash=\"#elementor-action%3Aaction%3Dlightbox%26settings%3DeyJpZCI6MTA1NDIsInVybCI6Imh0dHBzOlwvXC9pbnRlcmRlc2lnbi5jb20ucHRcL3dwLWNvbnRlbnRcL3VwbG9hZHNcLzIwMjVcLzEwXC9GcmFuY2lzY2FGbG9yZXM0LmpwZyIsInNsaWRlc2hvdyI6IjYwODRhOGEifQ%3D%3D\">\n\t\t\t\t\t<div class=\"e-gallery-image elementor-gallery-item__image\" data-thumbnail=\"https:\/\/interdesign.com.pt\/wp-content\/uploads\/2025\/10\/FranciscaFlores4.jpg\" data-width=\"1440\" data-height=\"1440\" aria-label=\"Colabora\u00e7\u00f5es | Influenciadora Francisca Flores\" role=\"img\" ><\/div>\n\t\t\t\t\t\t\t\t\t\t\t\t\t\t<\/a>\n\t\t\t\t\t\t\t<a class=\"e-gallery-item elementor-gallery-item elementor-animated-content\" href=\"https:\/\/interdesign.com.pt\/wp-content\/uploads\/2025\/09\/FranciscaFlores.jpg\" data-elementor-open-lightbox=\"yes\" data-elementor-lightbox-slideshow=\"6084a8a\" data-e-action-hash=\"#elementor-action%3Aaction%3Dlightbox%26settings%3DeyJpZCI6OTc2MSwidXJsIjoiaHR0cHM6XC9cL2ludGVyZGVzaWduLmNvbS5wdFwvd3AtY29udGVudFwvdXBsb2Fkc1wvMjAyNVwvMDlcL0ZyYW5jaXNjYUZsb3Jlcy5qcGciLCJzbGlkZXNob3ciOiI2MDg0YThhIn0%3D\">\n\t\t\t\t\t<div class=\"e-gallery-image elementor-gallery-item__image\" data-thumbnail=\"https:\/\/interdesign.com.pt\/wp-content\/uploads\/2025\/09\/FranciscaFlores.jpg\" data-width=\"1080\" data-height=\"1080\" aria-label=\"Colabora\u00e7\u00f5es | Influenciadora Francisca Flores\" role=\"img\" ><\/div>\n\t\t\t\t\t\t\t\t\t\t\t\t\t\t<\/a>\n\t\t\t\t\t<\/div>\n\t\t\t\t\t<\/div>\n\t\t\t\t<\/div>\n\t\t\t\t<div class=\"elementor-element elementor-element-66cfee7 elementor-hidden-desktop elementor-hidden-laptop elementor-arrows-position-inside elementor-widget elementor-widget-image-carousel\" data-id=\"66cfee7\" data-element_type=\"widget\" data-e-type=\"widget\" data-settings=\"{&quot;slides_to_show&quot;:&quot;3&quot;,&quot;slides_to_show_mobile&quot;:&quot;1&quot;,&quot;navigation&quot;:&quot;arrows&quot;,&quot;lazyload&quot;:&quot;yes&quot;,&quot;image_spacing_custom&quot;:{&quot;unit&quot;:&quot;px&quot;,&quot;size&quot;:15,&quot;sizes&quot;:[]},&quot;image_spacing_custom_tablet&quot;:{&quot;unit&quot;:&quot;px&quot;,&quot;size&quot;:10,&quot;sizes&quot;:[]},&quot;slides_to_show_tablet&quot;:&quot;2&quot;,&quot;infinite&quot;:&quot;yes&quot;,&quot;speed&quot;:500,&quot;image_spacing_custom_laptop&quot;:{&quot;unit&quot;:&quot;px&quot;,&quot;size&quot;:&quot;&quot;,&quot;sizes&quot;:[]}}\" data-widget_type=\"image-carousel.default\">\n\t\t\t\t<div class=\"elementor-widget-container\">\n\t\t\t\t\t\t\t<div class=\"elementor-image-carousel-wrapper swiper\" role=\"region\" aria-roledescription=\"carousel\" aria-label=\"Carrossel de imagens\" dir=\"ltr\">\n\t\t\t<div class=\"elementor-image-carousel swiper-wrapper swiper-image-stretch\" aria-live=\"polite\">\n\t\t\t\t\t\t\t\t<div class=\"swiper-slide\" role=\"group\" aria-roledescription=\"slide\" aria-label=\"1 de 4\"><figure class=\"swiper-slide-inner\"><img class=\"swiper-slide-image swiper-lazy\" data-src=\"https:\/\/interdesign.com.pt\/wp-content\/uploads\/2025\/10\/FranciscaFlores4.jpg\" alt=\"Colabora\u00e7\u00f5es | Influenciadora Francisca Flores\" \/><div class=\"swiper-lazy-preloader\"><\/div><\/figure><\/div><div class=\"swiper-slide\" role=\"group\" aria-roledescription=\"slide\" aria-label=\"2 de 4\"><figure class=\"swiper-slide-inner\"><img class=\"swiper-slide-image swiper-lazy\" data-src=\"https:\/\/interdesign.com.pt\/wp-content\/uploads\/2025\/10\/FranciscaFlores3.jpg\" alt=\"Colabora\u00e7\u00f5es | Influenciadora Francisca Flores\" \/><div class=\"swiper-lazy-preloader\"><\/div><\/figure><\/div><div class=\"swiper-slide\" role=\"group\" aria-roledescription=\"slide\" aria-label=\"3 de 4\"><figure class=\"swiper-slide-inner\"><img class=\"swiper-slide-image swiper-lazy\" data-src=\"https:\/\/interdesign.com.pt\/wp-content\/uploads\/2025\/10\/FranciscaFlores1.jpg\" alt=\"Colabora\u00e7\u00f5es | Influenciadora Francisca Flores\" \/><div class=\"swiper-lazy-preloader\"><\/div><\/figure><\/div><div class=\"swiper-slide\" role=\"group\" aria-roledescription=\"slide\" aria-label=\"4 de 4\"><figure class=\"swiper-slide-inner\"><img class=\"swiper-slide-image swiper-lazy\" data-src=\"https:\/\/interdesign.com.pt\/wp-content\/uploads\/2025\/09\/FranciscaFlores.jpg\" alt=\"Colabora\u00e7\u00f5es | Influenciadora Francisca Flores\" \/><div class=\"swiper-lazy-preloader\"><\/div><\/figure><\/div>\t\t\t<\/div>\n\t\t\t\t\t\t\t\t\t\t\t\t<div class=\"elementor-swiper-button elementor-swiper-button-prev\" role=\"button\" tabindex=\"0\">\n\t\t\t\t\t\t<svg xmlns=\"http:\/\/www.w3.org\/2000\/svg\" xmlns:xlink=\"http:\/\/www.w3.org\/1999\/xlink\" width=\"100\" viewbox=\"0 0 75 74.999997\" height=\"100\" preserveaspectratio=\"xMidYMid meet\"><path stroke-linecap=\"round\" transform=\"matrix(-0.108217, -0.10387, 0.10387, -0.108217, 55.754155, 74.996741)\" fill=\"none\" stroke-linejoin=\"miter\" d=\"M 9.515877 9.498078 L 345.443429 9.513849 \" stroke=\"#8b8989\" stroke-width=\"19\" stroke-opacity=\"1\" stroke-miterlimit=\"4\"><\/path><path stroke-linecap=\"round\" transform=\"matrix(-0.103755, 0.108328, -0.108328, -0.103755, 55.790541, 1.872765)\" fill=\"none\" stroke-linejoin=\"miter\" d=\"M 9.501182 9.484201 L 342.084272 9.489527 \" stroke=\"#8b8989\" stroke-width=\"19\" stroke-opacity=\"1\" stroke-miterlimit=\"4\"><\/path><\/svg>\t\t\t\t\t<\/div>\n\t\t\t\t\t<div class=\"elementor-swiper-button elementor-swiper-button-next\" role=\"button\" tabindex=\"0\">\n\t\t\t\t\t\t<svg xmlns=\"http:\/\/www.w3.org\/2000\/svg\" xmlns:xlink=\"http:\/\/www.w3.org\/1999\/xlink\" width=\"100\" viewbox=\"0 0 75 74.999997\" height=\"100\" preserveaspectratio=\"xMidYMid meet\"><path stroke-linecap=\"round\" transform=\"matrix(0.108217, 0.10387, -0.10387, 0.108217, 19.23596, -0.0959723)\" fill=\"none\" stroke-linejoin=\"miter\" d=\"M 9.496297 9.49533 L 345.442638 9.493068 \" stroke=\"#8b8989\" stroke-width=\"19\" stroke-opacity=\"1\" stroke-miterlimit=\"4\"><\/path><path stroke-linecap=\"round\" transform=\"matrix(0.103755, -0.108328, 0.108328, 0.103755, 19.19957, 73.028007)\" fill=\"none\" stroke-linejoin=\"miter\" d=\"M 9.50319 9.501451 L 342.086281 9.506777 \" stroke=\"#8b8989\" stroke-width=\"19\" stroke-opacity=\"1\" stroke-miterlimit=\"4\"><\/path><\/svg>\t\t\t\t\t<\/div>\n\t\t\t\t\n\t\t\t\t\t\t\t\t\t<\/div>\n\t\t\t\t\t\t<\/div>\n\t\t\t\t<\/div>\n\t\t\t\t<\/div>\n\t\t<div class=\"elementor-element elementor-element-3618de6 e-con-full e-flex e-con e-child\" data-id=\"3618de6\" data-element_type=\"container\" data-e-type=\"container\" data-settings=\"{&quot;sticky&quot;:&quot;top&quot;,&quot;sticky_offset&quot;:80,&quot;sticky_parent&quot;:&quot;yes&quot;,&quot;sticky_on&quot;:[&quot;desktop&quot;,&quot;laptop&quot;],&quot;sticky_effects_offset&quot;:0,&quot;sticky_anchor_link_offset&quot;:0}\">\n\t\t\t\t<div class=\"elementor-element elementor-element-691138d elementor-widget elementor-widget-video\" data-id=\"691138d\" data-element_type=\"widget\" data-e-type=\"widget\" data-settings=\"{&quot;video_type&quot;:&quot;vimeo&quot;,&quot;mute&quot;:&quot;yes&quot;,&quot;loop&quot;:&quot;yes&quot;}\" data-widget_type=\"video.default\">\n\t\t\t\t<div class=\"elementor-widget-container\">\n\t\t\t\t\t\t\t<div class=\"elementor-wrapper elementor-open-inline\">\n\t\t\t<iframe class=\"elementor-video-iframe\" allowfullscreen allow=\"clipboard-write\" title=\"Reprodutor de v\u00eddeo de vimeo\" src=\"https:\/\/player.vimeo.com\/video\/1166308099?color&amp;autopause=0&amp;loop=1&amp;muted=1&amp;title=0&amp;portrait=0&amp;byline=0#t=\"><\/iframe>\t\t<\/div>\n\t\t\t\t\t\t<\/div>\n\t\t\t\t<\/div>\n\t\t\t\t<\/div>\n\t\t<div class=\"elementor-element elementor-element-a1a5fe3 e-con-full elementor-hidden-mobile elementor-hidden-tablet e-flex e-con e-child\" data-id=\"a1a5fe3\" data-element_type=\"container\" data-e-type=\"container\">\n\t\t\t\t<div class=\"elementor-element elementor-element-076dc2d elementor-hidden-tablet elementor-hidden-mobile elementor-widget elementor-widget-gallery\" data-id=\"076dc2d\" data-element_type=\"widget\" data-e-type=\"widget\" data-settings=\"{&quot;gallery_layout&quot;:&quot;masonry&quot;,&quot;columns&quot;:1,&quot;gap&quot;:{&quot;unit&quot;:&quot;px&quot;,&quot;size&quot;:15,&quot;sizes&quot;:[]},&quot;columns_laptop&quot;:1,&quot;columns_tablet&quot;:3,&quot;lazyload&quot;:&quot;yes&quot;,&quot;columns_mobile&quot;:1,&quot;gap_laptop&quot;:{&quot;unit&quot;:&quot;px&quot;,&quot;size&quot;:10,&quot;sizes&quot;:[]},&quot;gap_tablet&quot;:{&quot;unit&quot;:&quot;px&quot;,&quot;size&quot;:10,&quot;sizes&quot;:[]},&quot;gap_mobile&quot;:{&quot;unit&quot;:&quot;px&quot;,&quot;size&quot;:10,&quot;sizes&quot;:[]},&quot;link_to&quot;:&quot;file&quot;,&quot;content_hover_animation&quot;:&quot;fade-in&quot;}\" data-widget_type=\"gallery.default\">\n\t\t\t\t<div class=\"elementor-widget-container\">\n\t\t\t\t\t\t\t<div class=\"elementor-gallery__container\">\n\t\t\t\t\t\t\t<a class=\"e-gallery-item elementor-gallery-item elementor-animated-content\" href=\"https:\/\/interdesign.com.pt\/wp-content\/uploads\/2025\/10\/FranciscaFlores1.jpg\" data-elementor-open-lightbox=\"yes\" data-elementor-lightbox-slideshow=\"076dc2d\" data-e-action-hash=\"#elementor-action%3Aaction%3Dlightbox%26settings%3DeyJpZCI6MTA1NDQsInVybCI6Imh0dHBzOlwvXC9pbnRlcmRlc2lnbi5jb20ucHRcL3dwLWNvbnRlbnRcL3VwbG9hZHNcLzIwMjVcLzEwXC9GcmFuY2lzY2FGbG9yZXMxLmpwZyIsInNsaWRlc2hvdyI6IjA3NmRjMmQifQ%3D%3D\">\n\t\t\t\t\t<div class=\"e-gallery-image elementor-gallery-item__image\" data-thumbnail=\"https:\/\/interdesign.com.pt\/wp-content\/uploads\/2025\/10\/FranciscaFlores1.jpg\" data-width=\"1440\" data-height=\"1440\" aria-label=\"Colabora\u00e7\u00f5es | Influenciadora Francisca Flores\" role=\"img\" ><\/div>\n\t\t\t\t\t\t\t\t\t\t\t\t\t\t<\/a>\n\t\t\t\t\t\t\t<a class=\"e-gallery-item elementor-gallery-item elementor-animated-content\" href=\"https:\/\/interdesign.com.pt\/wp-content\/uploads\/2025\/10\/FranciscaFlores3.jpg\" data-elementor-open-lightbox=\"yes\" data-elementor-lightbox-slideshow=\"076dc2d\" data-e-action-hash=\"#elementor-action%3Aaction%3Dlightbox%26settings%3DeyJpZCI6MTA1NDUsInVybCI6Imh0dHBzOlwvXC9pbnRlcmRlc2lnbi5jb20ucHRcL3dwLWNvbnRlbnRcL3VwbG9hZHNcLzIwMjVcLzEwXC9GcmFuY2lzY2FGbG9yZXMzLmpwZyIsInNsaWRlc2hvdyI6IjA3NmRjMmQifQ%3D%3D\">\n\t\t\t\t\t<div class=\"e-gallery-image elementor-gallery-item__image\" data-thumbnail=\"https:\/\/interdesign.com.pt\/wp-content\/uploads\/2025\/10\/FranciscaFlores3.jpg\" data-width=\"1440\" data-height=\"1440\" aria-label=\"Colabora\u00e7\u00f5es | Influenciadora Francisca Flores\" role=\"img\" ><\/div>\n\t\t\t\t\t\t\t\t\t\t\t\t\t\t<\/a>\n\t\t\t\t\t<\/div>\n\t\t\t\t\t<\/div>\n\t\t\t\t<\/div>\n\t\t\t\t<\/div>\n\t\t\t\t<\/div>\n\t\t\t\t<\/div>\n\t\t<div class=\"elementor-element elementor-element-40b4e53 e-con-full elementor-hidden-desktop elementor-hidden-laptop elementor-hidden-tablet elementor-hidden-mobile e-flex e-con e-child\" data-id=\"40b4e53\" data-element_type=\"container\" data-e-type=\"container\">\n\t\t\t\t<div class=\"elementor-element elementor-element-ba10110 elementor-widget elementor-widget-heading\" data-id=\"ba10110\" data-element_type=\"widget\" data-e-type=\"widget\" data-widget_type=\"heading.default\">\n\t\t\t\t<div class=\"elementor-widget-container\">\n\t\t\t\t\t<h3 class=\"elementor-heading-title elementor-size-default\">Os indispens\u00e1veis da Francisca Flores<\/h3>\t\t\t\t<\/div>\n\t\t\t\t<\/div>\n\t\t\t\t<div class=\"woocommerce elementor-element elementor-element-038f9bf elementor-arrows-position-inside elementor-widget elementor-widget-loop-carousel\" data-id=\"038f9bf\" data-element_type=\"widget\" data-e-type=\"widget\" data-settings=\"{&quot;_skin&quot;:&quot;product&quot;,&quot;template_id&quot;:&quot;164&quot;,&quot;slides_to_show&quot;:&quot;4&quot;,&quot;image_spacing_custom&quot;:{&quot;unit&quot;:&quot;px&quot;,&quot;size&quot;:30,&quot;sizes&quot;:[]},&quot;image_spacing_custom_tablet&quot;:{&quot;unit&quot;:&quot;px&quot;,&quot;size&quot;:20,&quot;sizes&quot;:[]},&quot;image_spacing_custom_laptop&quot;:{&quot;unit&quot;:&quot;px&quot;,&quot;size&quot;:20,&quot;sizes&quot;:[]},&quot;slides_to_show_laptop&quot;:&quot;3&quot;,&quot;slides_to_show_tablet&quot;:&quot;2&quot;,&quot;slides_to_show_mobile&quot;:&quot;1&quot;,&quot;slides_to_scroll&quot;:&quot;1&quot;,&quot;edit_handle_selector&quot;:&quot;.elementor-loop-container&quot;,&quot;infinite&quot;:&quot;yes&quot;,&quot;speed&quot;:500,&quot;offset_sides&quot;:&quot;none&quot;,&quot;arrows&quot;:&quot;yes&quot;,&quot;image_spacing_custom_mobile&quot;:{&quot;unit&quot;:&quot;px&quot;,&quot;size&quot;:&quot;&quot;,&quot;sizes&quot;:[]}}\" data-widget_type=\"loop-carousel.product\">\n\t\t\t\t<div class=\"elementor-widget-container\">\n\t\t\t\t\t\t\t<div class=\"e-loop-nothing-found-message\">\n\t\t<\/div>\n\t\t\t\t\t\t<\/div>\n\t\t\t\t<\/div>\n\t\t\t\t<\/div>\n\t\t\t\t<\/div>","protected":false},"excerpt":{"rendered":"<p>A beleza do design personalizado encontrou espa\u00e7o no lar da Francisca Flores, com a Interdesign a remodelar o quarto e a criar um m\u00f3vel feito \u00e0 medida.<\/p>","protected":false},"author":1,"featured_media":9761,"parent":0,"template":"","meta":{"_acf_changed":false,"footnotes":""},"categories":[33],"tags":[178],"class_list":["post-9222","influencers","type-influencers","status-publish","has-post-thumbnail","hentry","category-collabs","tag-influencers"],"acf":[],"yoast_head":"<!-- This site is optimized with the Yoast SEO plugin v27.3 - https:\/\/yoast.com\/product\/yoast-seo-wordpress\/ -->\n<title>Francisca Flores - Interdesign<\/title>\n<meta name=\"description\" content=\"Personalised design took shape at Francisca Flores\u2019 home, with Interdesign remodeling her bedroom and crafting a one-of-a-kind living room piece.\" \/>\n<meta name=\"robots\" content=\"index, follow, max-snippet:-1, max-image-preview:large, max-video-preview:-1\" \/>\n<link rel=\"canonical\" href=\"https:\/\/interdesign.com.pt\/pt\/influenciadores\/francisca-flores\/\" \/>\n<meta property=\"og:locale\" content=\"pt_PT\" \/>\n<meta property=\"og:type\" content=\"article\" \/>\n<meta property=\"og:title\" content=\"Francisca Flores - Interdesign\" \/>\n<meta property=\"og:description\" content=\"Personalised design took shape at Francisca Flores\u2019 home, with Interdesign remodeling her bedroom and crafting a one-of-a-kind living room piece.\" \/>\n<meta property=\"og:url\" content=\"https:\/\/interdesign.com.pt\/pt\/influenciadores\/francisca-flores\/\" \/>\n<meta property=\"og:site_name\" content=\"Interdesign\" \/>\n<meta property=\"article:modified_time\" content=\"2026-04-14T13:24:59+00:00\" \/>\n<meta property=\"og:image\" content=\"https:\/\/interdesign.com.pt\/wp-content\/uploads\/2025\/09\/FranciscaFlores.jpg\" \/>\n\t<meta property=\"og:image:width\" content=\"1080\" \/>\n\t<meta property=\"og:image:height\" content=\"1080\" \/>\n\t<meta property=\"og:image:type\" content=\"image\/jpeg\" \/>\n<meta name=\"twitter:card\" content=\"summary_large_image\" \/>\n<meta name=\"twitter:title\" content=\"Francisca Flores - Interdesign\" \/>\n<meta name=\"twitter:description\" content=\"Personalised design took shape at Francisca Flores\u2019 home, with Interdesign remodeling her bedroom and crafting a one-of-a-kind living room piece.\" \/>\n<meta name=\"twitter:image\" content=\"https:\/\/interdesign.com.pt\/wp-content\/uploads\/2025\/09\/FranciscaFlores.jpg\" \/>\n<meta name=\"twitter:label1\" content=\"Tempo estimado de leitura\" \/>\n\t<meta name=\"twitter:data1\" content=\"3 minutos\" \/>\n<script type=\"application\/ld+json\" class=\"yoast-schema-graph\">{\"@context\":\"https:\\\/\\\/schema.org\",\"@graph\":[{\"@type\":\"WebPage\",\"@id\":\"https:\\\/\\\/interdesign.com.pt\\\/pt\\\/influenciadores\\\/francisca-flores\\\/\",\"url\":\"https:\\\/\\\/interdesign.com.pt\\\/pt\\\/influenciadores\\\/francisca-flores\\\/\",\"name\":\"Francisca Flores - Interdesign\",\"isPartOf\":{\"@id\":\"https:\\\/\\\/interdesign.com.pt\\\/pt\\\/#website\"},\"primaryImageOfPage\":{\"@id\":\"https:\\\/\\\/interdesign.com.pt\\\/pt\\\/influenciadores\\\/francisca-flores\\\/#primaryimage\"},\"image\":{\"@id\":\"https:\\\/\\\/interdesign.com.pt\\\/pt\\\/influenciadores\\\/francisca-flores\\\/#primaryimage\"},\"thumbnailUrl\":\"https:\\\/\\\/interdesign.com.pt\\\/wp-content\\\/uploads\\\/2025\\\/09\\\/FranciscaFlores.jpg\",\"datePublished\":\"2025-09-13T13:54:05+00:00\",\"dateModified\":\"2026-04-14T13:24:59+00:00\",\"description\":\"Personalised design took shape at Francisca Flores\u2019 home, with Interdesign remodeling her bedroom and crafting a one-of-a-kind living room piece.\",\"breadcrumb\":{\"@id\":\"https:\\\/\\\/interdesign.com.pt\\\/pt\\\/influenciadores\\\/francisca-flores\\\/#breadcrumb\"},\"inLanguage\":\"pt-PT\",\"potentialAction\":[{\"@type\":\"ReadAction\",\"target\":[\"https:\\\/\\\/interdesign.com.pt\\\/pt\\\/influenciadores\\\/francisca-flores\\\/\"]}]},{\"@type\":\"ImageObject\",\"inLanguage\":\"pt-PT\",\"@id\":\"https:\\\/\\\/interdesign.com.pt\\\/pt\\\/influenciadores\\\/francisca-flores\\\/#primaryimage\",\"url\":\"https:\\\/\\\/interdesign.com.pt\\\/wp-content\\\/uploads\\\/2025\\\/09\\\/FranciscaFlores.jpg\",\"contentUrl\":\"https:\\\/\\\/interdesign.com.pt\\\/wp-content\\\/uploads\\\/2025\\\/09\\\/FranciscaFlores.jpg\",\"width\":1080,\"height\":1080,\"caption\":\"Colabora\u00e7\u00f5es | Influ\u00eanciadora Francisca Flores\"},{\"@type\":\"BreadcrumbList\",\"@id\":\"https:\\\/\\\/interdesign.com.pt\\\/pt\\\/influenciadores\\\/francisca-flores\\\/#breadcrumb\",\"itemListElement\":[{\"@type\":\"ListItem\",\"position\":1,\"name\":\"Home\",\"item\":\"https:\\\/\\\/interdesign.com.pt\\\/\"},{\"@type\":\"ListItem\",\"position\":2,\"name\":\"Francisca Flores\"}]},{\"@type\":\"WebSite\",\"@id\":\"https:\\\/\\\/interdesign.com.pt\\\/pt\\\/#website\",\"url\":\"https:\\\/\\\/interdesign.com.pt\\\/pt\\\/\",\"name\":\"Interdesign\",\"description\":\"Mobili\u00e1rio, Interiores &amp; Decora\u00e7\u00e3o\",\"publisher\":{\"@id\":\"https:\\\/\\\/interdesign.com.pt\\\/pt\\\/#organization\"},\"potentialAction\":[{\"@type\":\"SearchAction\",\"target\":{\"@type\":\"EntryPoint\",\"urlTemplate\":\"https:\\\/\\\/interdesign.com.pt\\\/pt\\\/?s={search_term_string}\"},\"query-input\":{\"@type\":\"PropertyValueSpecification\",\"valueRequired\":true,\"valueName\":\"search_term_string\"}}],\"inLanguage\":\"pt-PT\"},{\"@type\":\"Organization\",\"@id\":\"https:\\\/\\\/interdesign.com.pt\\\/pt\\\/#organization\",\"name\":\"Interdesign\",\"url\":\"https:\\\/\\\/interdesign.com.pt\\\/pt\\\/\",\"logo\":{\"@type\":\"ImageObject\",\"inLanguage\":\"pt-PT\",\"@id\":\"https:\\\/\\\/interdesign.com.pt\\\/pt\\\/#\\\/schema\\\/logo\\\/image\\\/\",\"url\":\"https:\\\/\\\/interdesign.com.pt\\\/wp-content\\\/uploads\\\/2025\\\/03\\\/interdesign-logo.svg\",\"contentUrl\":\"https:\\\/\\\/interdesign.com.pt\\\/wp-content\\\/uploads\\\/2025\\\/03\\\/interdesign-logo.svg\",\"caption\":\"Interdesign\"},\"image\":{\"@id\":\"https:\\\/\\\/interdesign.com.pt\\\/pt\\\/#\\\/schema\\\/logo\\\/image\\\/\"}}]}<\/script>\n<!-- \/ Yoast SEO plugin. -->","yoast_head_json":{"title":"Francisca Flores - Interdesign","description":"A beleza do design personalizado encontrou espa\u00e7o no lar da Francisca Flores, com a Interdesign a remodelar o quarto e a criar um m\u00f3vel feito \u00e0 medida.","robots":{"index":"index","follow":"follow","max-snippet":"max-snippet:-1","max-image-preview":"max-image-preview:large","max-video-preview":"max-video-preview:-1"},"canonical":"https:\/\/interdesign.com.pt\/pt\/influenciadores\/francisca-flores\/","og_locale":"pt_PT","og_type":"article","og_title":"Francisca Flores - Interdesign","og_description":"Personalised design took shape at Francisca Flores\u2019 home, with Interdesign remodeling her bedroom and crafting a one-of-a-kind living room piece.","og_url":"https:\/\/interdesign.com.pt\/pt\/influenciadores\/francisca-flores\/","og_site_name":"Interdesign","article_modified_time":"2026-04-14T13:24:59+00:00","og_image":[{"width":1080,"height":1080,"url":"https:\/\/interdesign.com.pt\/wp-content\/uploads\/2025\/09\/FranciscaFlores.jpg","type":"image\/jpeg"}],"twitter_card":"summary_large_image","twitter_title":"Francisca Flores - Interdesign","twitter_description":"Personalised design took shape at Francisca Flores\u2019 home, with Interdesign remodeling her bedroom and crafting a one-of-a-kind living room piece.","twitter_image":"https:\/\/interdesign.com.pt\/wp-content\/uploads\/2025\/09\/FranciscaFlores.jpg","twitter_misc":{"Tempo estimado de leitura":"3 minutos"},"schema":{"@context":"https:\/\/schema.org","@graph":[{"@type":"WebPage","@id":"https:\/\/interdesign.com.pt\/pt\/influenciadores\/francisca-flores\/","url":"https:\/\/interdesign.com.pt\/pt\/influenciadores\/francisca-flores\/","name":"Francisca Flores - Interdesign","isPartOf":{"@id":"https:\/\/interdesign.com.pt\/pt\/#website"},"primaryImageOfPage":{"@id":"https:\/\/interdesign.com.pt\/pt\/influenciadores\/francisca-flores\/#primaryimage"},"image":{"@id":"https:\/\/interdesign.com.pt\/pt\/influenciadores\/francisca-flores\/#primaryimage"},"thumbnailUrl":"https:\/\/interdesign.com.pt\/wp-content\/uploads\/2025\/09\/FranciscaFlores.jpg","datePublished":"2025-09-13T13:54:05+00:00","dateModified":"2026-04-14T13:24:59+00:00","description":"A beleza do design personalizado encontrou espa\u00e7o no lar da Francisca Flores, com a Interdesign a remodelar o quarto e a criar um m\u00f3vel feito \u00e0 medida.","breadcrumb":{"@id":"https:\/\/interdesign.com.pt\/pt\/influenciadores\/francisca-flores\/#breadcrumb"},"inLanguage":"pt-PT","potentialAction":[{"@type":"ReadAction","target":["https:\/\/interdesign.com.pt\/pt\/influenciadores\/francisca-flores\/"]}]},{"@type":"ImageObject","inLanguage":"pt-PT","@id":"https:\/\/interdesign.com.pt\/pt\/influenciadores\/francisca-flores\/#primaryimage","url":"https:\/\/interdesign.com.pt\/wp-content\/uploads\/2025\/09\/FranciscaFlores.jpg","contentUrl":"https:\/\/interdesign.com.pt\/wp-content\/uploads\/2025\/09\/FranciscaFlores.jpg","width":1080,"height":1080,"caption":"Colabora\u00e7\u00f5es | Influ\u00eanciadora Francisca Flores"},{"@type":"BreadcrumbList","@id":"https:\/\/interdesign.com.pt\/pt\/influenciadores\/francisca-flores\/#breadcrumb","itemListElement":[{"@type":"ListItem","position":1,"name":"Home","item":"https:\/\/interdesign.com.pt\/"},{"@type":"ListItem","position":2,"name":"Francisca Flores"}]},{"@type":"WebSite","@id":"https:\/\/interdesign.com.pt\/pt\/#website","url":"https:\/\/interdesign.com.pt\/pt\/","name":"Interdesign","description":"Mobili\u00e1rio, Interiores &amp; Decora\u00e7\u00e3o","publisher":{"@id":"https:\/\/interdesign.com.pt\/pt\/#organization"},"potentialAction":[{"@type":"SearchAction","target":{"@type":"EntryPoint","urlTemplate":"https:\/\/interdesign.com.pt\/pt\/?s={search_term_string}"},"query-input":{"@type":"PropertyValueSpecification","valueRequired":true,"valueName":"search_term_string"}}],"inLanguage":"pt-PT"},{"@type":"Organization","@id":"https:\/\/interdesign.com.pt\/pt\/#organization","name":"Interdesign","url":"https:\/\/interdesign.com.pt\/pt\/","logo":{"@type":"ImageObject","inLanguage":"pt-PT","@id":"https:\/\/interdesign.com.pt\/pt\/#\/schema\/logo\/image\/","url":"https:\/\/interdesign.com.pt\/wp-content\/uploads\/2025\/03\/interdesign-logo.svg","contentUrl":"https:\/\/interdesign.com.pt\/wp-content\/uploads\/2025\/03\/interdesign-logo.svg","caption":"Interdesign"},"image":{"@id":"https:\/\/interdesign.com.pt\/pt\/#\/schema\/logo\/image\/"}}]}},"_links":{"self":[{"href":"https:\/\/interdesign.com.pt\/pt\/wp-json\/wp\/v2\/influencers\/9222","targetHints":{"allow":["GET"]}}],"collection":[{"href":"https:\/\/interdesign.com.pt\/pt\/wp-json\/wp\/v2\/influencers"}],"about":[{"href":"https:\/\/interdesign.com.pt\/pt\/wp-json\/wp\/v2\/types\/influencers"}],"author":[{"embeddable":true,"href":"https:\/\/interdesign.com.pt\/pt\/wp-json\/wp\/v2\/users\/1"}],"version-history":[{"count":54,"href":"https:\/\/interdesign.com.pt\/pt\/wp-json\/wp\/v2\/influencers\/9222\/revisions"}],"predecessor-version":[{"id":75538,"href":"https:\/\/interdesign.com.pt\/pt\/wp-json\/wp\/v2\/influencers\/9222\/revisions\/75538"}],"wp:featuredmedia":[{"embeddable":true,"href":"https:\/\/interdesign.com.pt\/pt\/wp-json\/wp\/v2\/media\/9761"}],"wp:attachment":[{"href":"https:\/\/interdesign.com.pt\/pt\/wp-json\/wp\/v2\/media?parent=9222"}],"wp:term":[{"taxonomy":"category","embeddable":true,"href":"https:\/\/interdesign.com.pt\/pt\/wp-json\/wp\/v2\/categories?post=9222"},{"taxonomy":"post_tag","embeddable":true,"href":"https:\/\/interdesign.com.pt\/pt\/wp-json\/wp\/v2\/tags?post=9222"}],"curies":[{"name":"wp","href":"https:\/\/api.w.org\/{rel}","templated":true}]}}