{"id":9234,"date":"2025-09-09T13:56:54","date_gmt":"2025-09-09T13:56:54","guid":{"rendered":"https:\/\/interdesign.ad-pulse.com\/?post_type=influencers&#038;p=9234"},"modified":"2026-04-14T13:24:35","modified_gmt":"2026-04-14T13:24:35","slug":"ines-mocho","status":"publish","type":"influencers","link":"https:\/\/interdesign.com.pt\/pt\/influenciadores\/ines-mocho\/","title":{"rendered":"In\u00eas Mocho"},"content":{"rendered":"<div data-elementor-type=\"wp-post\" data-elementor-id=\"9234\" class=\"elementor elementor-9234\" data-elementor-post-type=\"influencers\">\n\t\t\t\t<div class=\"elementor-element elementor-element-52ac16f e-flex e-con-boxed e-con e-child\" data-id=\"52ac16f\" data-element_type=\"container\" data-e-type=\"container\">\n\t\t\t\t\t<div class=\"e-con-inner\">\n\t\t\t\t<div class=\"elementor-element elementor-element-fc890ce elementor-widget elementor-widget-heading\" data-id=\"fc890ce\" data-element_type=\"widget\" data-e-type=\"widget\" data-widget_type=\"heading.default\">\n\t\t\t\t<div class=\"elementor-widget-container\">\n\t\t\t\t\t<h2 class=\"elementor-heading-title elementor-size-default\">Sala de Estar<\/h2>\t\t\t\t<\/div>\n\t\t\t\t<\/div>\n\t\t\t\t<div class=\"elementor-element elementor-element-0b99554 elementor-widget-tablet__width-inherit elementor-widget elementor-widget-text-editor\" data-id=\"0b99554\" data-element_type=\"widget\" data-e-type=\"widget\" data-widget_type=\"text-editor.default\">\n\t\t\t\t<div class=\"elementor-widget-container\">\n\t\t\t\t\t\t\t\t\t<p>\u201c<em>Uma conquista do qual me orgulho muito, foi este ano ter comprado a minha primeira casa. E finalmente vou come\u00e7ar a partilhar convosco toda a decora\u00e7\u00e3o.<\/em><\/p><p><em>Hoje come\u00e7amos pela sala! Queria uma sala com personalidade, eleg\u00e2ncia e bastante estilo. Valorizei muito a qualidade dos materiais e acabamentos, da\u00ed ter escolhido a Interdesign para projectar e produzir o que j\u00e1 estava em sonhos na minha mente.<\/em><\/p><p><em>E n\u00e3o podia estar mais apaixonada por este resultado<\/em>\u201c<\/p>\t\t\t\t\t\t\t\t<\/div>\n\t\t\t\t<\/div>\n\t\t\t\t<div class=\"elementor-element elementor-element-3325aaa elementor-widget elementor-widget-heading\" data-id=\"3325aaa\" data-element_type=\"widget\" data-e-type=\"widget\" data-widget_type=\"heading.default\">\n\t\t\t\t<div class=\"elementor-widget-container\">\n\t\t\t\t\t<p class=\"elementor-heading-title elementor-size-default\">In\u00eas Mocho<\/p>\t\t\t\t<\/div>\n\t\t\t\t<\/div>\n\t\t\t\t<div class=\"elementor-element elementor-element-90e6d0c elementor-widget__width-initial elementor-widget elementor-widget-video\" data-id=\"90e6d0c\" data-element_type=\"widget\" data-e-type=\"widget\" data-settings=\"{&quot;start&quot;:0,&quot;loop&quot;:&quot;yes&quot;,&quot;video_type&quot;:&quot;vimeo&quot;,&quot;mute&quot;:&quot;yes&quot;}\" data-widget_type=\"video.default\">\n\t\t\t\t<div class=\"elementor-widget-container\">\n\t\t\t\t\t\t\t<div class=\"elementor-wrapper elementor-open-inline\">\n\t\t\t<iframe class=\"elementor-video-iframe\" allowfullscreen allow=\"clipboard-write\" title=\"Reprodutor de v\u00eddeo de vimeo\" src=\"https:\/\/player.vimeo.com\/video\/1182590709?color&amp;autopause=0&amp;loop=1&amp;muted=1&amp;title=0&amp;portrait=0&amp;byline=0#t=\"><\/iframe>\t\t<\/div>\n\t\t\t\t\t\t<\/div>\n\t\t\t\t<\/div>\n\t\t\t\t\t<\/div>\n\t\t\t\t<\/div>\n\t\t<div class=\"elementor-element elementor-element-0be32b5 e-con-full elementor-hidden-desktop elementor-hidden-laptop elementor-hidden-tablet elementor-hidden-mobile e-flex e-con e-child\" data-id=\"0be32b5\" data-element_type=\"container\" data-e-type=\"container\">\n\t\t\t\t<div class=\"elementor-element elementor-element-6e992df elementor-widget elementor-widget-heading\" data-id=\"6e992df\" data-element_type=\"widget\" data-e-type=\"widget\" data-widget_type=\"heading.default\">\n\t\t\t\t<div class=\"elementor-widget-container\">\n\t\t\t\t\t<h3 class=\"elementor-heading-title elementor-size-default\">Os favoritos da In\u00eas Mocho<\/h3>\t\t\t\t<\/div>\n\t\t\t\t<\/div>\n\t\t\t\t<div class=\"woocommerce elementor-element elementor-element-7d75583 elementor-arrows-position-inside elementor-widget elementor-widget-loop-carousel\" data-id=\"7d75583\" data-element_type=\"widget\" data-e-type=\"widget\" data-settings=\"{&quot;_skin&quot;:&quot;product&quot;,&quot;template_id&quot;:&quot;164&quot;,&quot;slides_to_show&quot;:&quot;4&quot;,&quot;image_spacing_custom&quot;:{&quot;unit&quot;:&quot;px&quot;,&quot;size&quot;:30,&quot;sizes&quot;:[]},&quot;image_spacing_custom_tablet&quot;:{&quot;unit&quot;:&quot;px&quot;,&quot;size&quot;:20,&quot;sizes&quot;:[]},&quot;image_spacing_custom_laptop&quot;:{&quot;unit&quot;:&quot;px&quot;,&quot;size&quot;:20,&quot;sizes&quot;:[]},&quot;slides_to_show_laptop&quot;:&quot;3&quot;,&quot;slides_to_show_tablet&quot;:&quot;2&quot;,&quot;slides_to_show_mobile&quot;:&quot;1&quot;,&quot;slides_to_scroll&quot;:&quot;1&quot;,&quot;edit_handle_selector&quot;:&quot;.elementor-loop-container&quot;,&quot;infinite&quot;:&quot;yes&quot;,&quot;speed&quot;:500,&quot;offset_sides&quot;:&quot;none&quot;,&quot;arrows&quot;:&quot;yes&quot;,&quot;image_spacing_custom_mobile&quot;:{&quot;unit&quot;:&quot;px&quot;,&quot;size&quot;:&quot;&quot;,&quot;sizes&quot;:[]}}\" data-widget_type=\"loop-carousel.product\">\n\t\t\t\t<div class=\"elementor-widget-container\">\n\t\t\t\t\t\t\t<div class=\"e-loop-nothing-found-message\">\n\t\t<\/div>\n\t\t\t\t\t\t<\/div>\n\t\t\t\t<\/div>\n\t\t\t\t<\/div>\n\t\t\t\t<\/div>","protected":false},"excerpt":{"rendered":"<p>\u201cQueria uma sala com personalidade e eleg\u00e2ncia.\u201d A Interdesign tornou o desejo da In\u00eas Mocho realidade, com materiais de qualidade e produ\u00e7\u00e3o \u00e0 medida.<\/p>","protected":false},"author":1,"featured_media":9760,"parent":0,"template":"","meta":{"_acf_changed":false,"footnotes":""},"categories":[33],"tags":[178],"class_list":["post-9234","influencers","type-influencers","status-publish","has-post-thumbnail","hentry","category-collabs","tag-influencers"],"acf":[],"yoast_head":"<!-- This site is optimized with the Yoast SEO plugin v27.3 - https:\/\/yoast.com\/product\/yoast-seo-wordpress\/ -->\n<title>In\u00eas Mocho - Interdesign<\/title>\n<meta name=\"description\" content=\"Interdesign made In\u00eas Mocho\u2019s vision a reality, with quality materials and made-to-measure craftsmanship.\" \/>\n<meta name=\"robots\" content=\"index, follow, max-snippet:-1, max-image-preview:large, max-video-preview:-1\" \/>\n<link rel=\"canonical\" href=\"https:\/\/interdesign.com.pt\/pt\/influenciadores\/ines-mocho\/\" \/>\n<meta property=\"og:locale\" content=\"pt_PT\" \/>\n<meta property=\"og:type\" content=\"article\" \/>\n<meta property=\"og:title\" content=\"In\u00eas Mocho - Interdesign\" \/>\n<meta property=\"og:description\" content=\"Interdesign made In\u00eas Mocho\u2019s vision a reality, with quality materials and made-to-measure craftsmanship.\" \/>\n<meta property=\"og:url\" content=\"https:\/\/interdesign.com.pt\/pt\/influenciadores\/ines-mocho\/\" \/>\n<meta property=\"og:site_name\" content=\"Interdesign\" \/>\n<meta property=\"article:modified_time\" content=\"2026-04-14T13:24:35+00:00\" \/>\n<meta property=\"og:image\" content=\"https:\/\/interdesign.com.pt\/wp-content\/uploads\/2025\/09\/InesMocho.jpg\" \/>\n\t<meta property=\"og:image:width\" content=\"986\" \/>\n\t<meta property=\"og:image:height\" content=\"1747\" \/>\n\t<meta property=\"og:image:type\" content=\"image\/jpeg\" \/>\n<meta name=\"twitter:card\" content=\"summary_large_image\" \/>\n<meta name=\"twitter:title\" content=\"In\u00eas Mocho - Interdesign\" \/>\n<meta name=\"twitter:description\" content=\"Interdesign made In\u00eas Mocho\u2019s vision a reality, with quality materials and made-to-measure craftsmanship.\" \/>\n<meta name=\"twitter:image\" content=\"https:\/\/interdesign.com.pt\/wp-content\/uploads\/2025\/09\/InesMocho.jpg\" \/>\n<meta name=\"twitter:label1\" content=\"Tempo estimado de leitura\" \/>\n\t<meta name=\"twitter:data1\" content=\"1 minuto\" \/>\n<script type=\"application\/ld+json\" class=\"yoast-schema-graph\">{\"@context\":\"https:\\\/\\\/schema.org\",\"@graph\":[{\"@type\":\"WebPage\",\"@id\":\"https:\\\/\\\/interdesign.com.pt\\\/pt\\\/influenciadores\\\/ines-mocho\\\/\",\"url\":\"https:\\\/\\\/interdesign.com.pt\\\/pt\\\/influenciadores\\\/ines-mocho\\\/\",\"name\":\"In\u00eas Mocho - Interdesign\",\"isPartOf\":{\"@id\":\"https:\\\/\\\/interdesign.com.pt\\\/pt\\\/#website\"},\"primaryImageOfPage\":{\"@id\":\"https:\\\/\\\/interdesign.com.pt\\\/pt\\\/influenciadores\\\/ines-mocho\\\/#primaryimage\"},\"image\":{\"@id\":\"https:\\\/\\\/interdesign.com.pt\\\/pt\\\/influenciadores\\\/ines-mocho\\\/#primaryimage\"},\"thumbnailUrl\":\"https:\\\/\\\/interdesign.com.pt\\\/wp-content\\\/uploads\\\/2025\\\/09\\\/InesMocho.jpg\",\"datePublished\":\"2025-09-09T13:56:54+00:00\",\"dateModified\":\"2026-04-14T13:24:35+00:00\",\"description\":\"Interdesign made In\u00eas Mocho\u2019s vision a reality, with quality materials and made-to-measure craftsmanship.\",\"breadcrumb\":{\"@id\":\"https:\\\/\\\/interdesign.com.pt\\\/pt\\\/influenciadores\\\/ines-mocho\\\/#breadcrumb\"},\"inLanguage\":\"pt-PT\",\"potentialAction\":[{\"@type\":\"ReadAction\",\"target\":[\"https:\\\/\\\/interdesign.com.pt\\\/pt\\\/influenciadores\\\/ines-mocho\\\/\"]}]},{\"@type\":\"ImageObject\",\"inLanguage\":\"pt-PT\",\"@id\":\"https:\\\/\\\/interdesign.com.pt\\\/pt\\\/influenciadores\\\/ines-mocho\\\/#primaryimage\",\"url\":\"https:\\\/\\\/interdesign.com.pt\\\/wp-content\\\/uploads\\\/2025\\\/09\\\/InesMocho.jpg\",\"contentUrl\":\"https:\\\/\\\/interdesign.com.pt\\\/wp-content\\\/uploads\\\/2025\\\/09\\\/InesMocho.jpg\",\"width\":986,\"height\":1747,\"caption\":\"Colabora\u00e7\u00f5es | Influ\u00eanciadora In\u00eas Mocho\"},{\"@type\":\"BreadcrumbList\",\"@id\":\"https:\\\/\\\/interdesign.com.pt\\\/pt\\\/influenciadores\\\/ines-mocho\\\/#breadcrumb\",\"itemListElement\":[{\"@type\":\"ListItem\",\"position\":1,\"name\":\"Home\",\"item\":\"https:\\\/\\\/interdesign.com.pt\\\/\"},{\"@type\":\"ListItem\",\"position\":2,\"name\":\"In\u00eas Mocho\"}]},{\"@type\":\"WebSite\",\"@id\":\"https:\\\/\\\/interdesign.com.pt\\\/pt\\\/#website\",\"url\":\"https:\\\/\\\/interdesign.com.pt\\\/pt\\\/\",\"name\":\"Interdesign\",\"description\":\"Mobili\u00e1rio, Interiores &amp; Decora\u00e7\u00e3o\",\"publisher\":{\"@id\":\"https:\\\/\\\/interdesign.com.pt\\\/pt\\\/#organization\"},\"potentialAction\":[{\"@type\":\"SearchAction\",\"target\":{\"@type\":\"EntryPoint\",\"urlTemplate\":\"https:\\\/\\\/interdesign.com.pt\\\/pt\\\/?s={search_term_string}\"},\"query-input\":{\"@type\":\"PropertyValueSpecification\",\"valueRequired\":true,\"valueName\":\"search_term_string\"}}],\"inLanguage\":\"pt-PT\"},{\"@type\":\"Organization\",\"@id\":\"https:\\\/\\\/interdesign.com.pt\\\/pt\\\/#organization\",\"name\":\"Interdesign\",\"url\":\"https:\\\/\\\/interdesign.com.pt\\\/pt\\\/\",\"logo\":{\"@type\":\"ImageObject\",\"inLanguage\":\"pt-PT\",\"@id\":\"https:\\\/\\\/interdesign.com.pt\\\/pt\\\/#\\\/schema\\\/logo\\\/image\\\/\",\"url\":\"https:\\\/\\\/interdesign.com.pt\\\/wp-content\\\/uploads\\\/2025\\\/03\\\/interdesign-logo.svg\",\"contentUrl\":\"https:\\\/\\\/interdesign.com.pt\\\/wp-content\\\/uploads\\\/2025\\\/03\\\/interdesign-logo.svg\",\"caption\":\"Interdesign\"},\"image\":{\"@id\":\"https:\\\/\\\/interdesign.com.pt\\\/pt\\\/#\\\/schema\\\/logo\\\/image\\\/\"}}]}<\/script>\n<!-- \/ Yoast SEO plugin. -->","yoast_head_json":{"title":"In\u00eas Mocho - Interdesign","description":"A Interdesign concretizou a vis\u00e3o de In\u00eas Mocho, com materiais de qualidade e um trabalho artesanal feito \u00e0 medida.","robots":{"index":"index","follow":"follow","max-snippet":"max-snippet:-1","max-image-preview":"max-image-preview:large","max-video-preview":"max-video-preview:-1"},"canonical":"https:\/\/interdesign.com.pt\/pt\/influenciadores\/ines-mocho\/","og_locale":"pt_PT","og_type":"article","og_title":"In\u00eas Mocho - Interdesign","og_description":"Interdesign made In\u00eas Mocho\u2019s vision a reality, with quality materials and made-to-measure craftsmanship.","og_url":"https:\/\/interdesign.com.pt\/pt\/influenciadores\/ines-mocho\/","og_site_name":"Interdesign","article_modified_time":"2026-04-14T13:24:35+00:00","og_image":[{"width":986,"height":1747,"url":"https:\/\/interdesign.com.pt\/wp-content\/uploads\/2025\/09\/InesMocho.jpg","type":"image\/jpeg"}],"twitter_card":"summary_large_image","twitter_title":"In\u00eas Mocho - Interdesign","twitter_description":"Interdesign made In\u00eas Mocho\u2019s vision a reality, with quality materials and made-to-measure craftsmanship.","twitter_image":"https:\/\/interdesign.com.pt\/wp-content\/uploads\/2025\/09\/InesMocho.jpg","twitter_misc":{"Tempo estimado de leitura":"1 minuto"},"schema":{"@context":"https:\/\/schema.org","@graph":[{"@type":"WebPage","@id":"https:\/\/interdesign.com.pt\/pt\/influenciadores\/ines-mocho\/","url":"https:\/\/interdesign.com.pt\/pt\/influenciadores\/ines-mocho\/","name":"In\u00eas Mocho - Interdesign","isPartOf":{"@id":"https:\/\/interdesign.com.pt\/pt\/#website"},"primaryImageOfPage":{"@id":"https:\/\/interdesign.com.pt\/pt\/influenciadores\/ines-mocho\/#primaryimage"},"image":{"@id":"https:\/\/interdesign.com.pt\/pt\/influenciadores\/ines-mocho\/#primaryimage"},"thumbnailUrl":"https:\/\/interdesign.com.pt\/wp-content\/uploads\/2025\/09\/InesMocho.jpg","datePublished":"2025-09-09T13:56:54+00:00","dateModified":"2026-04-14T13:24:35+00:00","description":"A Interdesign concretizou a vis\u00e3o de In\u00eas Mocho, com materiais de qualidade e um trabalho artesanal feito \u00e0 medida.","breadcrumb":{"@id":"https:\/\/interdesign.com.pt\/pt\/influenciadores\/ines-mocho\/#breadcrumb"},"inLanguage":"pt-PT","potentialAction":[{"@type":"ReadAction","target":["https:\/\/interdesign.com.pt\/pt\/influenciadores\/ines-mocho\/"]}]},{"@type":"ImageObject","inLanguage":"pt-PT","@id":"https:\/\/interdesign.com.pt\/pt\/influenciadores\/ines-mocho\/#primaryimage","url":"https:\/\/interdesign.com.pt\/wp-content\/uploads\/2025\/09\/InesMocho.jpg","contentUrl":"https:\/\/interdesign.com.pt\/wp-content\/uploads\/2025\/09\/InesMocho.jpg","width":986,"height":1747,"caption":"Colabora\u00e7\u00f5es | Influ\u00eanciadora In\u00eas Mocho"},{"@type":"BreadcrumbList","@id":"https:\/\/interdesign.com.pt\/pt\/influenciadores\/ines-mocho\/#breadcrumb","itemListElement":[{"@type":"ListItem","position":1,"name":"Home","item":"https:\/\/interdesign.com.pt\/"},{"@type":"ListItem","position":2,"name":"In\u00eas Mocho"}]},{"@type":"WebSite","@id":"https:\/\/interdesign.com.pt\/pt\/#website","url":"https:\/\/interdesign.com.pt\/pt\/","name":"Interdesign","description":"Mobili\u00e1rio, Interiores &amp; Decora\u00e7\u00e3o","publisher":{"@id":"https:\/\/interdesign.com.pt\/pt\/#organization"},"potentialAction":[{"@type":"SearchAction","target":{"@type":"EntryPoint","urlTemplate":"https:\/\/interdesign.com.pt\/pt\/?s={search_term_string}"},"query-input":{"@type":"PropertyValueSpecification","valueRequired":true,"valueName":"search_term_string"}}],"inLanguage":"pt-PT"},{"@type":"Organization","@id":"https:\/\/interdesign.com.pt\/pt\/#organization","name":"Interdesign","url":"https:\/\/interdesign.com.pt\/pt\/","logo":{"@type":"ImageObject","inLanguage":"pt-PT","@id":"https:\/\/interdesign.com.pt\/pt\/#\/schema\/logo\/image\/","url":"https:\/\/interdesign.com.pt\/wp-content\/uploads\/2025\/03\/interdesign-logo.svg","contentUrl":"https:\/\/interdesign.com.pt\/wp-content\/uploads\/2025\/03\/interdesign-logo.svg","caption":"Interdesign"},"image":{"@id":"https:\/\/interdesign.com.pt\/pt\/#\/schema\/logo\/image\/"}}]}},"_links":{"self":[{"href":"https:\/\/interdesign.com.pt\/pt\/wp-json\/wp\/v2\/influencers\/9234","targetHints":{"allow":["GET"]}}],"collection":[{"href":"https:\/\/interdesign.com.pt\/pt\/wp-json\/wp\/v2\/influencers"}],"about":[{"href":"https:\/\/interdesign.com.pt\/pt\/wp-json\/wp\/v2\/types\/influencers"}],"author":[{"embeddable":true,"href":"https:\/\/interdesign.com.pt\/pt\/wp-json\/wp\/v2\/users\/1"}],"version-history":[{"count":36,"href":"https:\/\/interdesign.com.pt\/pt\/wp-json\/wp\/v2\/influencers\/9234\/revisions"}],"predecessor-version":[{"id":76694,"href":"https:\/\/interdesign.com.pt\/pt\/wp-json\/wp\/v2\/influencers\/9234\/revisions\/76694"}],"wp:featuredmedia":[{"embeddable":true,"href":"https:\/\/interdesign.com.pt\/pt\/wp-json\/wp\/v2\/media\/9760"}],"wp:attachment":[{"href":"https:\/\/interdesign.com.pt\/pt\/wp-json\/wp\/v2\/media?parent=9234"}],"wp:term":[{"taxonomy":"category","embeddable":true,"href":"https:\/\/interdesign.com.pt\/pt\/wp-json\/wp\/v2\/categories?post=9234"},{"taxonomy":"post_tag","embeddable":true,"href":"https:\/\/interdesign.com.pt\/pt\/wp-json\/wp\/v2\/tags?post=9234"}],"curies":[{"name":"wp","href":"https:\/\/api.w.org\/{rel}","templated":true}]}}