{"id":9238,"date":"2025-09-10T13:57:40","date_gmt":"2025-09-10T13:57:40","guid":{"rendered":"https:\/\/interdesign.ad-pulse.com\/?post_type=influencers&#038;p=9238"},"modified":"2026-04-14T13:24:41","modified_gmt":"2026-04-14T13:24:41","slug":"liliana-filipa","status":"publish","type":"influencers","link":"https:\/\/interdesign.com.pt\/pt\/influenciadores\/liliana-filipa\/","title":{"rendered":"Liliana Filipa"},"content":{"rendered":"<div data-elementor-type=\"wp-post\" data-elementor-id=\"9238\" class=\"elementor elementor-9238\" data-elementor-post-type=\"influencers\">\n\t\t\t\t<div class=\"elementor-element elementor-element-2941fac e-flex e-con-boxed e-con e-child\" data-id=\"2941fac\" data-element_type=\"container\" data-e-type=\"container\">\n\t\t\t\t\t<div class=\"e-con-inner\">\n\t\t<div class=\"elementor-element elementor-element-f1ec502 e-con-full e-flex e-con e-child\" data-id=\"f1ec502\" data-element_type=\"container\" data-e-type=\"container\">\n\t\t\t\t<div class=\"elementor-element elementor-element-9d6dddd elementor-widget elementor-widget-video\" data-id=\"9d6dddd\" data-element_type=\"widget\" data-e-type=\"widget\" data-settings=\"{&quot;video_type&quot;:&quot;vimeo&quot;,&quot;mute&quot;:&quot;yes&quot;,&quot;loop&quot;:&quot;yes&quot;}\" data-widget_type=\"video.default\">\n\t\t\t\t<div class=\"elementor-widget-container\">\n\t\t\t\t\t\t\t<div class=\"elementor-wrapper elementor-open-inline\">\n\t\t\t<iframe class=\"elementor-video-iframe\" allowfullscreen allow=\"clipboard-write\" title=\"Reprodutor de v\u00eddeo de vimeo\" src=\"https:\/\/player.vimeo.com\/video\/1166292096?color&amp;autopause=0&amp;loop=1&amp;muted=1&amp;title=0&amp;portrait=0&amp;byline=0#t=\"><\/iframe>\t\t<\/div>\n\t\t\t\t\t\t<\/div>\n\t\t\t\t<\/div>\n\t\t\t\t<\/div>\n\t\t<div class=\"elementor-element elementor-element-159a55e e-con-full e-flex e-con e-child\" data-id=\"159a55e\" data-element_type=\"container\" data-e-type=\"container\">\n\t\t\t\t<div class=\"elementor-element elementor-element-e501eaa elementor-widget elementor-widget-heading\" data-id=\"e501eaa\" data-element_type=\"widget\" data-e-type=\"widget\" data-widget_type=\"heading.default\">\n\t\t\t\t<div class=\"elementor-widget-container\">\n\t\t\t\t\t<h2 class=\"elementor-heading-title elementor-size-default\">Uma Visita, Mil Ideias<\/h2>\t\t\t\t<\/div>\n\t\t\t\t<\/div>\n\t\t\t\t<div class=\"elementor-element elementor-element-a8f3b35 elementor-widget elementor-widget-text-editor\" data-id=\"a8f3b35\" data-element_type=\"widget\" data-e-type=\"widget\" data-widget_type=\"text-editor.default\">\n\t\t\t\t<div class=\"elementor-widget-container\">\n\t\t\t\t\t\t\t\t\t<p>\"Visitei a nova loja Interdesign no centro de Lisboa e fiquei com vontade de remodelar a minha casa, aqui h\u00e1 solu\u00e7\u00e3o para tudo o que \u00e9 canto e tudo com um conceito super confort\u00e1vel!<\/p><p>Adoro!<span style=\"font-family: -apple-system, BlinkMacSystemFont, 'Segoe UI', Roboto, 'Helvetica Neue', Arial, 'Noto Sans', sans-serif, 'Apple Color Emoji', 'Segoe UI Emoji', 'Segoe UI Symbol', 'Noto Color Emoji';\">\u201c<\/span><\/p>\t\t\t\t\t\t\t\t<\/div>\n\t\t\t\t<\/div>\n\t\t\t\t<div class=\"elementor-element elementor-element-a92a5f1 elementor-widget elementor-widget-heading\" data-id=\"a92a5f1\" data-element_type=\"widget\" data-e-type=\"widget\" data-widget_type=\"heading.default\">\n\t\t\t\t<div class=\"elementor-widget-container\">\n\t\t\t\t\t<p class=\"elementor-heading-title elementor-size-default\">Liliana Filipa<\/p>\t\t\t\t<\/div>\n\t\t\t\t<\/div>\n\t\t\t\t<\/div>\n\t\t\t\t\t<\/div>\n\t\t\t\t<\/div>\n\t\t\t\t<\/div>","protected":false},"excerpt":{"rendered":"<p>Recebemos a Liliana Filipa na nossa nova loja Interdesign no centro de Lisboa, e ela saiu de l\u00e1 com vontade de repensar a sua casa.<\/p>","protected":false},"author":1,"featured_media":9759,"parent":0,"template":"","meta":{"_acf_changed":false,"footnotes":""},"categories":[33],"tags":[178],"class_list":["post-9238","influencers","type-influencers","status-publish","has-post-thumbnail","hentry","category-collabs","tag-influencers"],"acf":[],"yoast_head":"<!-- This site is optimized with the Yoast SEO plugin v27.3 - https:\/\/yoast.com\/product\/yoast-seo-wordpress\/ -->\n<title>Liliana Filipa - Interdesign<\/title>\n<meta name=\"description\" content=\"We welcomed Liliana Filipa to our new Interdesign store in downtown Lisbon and she walked out eager to rethink her home.\" \/>\n<meta name=\"robots\" content=\"index, follow, max-snippet:-1, max-image-preview:large, max-video-preview:-1\" \/>\n<link rel=\"canonical\" href=\"https:\/\/interdesign.com.pt\/pt\/influenciadores\/liliana-filipa\/\" \/>\n<meta property=\"og:locale\" content=\"pt_PT\" \/>\n<meta property=\"og:type\" content=\"article\" \/>\n<meta property=\"og:title\" content=\"Liliana Filipa - Interdesign\" \/>\n<meta property=\"og:description\" content=\"We welcomed Liliana Filipa to our new Interdesign store in downtown Lisbon and she walked out eager to rethink her home.\" \/>\n<meta property=\"og:url\" content=\"https:\/\/interdesign.com.pt\/pt\/influenciadores\/liliana-filipa\/\" \/>\n<meta property=\"og:site_name\" content=\"Interdesign\" \/>\n<meta property=\"article:modified_time\" content=\"2026-04-14T13:24:41+00:00\" \/>\n<meta property=\"og:image\" content=\"https:\/\/interdesign.com.pt\/wp-content\/uploads\/2025\/09\/liliana_filipa.jpg\" \/>\n\t<meta property=\"og:image:width\" content=\"720\" \/>\n\t<meta property=\"og:image:height\" content=\"1280\" \/>\n\t<meta property=\"og:image:type\" content=\"image\/jpeg\" \/>\n<meta name=\"twitter:card\" content=\"summary_large_image\" \/>\n<meta name=\"twitter:title\" content=\"Liliana Filipa - Interdesign\" \/>\n<meta name=\"twitter:description\" content=\"We welcomed Liliana Filipa to our new Interdesign store in downtown Lisbon and she walked out eager to rethink her home.\" \/>\n<meta name=\"twitter:image\" content=\"https:\/\/interdesign.com.pt\/wp-content\/uploads\/2025\/09\/liliana_filipa.jpg\" \/>\n<meta name=\"twitter:label1\" content=\"Tempo estimado de leitura\" \/>\n\t<meta name=\"twitter:data1\" content=\"1 minuto\" \/>\n<script type=\"application\/ld+json\" class=\"yoast-schema-graph\">{\"@context\":\"https:\\\/\\\/schema.org\",\"@graph\":[{\"@type\":\"WebPage\",\"@id\":\"https:\\\/\\\/interdesign.com.pt\\\/pt\\\/influenciadores\\\/liliana-filipa\\\/\",\"url\":\"https:\\\/\\\/interdesign.com.pt\\\/pt\\\/influenciadores\\\/liliana-filipa\\\/\",\"name\":\"Liliana Filipa - Interdesign\",\"isPartOf\":{\"@id\":\"https:\\\/\\\/interdesign.com.pt\\\/pt\\\/#website\"},\"primaryImageOfPage\":{\"@id\":\"https:\\\/\\\/interdesign.com.pt\\\/pt\\\/influenciadores\\\/liliana-filipa\\\/#primaryimage\"},\"image\":{\"@id\":\"https:\\\/\\\/interdesign.com.pt\\\/pt\\\/influenciadores\\\/liliana-filipa\\\/#primaryimage\"},\"thumbnailUrl\":\"https:\\\/\\\/interdesign.com.pt\\\/wp-content\\\/uploads\\\/2025\\\/09\\\/liliana_filipa.jpg\",\"datePublished\":\"2025-09-10T13:57:40+00:00\",\"dateModified\":\"2026-04-14T13:24:41+00:00\",\"description\":\"We welcomed Liliana Filipa to our new Interdesign store in downtown Lisbon and she walked out eager to rethink her home.\",\"breadcrumb\":{\"@id\":\"https:\\\/\\\/interdesign.com.pt\\\/pt\\\/influenciadores\\\/liliana-filipa\\\/#breadcrumb\"},\"inLanguage\":\"pt-PT\",\"potentialAction\":[{\"@type\":\"ReadAction\",\"target\":[\"https:\\\/\\\/interdesign.com.pt\\\/pt\\\/influenciadores\\\/liliana-filipa\\\/\"]}]},{\"@type\":\"ImageObject\",\"inLanguage\":\"pt-PT\",\"@id\":\"https:\\\/\\\/interdesign.com.pt\\\/pt\\\/influenciadores\\\/liliana-filipa\\\/#primaryimage\",\"url\":\"https:\\\/\\\/interdesign.com.pt\\\/wp-content\\\/uploads\\\/2025\\\/09\\\/liliana_filipa.jpg\",\"contentUrl\":\"https:\\\/\\\/interdesign.com.pt\\\/wp-content\\\/uploads\\\/2025\\\/09\\\/liliana_filipa.jpg\",\"width\":720,\"height\":1280,\"caption\":\"Colabora\u00e7\u00f5es | Influenciadora Liliana Filipa\"},{\"@type\":\"BreadcrumbList\",\"@id\":\"https:\\\/\\\/interdesign.com.pt\\\/pt\\\/influenciadores\\\/liliana-filipa\\\/#breadcrumb\",\"itemListElement\":[{\"@type\":\"ListItem\",\"position\":1,\"name\":\"Home\",\"item\":\"https:\\\/\\\/interdesign.com.pt\\\/\"},{\"@type\":\"ListItem\",\"position\":2,\"name\":\"Liliana Filipa\"}]},{\"@type\":\"WebSite\",\"@id\":\"https:\\\/\\\/interdesign.com.pt\\\/pt\\\/#website\",\"url\":\"https:\\\/\\\/interdesign.com.pt\\\/pt\\\/\",\"name\":\"Interdesign\",\"description\":\"Mobili\u00e1rio, Interiores &amp; Decora\u00e7\u00e3o\",\"publisher\":{\"@id\":\"https:\\\/\\\/interdesign.com.pt\\\/pt\\\/#organization\"},\"potentialAction\":[{\"@type\":\"SearchAction\",\"target\":{\"@type\":\"EntryPoint\",\"urlTemplate\":\"https:\\\/\\\/interdesign.com.pt\\\/pt\\\/?s={search_term_string}\"},\"query-input\":{\"@type\":\"PropertyValueSpecification\",\"valueRequired\":true,\"valueName\":\"search_term_string\"}}],\"inLanguage\":\"pt-PT\"},{\"@type\":\"Organization\",\"@id\":\"https:\\\/\\\/interdesign.com.pt\\\/pt\\\/#organization\",\"name\":\"Interdesign\",\"url\":\"https:\\\/\\\/interdesign.com.pt\\\/pt\\\/\",\"logo\":{\"@type\":\"ImageObject\",\"inLanguage\":\"pt-PT\",\"@id\":\"https:\\\/\\\/interdesign.com.pt\\\/pt\\\/#\\\/schema\\\/logo\\\/image\\\/\",\"url\":\"https:\\\/\\\/interdesign.com.pt\\\/wp-content\\\/uploads\\\/2025\\\/03\\\/interdesign-logo.svg\",\"contentUrl\":\"https:\\\/\\\/interdesign.com.pt\\\/wp-content\\\/uploads\\\/2025\\\/03\\\/interdesign-logo.svg\",\"caption\":\"Interdesign\"},\"image\":{\"@id\":\"https:\\\/\\\/interdesign.com.pt\\\/pt\\\/#\\\/schema\\\/logo\\\/image\\\/\"}}]}<\/script>\n<!-- \/ Yoast SEO plugin. -->","yoast_head_json":{"title":"Liliana Filipa - Interdesign","description":"Recebemos a Liliana Filipa na nossa nova loja Interdesign no centro de Lisboa, e ela saiu de l\u00e1 com vontade de repensar a sua casa.","robots":{"index":"index","follow":"follow","max-snippet":"max-snippet:-1","max-image-preview":"max-image-preview:large","max-video-preview":"max-video-preview:-1"},"canonical":"https:\/\/interdesign.com.pt\/pt\/influenciadores\/liliana-filipa\/","og_locale":"pt_PT","og_type":"article","og_title":"Liliana Filipa - Interdesign","og_description":"We welcomed Liliana Filipa to our new Interdesign store in downtown Lisbon and she walked out eager to rethink her home.","og_url":"https:\/\/interdesign.com.pt\/pt\/influenciadores\/liliana-filipa\/","og_site_name":"Interdesign","article_modified_time":"2026-04-14T13:24:41+00:00","og_image":[{"width":720,"height":1280,"url":"https:\/\/interdesign.com.pt\/wp-content\/uploads\/2025\/09\/liliana_filipa.jpg","type":"image\/jpeg"}],"twitter_card":"summary_large_image","twitter_title":"Liliana Filipa - Interdesign","twitter_description":"We welcomed Liliana Filipa to our new Interdesign store in downtown Lisbon and she walked out eager to rethink her home.","twitter_image":"https:\/\/interdesign.com.pt\/wp-content\/uploads\/2025\/09\/liliana_filipa.jpg","twitter_misc":{"Tempo estimado de leitura":"1 minuto"},"schema":{"@context":"https:\/\/schema.org","@graph":[{"@type":"WebPage","@id":"https:\/\/interdesign.com.pt\/pt\/influenciadores\/liliana-filipa\/","url":"https:\/\/interdesign.com.pt\/pt\/influenciadores\/liliana-filipa\/","name":"Liliana Filipa - Interdesign","isPartOf":{"@id":"https:\/\/interdesign.com.pt\/pt\/#website"},"primaryImageOfPage":{"@id":"https:\/\/interdesign.com.pt\/pt\/influenciadores\/liliana-filipa\/#primaryimage"},"image":{"@id":"https:\/\/interdesign.com.pt\/pt\/influenciadores\/liliana-filipa\/#primaryimage"},"thumbnailUrl":"https:\/\/interdesign.com.pt\/wp-content\/uploads\/2025\/09\/liliana_filipa.jpg","datePublished":"2025-09-10T13:57:40+00:00","dateModified":"2026-04-14T13:24:41+00:00","description":"Recebemos a Liliana Filipa na nossa nova loja Interdesign no centro de Lisboa, e ela saiu de l\u00e1 com vontade de repensar a sua casa.","breadcrumb":{"@id":"https:\/\/interdesign.com.pt\/pt\/influenciadores\/liliana-filipa\/#breadcrumb"},"inLanguage":"pt-PT","potentialAction":[{"@type":"ReadAction","target":["https:\/\/interdesign.com.pt\/pt\/influenciadores\/liliana-filipa\/"]}]},{"@type":"ImageObject","inLanguage":"pt-PT","@id":"https:\/\/interdesign.com.pt\/pt\/influenciadores\/liliana-filipa\/#primaryimage","url":"https:\/\/interdesign.com.pt\/wp-content\/uploads\/2025\/09\/liliana_filipa.jpg","contentUrl":"https:\/\/interdesign.com.pt\/wp-content\/uploads\/2025\/09\/liliana_filipa.jpg","width":720,"height":1280,"caption":"Colabora\u00e7\u00f5es | Influenciadora Liliana Filipa"},{"@type":"BreadcrumbList","@id":"https:\/\/interdesign.com.pt\/pt\/influenciadores\/liliana-filipa\/#breadcrumb","itemListElement":[{"@type":"ListItem","position":1,"name":"Home","item":"https:\/\/interdesign.com.pt\/"},{"@type":"ListItem","position":2,"name":"Liliana Filipa"}]},{"@type":"WebSite","@id":"https:\/\/interdesign.com.pt\/pt\/#website","url":"https:\/\/interdesign.com.pt\/pt\/","name":"Interdesign","description":"Mobili\u00e1rio, Interiores &amp; Decora\u00e7\u00e3o","publisher":{"@id":"https:\/\/interdesign.com.pt\/pt\/#organization"},"potentialAction":[{"@type":"SearchAction","target":{"@type":"EntryPoint","urlTemplate":"https:\/\/interdesign.com.pt\/pt\/?s={search_term_string}"},"query-input":{"@type":"PropertyValueSpecification","valueRequired":true,"valueName":"search_term_string"}}],"inLanguage":"pt-PT"},{"@type":"Organization","@id":"https:\/\/interdesign.com.pt\/pt\/#organization","name":"Interdesign","url":"https:\/\/interdesign.com.pt\/pt\/","logo":{"@type":"ImageObject","inLanguage":"pt-PT","@id":"https:\/\/interdesign.com.pt\/pt\/#\/schema\/logo\/image\/","url":"https:\/\/interdesign.com.pt\/wp-content\/uploads\/2025\/03\/interdesign-logo.svg","contentUrl":"https:\/\/interdesign.com.pt\/wp-content\/uploads\/2025\/03\/interdesign-logo.svg","caption":"Interdesign"},"image":{"@id":"https:\/\/interdesign.com.pt\/pt\/#\/schema\/logo\/image\/"}}]}},"_links":{"self":[{"href":"https:\/\/interdesign.com.pt\/pt\/wp-json\/wp\/v2\/influencers\/9238","targetHints":{"allow":["GET"]}}],"collection":[{"href":"https:\/\/interdesign.com.pt\/pt\/wp-json\/wp\/v2\/influencers"}],"about":[{"href":"https:\/\/interdesign.com.pt\/pt\/wp-json\/wp\/v2\/types\/influencers"}],"author":[{"embeddable":true,"href":"https:\/\/interdesign.com.pt\/pt\/wp-json\/wp\/v2\/users\/1"}],"version-history":[{"count":28,"href":"https:\/\/interdesign.com.pt\/pt\/wp-json\/wp\/v2\/influencers\/9238\/revisions"}],"predecessor-version":[{"id":75507,"href":"https:\/\/interdesign.com.pt\/pt\/wp-json\/wp\/v2\/influencers\/9238\/revisions\/75507"}],"wp:featuredmedia":[{"embeddable":true,"href":"https:\/\/interdesign.com.pt\/pt\/wp-json\/wp\/v2\/media\/9759"}],"wp:attachment":[{"href":"https:\/\/interdesign.com.pt\/pt\/wp-json\/wp\/v2\/media?parent=9238"}],"wp:term":[{"taxonomy":"category","embeddable":true,"href":"https:\/\/interdesign.com.pt\/pt\/wp-json\/wp\/v2\/categories?post=9238"},{"taxonomy":"post_tag","embeddable":true,"href":"https:\/\/interdesign.com.pt\/pt\/wp-json\/wp\/v2\/tags?post=9238"}],"curies":[{"name":"wp","href":"https:\/\/api.w.org\/{rel}","templated":true}]}}