{"id":117,"date":"2025-04-07T10:59:18","date_gmt":"2025-04-07T10:59:18","guid":{"rendered":"https:\/\/interdesign.ad-pulse.com\/?page_id=117"},"modified":"2026-04-23T08:26:57","modified_gmt":"2026-04-23T08:26:57","slug":"termos-e-condicoes","status":"publish","type":"page","link":"https:\/\/interdesign.com.pt\/pt\/termos-e-condicoes\/","title":{"rendered":"Termos &amp; Condi\u00e7\u00f5es"},"content":{"rendered":"<div data-elementor-type=\"wp-page\" data-elementor-id=\"117\" class=\"elementor elementor-117\" data-elementor-post-type=\"page\">\n\t\t\t\t<div class=\"elementor-element elementor-element-cb8370b e-con-full e-flex e-con e-parent\" data-id=\"cb8370b\" data-element_type=\"container\" data-e-type=\"container\">\n\t\t\t\t<div class=\"elementor-element elementor-element-7f069b4 elementor-widget elementor-widget-heading\" data-id=\"7f069b4\" data-element_type=\"widget\" data-e-type=\"widget\" data-widget_type=\"heading.default\">\n\t\t\t\t<div class=\"elementor-widget-container\">\n\t\t\t\t\t<h1 class=\"elementor-heading-title elementor-size-default\">Termos &amp; Condi\u00e7\u00f5es<\/h1>\t\t\t\t<\/div>\n\t\t\t\t<\/div>\n\t\t\t\t<div class=\"elementor-element elementor-element-3a51db1 elementor-widget elementor-widget-n-accordion\" data-id=\"3a51db1\" data-element_type=\"widget\" data-e-type=\"widget\" data-settings=\"{&quot;default_state&quot;:&quot;all_collapsed&quot;,&quot;max_items_expended&quot;:&quot;one&quot;,&quot;n_accordion_animation_duration&quot;:{&quot;unit&quot;:&quot;ms&quot;,&quot;size&quot;:400,&quot;sizes&quot;:[]}}\" data-widget_type=\"nested-accordion.default\">\n\t\t\t\t<div class=\"elementor-widget-container\">\n\t\t\t\t\t\t\t<div class=\"e-n-accordion\" aria-label=\"Acorde\u00e3o. Abrir liga\u00e7\u00f5es com Enter ou Espa\u00e7o, fechar com Escape e navegar com Setas\">\n\t\t\t\t\t\t<details id=\"e-n-accordion-item-6110\" class=\"e-n-accordion-item\" >\n\t\t\t\t<summary class=\"e-n-accordion-item-title\" data-accordion-index=\"1\" tabindex=\"0\" aria-expanded=\"false\" aria-controls=\"e-n-accordion-item-6110\" >\n\t\t\t\t\t<span class='e-n-accordion-item-title-header'><div class=\"e-n-accordion-item-title-text\"> Pol\u00edtica de Cancelamento de Compra <\/div><\/span>\n\t\t\t\t\t\t\t<span class='e-n-accordion-item-title-icon'>\n\t\t\t<span class='e-opened' ><svg xmlns=\"http:\/\/www.w3.org\/2000\/svg\" width=\"15.97\" height=\"8.926\" viewbox=\"0 0 15.97 8.926\"><path id=\"Caminho_77\" data-name=\"Caminho 77\" d=\"M3749.705,2581.17l6.74-7.056-7.115-6.793\" transform=\"translate(-2566.26 3757.195) rotate(-90)\" fill=\"none\" stroke=\"#8b8989\" stroke-linecap=\"round\" stroke-linejoin=\"round\" stroke-width=\"1.5\"><\/path><\/svg><\/span>\n\t\t\t<span class='e-closed'><svg xmlns=\"http:\/\/www.w3.org\/2000\/svg\" width=\"15.97\" height=\"8.925\" viewbox=\"0 0 15.97 8.925\"><path id=\"Caminho_64\" data-name=\"Caminho 64\" d=\"M3749.705,2581.17l6.74-7.056-7.115-6.793\" transform=\"translate(2582.23 -3748.27) rotate(90)\" fill=\"none\" stroke=\"#8b8989\" stroke-linecap=\"round\" stroke-linejoin=\"round\" stroke-width=\"1.5\"><\/path><\/svg><\/span>\n\t\t<\/span>\n\n\t\t\t\t\t\t<\/summary>\n\t\t\t\t<div role=\"region\" aria-labelledby=\"e-n-accordion-item-6110\" class=\"elementor-element elementor-element-3e1710f e-con-full e-flex e-con e-child\" data-id=\"3e1710f\" data-element_type=\"container\" data-e-type=\"container\">\n\t\t\t\t<div class=\"elementor-element elementor-element-4e78c29 elementor-widget elementor-widget-text-editor\" data-id=\"4e78c29\" data-element_type=\"widget\" data-e-type=\"widget\" data-widget_type=\"text-editor.default\">\n\t\t\t\t<div class=\"elementor-widget-container\">\n\t\t\t\t\t\t\t\t\t<p>O Cliente poder\u00e1 cancelar a compra no prazo de 24 horas ap\u00f3s a realiza\u00e7\u00e3o do pagamento. A compra s\u00f3 se considera efetiva ap\u00f3s a conclus\u00e3o do respetivo pagamento. Caso a compra seja cancelada dentro do per\u00edodo indicado acima, a Interdesign reembolsar\u00e1 o montante pago atrav\u00e9s do mesmo m\u00e9todo de pagamento originalmente utilizado pelo Cliente.<\/p>\t\t\t\t\t\t\t\t<\/div>\n\t\t\t\t<\/div>\n\t\t\t\t<\/div>\n\t\t\t\t\t<\/details>\n\t\t\t\t\t\t<details id=\"e-n-accordion-item-6111\" class=\"e-n-accordion-item\" >\n\t\t\t\t<summary class=\"e-n-accordion-item-title\" data-accordion-index=\"2\" tabindex=\"-1\" aria-expanded=\"false\" aria-controls=\"e-n-accordion-item-6111\" >\n\t\t\t\t\t<span class='e-n-accordion-item-title-header'><div class=\"e-n-accordion-item-title-text\"> Pol\u00edtica de Devolu\u00e7\u00f5es <\/div><\/span>\n\t\t\t\t\t\t\t<span class='e-n-accordion-item-title-icon'>\n\t\t\t<span class='e-opened' ><svg xmlns=\"http:\/\/www.w3.org\/2000\/svg\" width=\"15.97\" height=\"8.926\" viewbox=\"0 0 15.97 8.926\"><path id=\"Caminho_77\" data-name=\"Caminho 77\" d=\"M3749.705,2581.17l6.74-7.056-7.115-6.793\" transform=\"translate(-2566.26 3757.195) rotate(-90)\" fill=\"none\" stroke=\"#8b8989\" stroke-linecap=\"round\" stroke-linejoin=\"round\" stroke-width=\"1.5\"><\/path><\/svg><\/span>\n\t\t\t<span class='e-closed'><svg xmlns=\"http:\/\/www.w3.org\/2000\/svg\" width=\"15.97\" height=\"8.925\" viewbox=\"0 0 15.97 8.925\"><path id=\"Caminho_64\" data-name=\"Caminho 64\" d=\"M3749.705,2581.17l6.74-7.056-7.115-6.793\" transform=\"translate(2582.23 -3748.27) rotate(90)\" fill=\"none\" stroke=\"#8b8989\" stroke-linecap=\"round\" stroke-linejoin=\"round\" stroke-width=\"1.5\"><\/path><\/svg><\/span>\n\t\t<\/span>\n\n\t\t\t\t\t\t<\/summary>\n\t\t\t\t<div role=\"region\" aria-labelledby=\"e-n-accordion-item-6111\" class=\"elementor-element elementor-element-00d21ae e-con-full e-flex e-con e-child\" data-id=\"00d21ae\" data-element_type=\"container\" data-e-type=\"container\">\n\t\t\t\t<div class=\"elementor-element elementor-element-832b8f9 elementor-widget elementor-widget-text-editor\" data-id=\"832b8f9\" data-element_type=\"widget\" data-e-type=\"widget\" data-widget_type=\"text-editor.default\">\n\t\t\t\t<div class=\"elementor-widget-container\">\n\t\t\t\t\t\t\t\t\t<p class=\"\" data-start=\"554\" data-end=\"618\">O Cliente poder\u00e1 devolver produtos nas seguintes condi\u00e7\u00f5es:<\/p>\t\t\t\t\t\t\t\t<\/div>\n\t\t\t\t<\/div>\n\t\t\t\t<div class=\"elementor-element elementor-element-beec35e elementor-widget elementor-widget-text-editor\" data-id=\"beec35e\" data-element_type=\"widget\" data-e-type=\"widget\" data-widget_type=\"text-editor.default\">\n\t\t\t\t<div class=\"elementor-widget-container\">\n\t\t\t\t\t\t\t\t\t<p data-start=\"620\" data-end=\"1048\"><strong>Condi\u00e7\u00f5es de Devolu\u00e7\u00e3o<\/strong><\/p><p class=\"\" data-start=\"620\" data-end=\"1048\">O Cliente pode devolver o artigo desde que este se encontre nas mesmas condi\u00e7\u00f5es em que foi vendido, na embalagem original, incluindo todos os componentes, acess\u00f3rios e uma c\u00f3pia da fatura.<\/p><p class=\"\" data-start=\"620\" data-end=\"1048\">Caso o Cliente pretenda devolver um produto, dever\u00e1 contactar a Interdesign atrav\u00e9s dos seguintes canais:<\/p><ul><li data-start=\"620\" data-end=\"1048\"><strong>Telefone<\/strong>: <a href=\"tel:+351964826251\"><span style=\"text-decoration: underline;\"><strong>+351 964 826 251<\/strong> <\/span><\/a>(chamada para a rede m\u00f3vel nacional)<\/li><li data-start=\"620\" data-end=\"1048\"><strong>Email<\/strong>: <span style=\"text-decoration: underline;\"><strong><a href=\"mailto:apoioclienteonline@interdesign.com.pt\" rel=\"noopener\" data-start=\"1011\" data-end=\"1048\">apoioclienteonline@interdesign.com.pt<\/a><\/strong><\/span><\/li><\/ul>\t\t\t\t\t\t\t\t<\/div>\n\t\t\t\t<\/div>\n\t\t\t\t<div class=\"elementor-element elementor-element-169fd7f elementor-widget elementor-widget-text-editor\" data-id=\"169fd7f\" data-element_type=\"widget\" data-e-type=\"widget\" data-widget_type=\"text-editor.default\">\n\t\t\t\t<div class=\"elementor-widget-container\">\n\t\t\t\t\t\t\t\t\t<p class=\"\" data-start=\"1050\" data-end=\"1272\"><strong>Prazo de Devolu\u00e7\u00e3o<\/strong><\/p><p class=\"\" data-start=\"1050\" data-end=\"1272\">O Cliente disp\u00f5e de um prazo m\u00e1ximo de 14 dias para devolver a compra, a contar da data em que recebeu o produto, nos termos do artigo 10.\u00ba, n.\u00ba 1, do Decreto-Lei n.\u00ba 24\/2014, de 14 de fevereiro.<\/p>\t\t\t\t\t\t\t\t<\/div>\n\t\t\t\t<\/div>\n\t\t\t\t<div class=\"elementor-element elementor-element-fd3e22a elementor-widget elementor-widget-text-editor\" data-id=\"fd3e22a\" data-element_type=\"widget\" data-e-type=\"widget\" data-widget_type=\"text-editor.default\">\n\t\t\t\t<div class=\"elementor-widget-container\">\n\t\t\t\t\t\t\t\t\t<p data-start=\"1274\" data-end=\"1634\"><strong>Custos de Devolu\u00e7\u00e3o<\/strong><\/p><p class=\"\" data-start=\"1274\" data-end=\"1634\">A Interdesign apenas suportar\u00e1 os custos de envio da devolu\u00e7\u00e3o caso esta se deva a um erro interno, defeito de fabrico ou danos ocorridos durante o transporte.<\/p><p class=\"\" data-start=\"1274\" data-end=\"1634\">Se a devolu\u00e7\u00e3o se dever a erro do Cliente ou desist\u00eancia, os respetivos custos de envio ficar\u00e3o a cargo do mesmo. O Cliente dever\u00e1 proceder \u00e0 devolu\u00e7\u00e3o atrav\u00e9s de um transportador da sua escolha.<\/p>\t\t\t\t\t\t\t\t<\/div>\n\t\t\t\t<\/div>\n\t\t\t\t<div class=\"elementor-element elementor-element-d069493 elementor-widget elementor-widget-text-editor\" data-id=\"d069493\" data-element_type=\"widget\" data-e-type=\"widget\" data-widget_type=\"text-editor.default\">\n\t\t\t\t<div class=\"elementor-widget-container\">\n\t\t\t\t\t\t\t\t\t<p data-start=\"1636\" data-end=\"1943\"><strong>Reembolsos<\/strong><\/p><p class=\"\" data-start=\"1636\" data-end=\"1943\">O valor da compra devolvida ser\u00e1 reembolsado utilizando o mesmo m\u00e9todo de pagamento da transa\u00e7\u00e3o original, no prazo m\u00e1ximo de quinze (15) dias ap\u00f3s a rece\u00e7\u00e3o do artigo devolvido. A Interdesign n\u00e3o se responsabiliza por quaisquer encargos banc\u00e1rios ou taxas de transa\u00e7\u00e3o relacionados com o reembolso.<\/p>\t\t\t\t\t\t\t\t<\/div>\n\t\t\t\t<\/div>\n\t\t\t\t<\/div>\n\t\t\t\t\t<\/details>\n\t\t\t\t\t\t<details id=\"e-n-accordion-item-6112\" class=\"e-n-accordion-item\" >\n\t\t\t\t<summary class=\"e-n-accordion-item-title\" data-accordion-index=\"3\" tabindex=\"-1\" aria-expanded=\"false\" aria-controls=\"e-n-accordion-item-6112\" >\n\t\t\t\t\t<span class='e-n-accordion-item-title-header'><div class=\"e-n-accordion-item-title-text\"> Pol\u00edtica de Entregas <\/div><\/span>\n\t\t\t\t\t\t\t<span class='e-n-accordion-item-title-icon'>\n\t\t\t<span class='e-opened' ><svg xmlns=\"http:\/\/www.w3.org\/2000\/svg\" width=\"15.97\" height=\"8.926\" viewbox=\"0 0 15.97 8.926\"><path id=\"Caminho_77\" data-name=\"Caminho 77\" d=\"M3749.705,2581.17l6.74-7.056-7.115-6.793\" transform=\"translate(-2566.26 3757.195) rotate(-90)\" fill=\"none\" stroke=\"#8b8989\" stroke-linecap=\"round\" stroke-linejoin=\"round\" stroke-width=\"1.5\"><\/path><\/svg><\/span>\n\t\t\t<span class='e-closed'><svg xmlns=\"http:\/\/www.w3.org\/2000\/svg\" width=\"15.97\" height=\"8.925\" viewbox=\"0 0 15.97 8.925\"><path id=\"Caminho_64\" data-name=\"Caminho 64\" d=\"M3749.705,2581.17l6.74-7.056-7.115-6.793\" transform=\"translate(2582.23 -3748.27) rotate(90)\" fill=\"none\" stroke=\"#8b8989\" stroke-linecap=\"round\" stroke-linejoin=\"round\" stroke-width=\"1.5\"><\/path><\/svg><\/span>\n\t\t<\/span>\n\n\t\t\t\t\t\t<\/summary>\n\t\t\t\t<div role=\"region\" aria-labelledby=\"e-n-accordion-item-6112\" class=\"elementor-element elementor-element-ec020cd e-con-full e-flex e-con e-child\" data-id=\"ec020cd\" data-element_type=\"container\" data-e-type=\"container\">\n\t\t\t\t<div class=\"elementor-element elementor-element-d3c5e77 elementor-widget elementor-widget-text-editor\" data-id=\"d3c5e77\" data-element_type=\"widget\" data-e-type=\"widget\" data-widget_type=\"text-editor.default\">\n\t\t\t\t<div class=\"elementor-widget-container\">\n\t\t\t\t\t\t\t\t\t<p class=\"\" data-start=\"1971\" data-end=\"2239\"><strong>Prazo de Entrega<\/strong><\/p><p class=\"\" data-start=\"1971\" data-end=\"2239\">Os artigos comprados ser\u00e3o entregues no prazo previsional entre 15 e 60 dias, contudo devido a pandemia atual que estamos a viver , algumas encomendas podem sofrer algum atraso adicional.<\/p><p class=\"\" data-start=\"1971\" data-end=\"2239\">O prazo de entrega inicia ap\u00f3s o pagamento efetivo da compra.<\/p>\t\t\t\t\t\t\t\t<\/div>\n\t\t\t\t<\/div>\n\t\t\t\t<div class=\"elementor-element elementor-element-625a01e elementor-widget elementor-widget-text-editor\" data-id=\"625a01e\" data-element_type=\"widget\" data-e-type=\"widget\" data-widget_type=\"text-editor.default\">\n\t\t\t\t<div class=\"elementor-widget-container\">\n\t\t\t\t\t\t\t\t\t<p class=\"\" data-start=\"2241\" data-end=\"2273\"><strong>Custos de Entrega e Montagem<\/strong><\/p><ul><li data-start=\"2275\" data-end=\"2375\"><span style=\"text-decoration: underline;\">Portugal Continental:<\/span> O custo de transporte e montagem \u00e9 assumido pela Interdesign para compras superiores a 1500\u20ac.<\/li><li data-start=\"2377\" data-end=\"2685\"><span style=\"text-decoration: underline;\">Regi\u00f5es Aut\u00f3nomas e Estrangeiro:<\/span> O custo do transporte e montagem ser\u00e1 acrescido ao valor da compra, mediante or\u00e7amento a apresentar ao cliente.<\/li><\/ul>\t\t\t\t\t\t\t\t<\/div>\n\t\t\t\t<\/div>\n\t\t\t\t<div class=\"elementor-element elementor-element-21973b5 elementor-widget elementor-widget-text-editor\" data-id=\"21973b5\" data-element_type=\"widget\" data-e-type=\"widget\" data-widget_type=\"text-editor.default\">\n\t\t\t\t<div class=\"elementor-widget-container\">\n\t\t\t\t\t\t\t\t\t<p>Para solicitar or\u00e7amento, contacte:<\/p><ul><li><strong>Telefone<\/strong>: <strong><a href=\"tel:+351964826251\">+351 964 826 251<\/a><\/strong> (chamada para a rede m\u00f3vel nacional)<\/li><li><strong>Email<\/strong>: <strong><a href=\"mailto:apoioclienteonline@interdesign.com.pt\" rel=\"noopener\" data-start=\"2648\" data-end=\"2685\">apoioclienteonline@interdesign.com.pt<\/a><\/strong><\/li><\/ul>\t\t\t\t\t\t\t\t<\/div>\n\t\t\t\t<\/div>\n\t\t\t\t<div class=\"elementor-element elementor-element-cc9976b elementor-widget elementor-widget-text-editor\" data-id=\"cc9976b\" data-element_type=\"widget\" data-e-type=\"widget\" data-widget_type=\"text-editor.default\">\n\t\t\t\t<div class=\"elementor-widget-container\">\n\t\t\t\t\t\t\t\t\t<p class=\"\" data-start=\"2687\" data-end=\"2923\"><strong>Condi\u00e7\u00f5es de Entrega e Montagem<\/strong><\/p><p class=\"\" data-start=\"2687\" data-end=\"2923\">O Cliente \u00e9 o \u00fanico respons\u00e1vel por assegurar o acesso adequado ao local de entrega e pelo estado das paredes ou tetos onde os artigos ser\u00e3o entregues, montados ou instalados.<\/p><p class=\"\" data-start=\"2925\" data-end=\"2981\">As entregas ser\u00e3o efetuadas nos seguintes intervalos hor\u00e1rios:<\/p><ul><li data-start=\"2983\" data-end=\"3112\">Das 10:00 \u00e0s 14:00<\/li><li data-start=\"2983\" data-end=\"3112\">Das 15:00 \u00e0s 20:00<\/li><\/ul><p class=\"\" data-start=\"2983\" data-end=\"3112\"><br \/>Em casos espec\u00edficos podem ser agendadas fora do hor\u00e1rio indicado.<\/p>\t\t\t\t\t\t\t\t<\/div>\n\t\t\t\t<\/div>\n\t\t\t\t<div class=\"elementor-element elementor-element-ca4c19b elementor-widget elementor-widget-text-editor\" data-id=\"ca4c19b\" data-element_type=\"widget\" data-e-type=\"widget\" data-widget_type=\"text-editor.default\">\n\t\t\t\t<div class=\"elementor-widget-container\">\n\t\t\t\t\t\t\t\t\t<p class=\"\" data-start=\"2687\" data-end=\"2923\"><strong>Impossibilidade de Entrega<\/strong><\/p><p class=\"\" data-start=\"2687\" data-end=\"2923\">Caso exista alguma circunst\u00e2ncia alheia \u00e0 Interdesign que impossibilite a entrega no prazo indicado nesta Politica de Entregas, o Cliente ser\u00e1 informado via e-mail, afim de ser reagendada uma nova data.<\/p><p class=\"\" data-start=\"2687\" data-end=\"2923\">Caso a entrega seja de todo imposs\u00edvel devido a causas de for\u00e7a maior, com por exemplo: Greves gerais, revoltas, invas\u00f5es, ataques terroristas, guerras, desastres naturais: inc\u00eandios, explos\u00f5es, tempestades, cheias, tremores de terra, epidemias ou impossibilidade de transitar nas vias e comunica\u00e7\u00e3o terrestres, a Interdesign n\u00e3o ser\u00e1 respons\u00e1vel pelas situa\u00e7\u00f5es de atraso ou incumprimento que possam verificar.<\/p>\t\t\t\t\t\t\t\t<\/div>\n\t\t\t\t<\/div>\n\t\t\t\t<\/div>\n\t\t\t\t\t<\/details>\n\t\t\t\t\t\t<details id=\"e-n-accordion-item-6113\" class=\"e-n-accordion-item\" >\n\t\t\t\t<summary class=\"e-n-accordion-item-title\" data-accordion-index=\"4\" tabindex=\"-1\" aria-expanded=\"false\" aria-controls=\"e-n-accordion-item-6113\" >\n\t\t\t\t\t<span class='e-n-accordion-item-title-header'><div class=\"e-n-accordion-item-title-text\"> Termos Legais <\/div><\/span>\n\t\t\t\t\t\t\t<span class='e-n-accordion-item-title-icon'>\n\t\t\t<span class='e-opened' ><svg xmlns=\"http:\/\/www.w3.org\/2000\/svg\" width=\"15.97\" height=\"8.926\" viewbox=\"0 0 15.97 8.926\"><path id=\"Caminho_77\" data-name=\"Caminho 77\" d=\"M3749.705,2581.17l6.74-7.056-7.115-6.793\" transform=\"translate(-2566.26 3757.195) rotate(-90)\" fill=\"none\" stroke=\"#8b8989\" stroke-linecap=\"round\" stroke-linejoin=\"round\" stroke-width=\"1.5\"><\/path><\/svg><\/span>\n\t\t\t<span class='e-closed'><svg xmlns=\"http:\/\/www.w3.org\/2000\/svg\" width=\"15.97\" height=\"8.925\" viewbox=\"0 0 15.97 8.925\"><path id=\"Caminho_64\" data-name=\"Caminho 64\" d=\"M3749.705,2581.17l6.74-7.056-7.115-6.793\" transform=\"translate(2582.23 -3748.27) rotate(90)\" fill=\"none\" stroke=\"#8b8989\" stroke-linecap=\"round\" stroke-linejoin=\"round\" stroke-width=\"1.5\"><\/path><\/svg><\/span>\n\t\t<\/span>\n\n\t\t\t\t\t\t<\/summary>\n\t\t\t\t<div role=\"region\" aria-labelledby=\"e-n-accordion-item-6113\" class=\"elementor-element elementor-element-a1ee1f3 e-con-full e-flex e-con e-child\" data-id=\"a1ee1f3\" data-element_type=\"container\" data-e-type=\"container\">\n\t\t\t\t<div class=\"elementor-element elementor-element-443d2f0 elementor-widget elementor-widget-text-editor\" data-id=\"443d2f0\" data-element_type=\"widget\" data-e-type=\"widget\" data-widget_type=\"text-editor.default\">\n\t\t\t\t<div class=\"elementor-widget-container\">\n\t\t\t\t\t\t\t\t\t<p class=\"\" data-start=\"3663\" data-end=\"3876\"><strong>Pol\u00edtica de Prote\u00e7\u00e3o de Dados<\/strong><\/p><p class=\"\" data-start=\"3663\" data-end=\"3876\">Ao utilizar este website, o Utilizador confirma que todas as informa\u00e7\u00f5es pessoais fornecidas s\u00e3o ver\u00eddicas.<\/p><p class=\"\" data-start=\"3663\" data-end=\"3876\">A Interdesign tratar\u00e1 os dados fornecidos de acordo com as normas de prote\u00e7\u00e3o de dados em vigor.<\/p><p data-start=\"3663\" data-end=\"3876\" class=\"translation-block\">Para mais informa\u00e7\u00f5es, visite a nossa p\u00e1gina de <span style=\"text-decoration: underline\"><strong><a href=\"https:\/\/interdesign.com.pt\/pt\/politica-de-privacidade\/\" target=\"_blank\" rel=\"noopener\">Pol\u00edtica de Privacidade<\/a><\/strong><\/span>.<\/p>\t\t\t\t\t\t\t\t<\/div>\n\t\t\t\t<\/div>\n\t\t\t\t<div class=\"elementor-element elementor-element-502fe44 elementor-widget elementor-widget-text-editor\" data-id=\"502fe44\" data-element_type=\"widget\" data-e-type=\"widget\" data-widget_type=\"text-editor.default\">\n\t\t\t\t<div class=\"elementor-widget-container\">\n\t\t\t\t\t\t\t\t\t<p class=\"\" data-start=\"3878\" data-end=\"4090\"><strong>Direitos de Propriedade<\/strong><\/p><p class=\"\" data-start=\"3878\" data-end=\"4090\">A propriedade dos produtos adquiridos ser\u00e1 transferida para o Cliente assim que a Interdesign receber o pagamento integral do pre\u00e7o de compra, incluindo os impostos aplic\u00e1veis e os custos de entrega\/montagem.<\/p>\t\t\t\t\t\t\t\t<\/div>\n\t\t\t\t<\/div>\n\t\t\t\t<div class=\"elementor-element elementor-element-07b9f46 elementor-widget elementor-widget-text-editor\" data-id=\"07b9f46\" data-element_type=\"widget\" data-e-type=\"widget\" data-widget_type=\"text-editor.default\">\n\t\t\t\t<div class=\"elementor-widget-container\">\n\t\t\t\t\t\t\t\t\t<p class=\"\" data-start=\"4092\" data-end=\"4201\"><strong>IVA \u2013 Imposto sobre o Valor Acrescentado<\/strong><\/p><p class=\"\" data-start=\"4092\" data-end=\"4201\">Todos os pre\u00e7os dos produtos listados neste website incluem IVA \u00e0 taxa legal em vigor.<\/p>\t\t\t\t\t\t\t\t<\/div>\n\t\t\t\t<\/div>\n\t\t\t\t<div class=\"elementor-element elementor-element-a484edd elementor-widget elementor-widget-text-editor\" data-id=\"a484edd\" data-element_type=\"widget\" data-e-type=\"widget\" data-widget_type=\"text-editor.default\">\n\t\t\t\t<div class=\"elementor-widget-container\">\n\t\t\t\t\t\t\t\t\t<p class=\"\" data-start=\"4203\" data-end=\"4362\"><strong>Direitos de Autor<\/strong><\/p><p class=\"\" data-start=\"4203\" data-end=\"4362\">O site da Interdesign e o conte\u00fado nele disponibilizado encontra-se protegido pelas leis relativas a direitos de autor e propriedade industrial e n\u00e3o poder\u00e3o ser copiados, reproduzidos nem difundidos, seja na sua totalidade ou em parte. \u00c9 proibido, designadamente, copiar ou retransmitir qualquer texto, logotipo, gr\u00e1fico, som ou imagem do site da Interdesign, a menos que tal seja expressamente permitido. \u00c9 permitida a impress\u00e3o e a recolha de informa\u00e7\u00e3o contida neste s\u00edtio para uso pessoal.<\/p>\t\t\t\t\t\t\t\t<\/div>\n\t\t\t\t<\/div>\n\t\t\t\t<\/div>\n\t\t\t\t\t<\/details>\n\t\t\t\t\t\t<details id=\"e-n-accordion-item-6114\" class=\"e-n-accordion-item\" >\n\t\t\t\t<summary class=\"e-n-accordion-item-title\" data-accordion-index=\"5\" tabindex=\"-1\" aria-expanded=\"false\" aria-controls=\"e-n-accordion-item-6114\" >\n\t\t\t\t\t<span class='e-n-accordion-item-title-header'><div class=\"e-n-accordion-item-title-text\"> Resolu\u00e7\u00e3o Alternativa de Lit\u00edgios <\/div><\/span>\n\t\t\t\t\t\t\t<span class='e-n-accordion-item-title-icon'>\n\t\t\t<span class='e-opened' ><svg xmlns=\"http:\/\/www.w3.org\/2000\/svg\" width=\"15.97\" height=\"8.926\" viewbox=\"0 0 15.97 8.926\"><path id=\"Caminho_77\" data-name=\"Caminho 77\" d=\"M3749.705,2581.17l6.74-7.056-7.115-6.793\" transform=\"translate(-2566.26 3757.195) rotate(-90)\" fill=\"none\" stroke=\"#8b8989\" stroke-linecap=\"round\" stroke-linejoin=\"round\" stroke-width=\"1.5\"><\/path><\/svg><\/span>\n\t\t\t<span class='e-closed'><svg xmlns=\"http:\/\/www.w3.org\/2000\/svg\" width=\"15.97\" height=\"8.925\" viewbox=\"0 0 15.97 8.925\"><path id=\"Caminho_64\" data-name=\"Caminho 64\" d=\"M3749.705,2581.17l6.74-7.056-7.115-6.793\" transform=\"translate(2582.23 -3748.27) rotate(90)\" fill=\"none\" stroke=\"#8b8989\" stroke-linecap=\"round\" stroke-linejoin=\"round\" stroke-width=\"1.5\"><\/path><\/svg><\/span>\n\t\t<\/span>\n\n\t\t\t\t\t\t<\/summary>\n\t\t\t\t<div role=\"region\" aria-labelledby=\"e-n-accordion-item-6114\" class=\"elementor-element elementor-element-e05839b e-con-full e-flex e-con e-child\" data-id=\"e05839b\" data-element_type=\"container\" data-e-type=\"container\">\n\t\t\t\t<div class=\"elementor-element elementor-element-30dc76d elementor-widget elementor-widget-text-editor\" data-id=\"30dc76d\" data-element_type=\"widget\" data-e-type=\"widget\" data-widget_type=\"text-editor.default\">\n\t\t\t\t<div class=\"elementor-widget-container\">\n\t\t\t\t\t\t\t\t\t<p><strong>Informa\u00e7\u00e3o sobre Entidades de Resolu\u00e7\u00e3o de Lit\u00edgios de Consumo<\/strong><\/p><p>No caso de um lit\u00edgio de consumo, poder\u00e1 recorrer a uma Entidade de Resolu\u00e7\u00e3o de Lit\u00edgios de Consumo. Aqui pode consultar a lista de centros de arbitragem de consumo dispon\u00edveis em Portugal.<\/p>\t\t\t\t\t\t\t\t<\/div>\n\t\t\t\t<\/div>\n\t\t\t\t<div class=\"elementor-element elementor-element-2936457 elementor-widget elementor-widget-text-editor\" data-id=\"2936457\" data-element_type=\"widget\" data-e-type=\"widget\" data-widget_type=\"text-editor.default\">\n\t\t\t\t<div class=\"elementor-widget-container\">\n\t\t\t\t\t\t\t\t\t<p><strong>Entidades de Resolu\u00e7\u00e3o de Lit\u00edgios de Consumo<\/strong><\/p><p>No caso de um lit\u00edgio, o consumidor poder\u00e1 recorrer a uma Entidade de Resolu\u00e7\u00e3o Alternativa de Lit\u00edgios de Consumo (RAL):<\/p><ul><li><strong><a href=\"https:\/\/www.cniacc.pt\/pt\" target=\"_blank\" rel=\"noopener\">Centro Nacional de Informa\u00e7\u00e3o e Arbitragem de Conflitos de Consumo (CNIACC)<\/a><\/strong><\/li><li><strong><a href=\"https:\/\/arbitragem.autonoma.pt\/en\/\" target=\"_blank\" rel=\"noopener\">Centro de Arbitragem da Universidade Aut\u00f3noma de Lisboa (CAUAL)<\/a><\/strong><\/li><li><strong><a href=\"https:\/\/consumoalgarve.pt\/index.php\/pt\/\" target=\"_blank\" rel=\"noopener\">Centro de Informa\u00e7\u00e3o, Media\u00e7\u00e3o e Arbitragem do Algarve (CIMAAL)<\/a><\/strong><\/li><li><a href=\"https:\/\/cacrc.pt\/\" target=\"_blank\" rel=\"noopener\"><strong>Centro de Arbitragem de Conflitos de Consumo do Distrito de Coimbra (CACCDC)<\/strong><\/a><\/li><li><strong><a href=\"http:\/\/www.centroarbitragemlisboa.pt\/\" target=\"_blank\" rel=\"noopener\">Centro de Arbitragem de Conflitos de Consumo de Lisboa (CACCL)<\/a><\/strong><\/li><li><a href=\"https:\/\/www.madeira.gov.pt\/cacc\" target=\"_blank\" rel=\"noopener\"><strong>Centro de Arbitragem de Conflitos de Consumo na Regi\u00e3o Aut\u00f3noma<\/strong><\/a><\/li><li><a href=\"https:\/\/www.madeira.gov.pt\/cacc\" target=\"_blank\" rel=\"noopener\"><strong>Regi\u00e3o Aut\u00f3noma da Madeira (CACCRM)<\/strong><\/a><\/li><li><a href=\"https:\/\/cicap.pt\/\" target=\"_blank\" rel=\"noopener\"><strong>Centro de Informa\u00e7\u00e3o, Concilia\u00e7\u00e3o e Arbitragem do Porto (CICAP)<\/strong><\/a><\/li><li><strong><a href=\"https:\/\/www.triave.pt\/\" target=\"_blank\" rel=\"noopener\">Centro de Arbitragem de Conflitos de Consumo do Vale do Ave (TRIAVE)<\/a><\/strong><\/li><li><a href=\"https:\/\/ciab.pt\/en\/\" target=\"_blank\" rel=\"noopener\"><strong>Centro de Informa\u00e7\u00e3o e Arbitragem de Conflitos de Consumo do Vale do C\u00e1vado (CIAB)<\/strong><\/a><\/li><\/ul><p><br \/>A designa\u00e7\u00e3o dos centros de arbitragem \u00e9 efetuada nos termos da Lei n.\u00ba 144\/2005, de 8 de setembro, n\u00e3o implicando que a Interdesign adira ou venha a aderir \u00e0 arbitragem, nomeadamente para a regulamenta\u00e7\u00e3o de conflitos de consumo.<\/p><p>Pode obter mais informa\u00e7\u00f5es consultando o Portal do Consumidor atrav\u00e9s do website <strong><a href=\"https:\/\/www.consumidor.gov.pt\/\" target=\"_blank\" rel=\"noopener\">www.consumidor.gov.pt<\/a><\/strong>.<\/p>\t\t\t\t\t\t\t\t<\/div>\n\t\t\t\t<\/div>\n\t\t\t\t<\/div>\n\t\t\t\t\t<\/details>\n\t\t\t\t\t<\/div>\n\t\t\t\t\t\t<\/div>\n\t\t\t\t<\/div>\n\t\t\t\t<\/div>\n\t\t\t\t<\/div>","protected":false},"excerpt":{"rendered":"<p>Terms &amp; Conditions Purchase Cancellation Policy The Customer may cancel the purchase within 24 hours following payment. The purchase shall only become effective upon completion of the corresponding payment. If the purchase is canceled within the period indicated above, Interdesign will reimburse the amount paid through the same method of payment originally used by the [&hellip;]<\/p>","protected":false},"author":1,"featured_media":10203,"parent":0,"menu_order":0,"comment_status":"closed","ping_status":"closed","template":"","meta":{"_acf_changed":false,"footnotes":""},"class_list":["post-117","page","type-page","status-publish","has-post-thumbnail","hentry"],"acf":[],"yoast_head":"<!-- This site is optimized with the Yoast SEO plugin v27.3 - https:\/\/yoast.com\/product\/yoast-seo-wordpress\/ -->\n<title>Terms &amp; Conditions - Interdesign<\/title>\n<meta name=\"description\" content=\"Read Interdesign\u2019s Terms and Conditions to understand the rules for using the website, services, and users\u2019 rights.\" \/>\n<meta name=\"robots\" content=\"index, follow, max-snippet:-1, max-image-preview:large, max-video-preview:-1\" \/>\n<link rel=\"canonical\" href=\"https:\/\/interdesign.com.pt\/pt\/termos-e-condicoes\/\" \/>\n<meta property=\"og:locale\" content=\"pt_PT\" \/>\n<meta property=\"og:type\" content=\"article\" \/>\n<meta property=\"og:title\" content=\"Terms &amp; Conditions - Interdesign\" \/>\n<meta property=\"og:description\" content=\"Read Interdesign\u2019s Terms and Conditions to understand the rules for using the website, services, and users\u2019 rights.\" \/>\n<meta property=\"og:url\" content=\"https:\/\/interdesign.com.pt\/pt\/termos-e-condicoes\/\" \/>\n<meta property=\"og:site_name\" content=\"Interdesign\" \/>\n<meta property=\"article:modified_time\" content=\"2026-04-23T08:26:57+00:00\" \/>\n<meta property=\"og:image\" content=\"https:\/\/interdesign.com.pt\/wp-content\/uploads\/2025\/10\/Natture-Quarto-C-13.jpg\" \/>\n\t<meta property=\"og:image:width\" content=\"1536\" \/>\n\t<meta property=\"og:image:height\" content=\"1920\" \/>\n\t<meta property=\"og:image:type\" content=\"image\/jpeg\" \/>\n<meta name=\"twitter:card\" content=\"summary_large_image\" \/>\n<meta name=\"twitter:title\" content=\"Terms &amp; Conditions - Interdesign\" \/>\n<meta name=\"twitter:description\" content=\"Read Interdesign\u2019s Terms and Conditions to understand the rules for using the website, services, and users\u2019 rights.\" \/>\n<meta name=\"twitter:image\" content=\"https:\/\/interdesign.com.pt\/wp-content\/uploads\/2025\/10\/Natture-Quarto-C-13.jpg\" \/>\n<meta name=\"twitter:label1\" content=\"Tempo estimado de leitura\" \/>\n\t<meta name=\"twitter:data1\" content=\"8 minutos\" \/>\n<script type=\"application\/ld+json\" class=\"yoast-schema-graph\">{\"@context\":\"https:\\\/\\\/schema.org\",\"@graph\":[{\"@type\":\"WebPage\",\"@id\":\"https:\\\/\\\/interdesign.com.pt\\\/terms-conditions\\\/\",\"url\":\"https:\\\/\\\/interdesign.com.pt\\\/terms-conditions\\\/\",\"name\":\"Terms & Conditions - Interdesign\",\"isPartOf\":{\"@id\":\"https:\\\/\\\/interdesign.com.pt\\\/pt\\\/#website\"},\"primaryImageOfPage\":{\"@id\":\"https:\\\/\\\/interdesign.com.pt\\\/terms-conditions\\\/#primaryimage\"},\"image\":{\"@id\":\"https:\\\/\\\/interdesign.com.pt\\\/terms-conditions\\\/#primaryimage\"},\"thumbnailUrl\":\"https:\\\/\\\/interdesign.com.pt\\\/wp-content\\\/uploads\\\/2025\\\/10\\\/Natture-Quarto-C-13.jpg\",\"datePublished\":\"2025-04-07T10:59:18+00:00\",\"dateModified\":\"2026-04-23T08:26:57+00:00\",\"description\":\"Read Interdesign\u2019s Terms and Conditions to understand the rules for using the website, services, and users\u2019 rights.\",\"breadcrumb\":{\"@id\":\"https:\\\/\\\/interdesign.com.pt\\\/terms-conditions\\\/#breadcrumb\"},\"inLanguage\":\"pt-PT\",\"potentialAction\":[{\"@type\":\"ReadAction\",\"target\":[\"https:\\\/\\\/interdesign.com.pt\\\/terms-conditions\\\/\"]}]},{\"@type\":\"ImageObject\",\"inLanguage\":\"pt-PT\",\"@id\":\"https:\\\/\\\/interdesign.com.pt\\\/terms-conditions\\\/#primaryimage\",\"url\":\"https:\\\/\\\/interdesign.com.pt\\\/wp-content\\\/uploads\\\/2025\\\/10\\\/Natture-Quarto-C-13.jpg\",\"contentUrl\":\"https:\\\/\\\/interdesign.com.pt\\\/wp-content\\\/uploads\\\/2025\\\/10\\\/Natture-Quarto-C-13.jpg\",\"width\":1536,\"height\":1920,\"caption\":\"Cole\u00e7\u00e3o Natture | Quarto | Terms & Conditions\"},{\"@type\":\"BreadcrumbList\",\"@id\":\"https:\\\/\\\/interdesign.com.pt\\\/terms-conditions\\\/#breadcrumb\",\"itemListElement\":[{\"@type\":\"ListItem\",\"position\":1,\"name\":\"Home\",\"item\":\"https:\\\/\\\/interdesign.com.pt\\\/\"},{\"@type\":\"ListItem\",\"position\":2,\"name\":\"Terms &#038; Conditions\"}]},{\"@type\":\"WebSite\",\"@id\":\"https:\\\/\\\/interdesign.com.pt\\\/pt\\\/#website\",\"url\":\"https:\\\/\\\/interdesign.com.pt\\\/pt\\\/\",\"name\":\"Interdesign\",\"description\":\"Mobili\u00e1rio, Interiores &amp; Decora\u00e7\u00e3o\",\"publisher\":{\"@id\":\"https:\\\/\\\/interdesign.com.pt\\\/pt\\\/#organization\"},\"potentialAction\":[{\"@type\":\"SearchAction\",\"target\":{\"@type\":\"EntryPoint\",\"urlTemplate\":\"https:\\\/\\\/interdesign.com.pt\\\/pt\\\/?s={search_term_string}\"},\"query-input\":{\"@type\":\"PropertyValueSpecification\",\"valueRequired\":true,\"valueName\":\"search_term_string\"}}],\"inLanguage\":\"pt-PT\"},{\"@type\":\"Organization\",\"@id\":\"https:\\\/\\\/interdesign.com.pt\\\/pt\\\/#organization\",\"name\":\"Interdesign\",\"url\":\"https:\\\/\\\/interdesign.com.pt\\\/pt\\\/\",\"logo\":{\"@type\":\"ImageObject\",\"inLanguage\":\"pt-PT\",\"@id\":\"https:\\\/\\\/interdesign.com.pt\\\/pt\\\/#\\\/schema\\\/logo\\\/image\\\/\",\"url\":\"https:\\\/\\\/interdesign.com.pt\\\/wp-content\\\/uploads\\\/2025\\\/03\\\/interdesign-logo.svg\",\"contentUrl\":\"https:\\\/\\\/interdesign.com.pt\\\/wp-content\\\/uploads\\\/2025\\\/03\\\/interdesign-logo.svg\",\"caption\":\"Interdesign\"},\"image\":{\"@id\":\"https:\\\/\\\/interdesign.com.pt\\\/pt\\\/#\\\/schema\\\/logo\\\/image\\\/\"}}]}<\/script>\n<!-- \/ Yoast SEO plugin. -->","yoast_head_json":{"title":"Termos &amp; Condi\u00e7\u00f5es - Interdesign","description":"Read Interdesign\u2019s Terms and Conditions to understand the rules for using the website, services, and users\u2019 rights.","robots":{"index":"index","follow":"follow","max-snippet":"max-snippet:-1","max-image-preview":"max-image-preview:large","max-video-preview":"max-video-preview:-1"},"canonical":"https:\/\/interdesign.com.pt\/pt\/termos-e-condicoes\/","og_locale":"pt_PT","og_type":"article","og_title":"Terms & Conditions - Interdesign","og_description":"Read Interdesign\u2019s Terms and Conditions to understand the rules for using the website, services, and users\u2019 rights.","og_url":"https:\/\/interdesign.com.pt\/pt\/termos-e-condicoes\/","og_site_name":"Interdesign","article_modified_time":"2026-04-23T08:26:57+00:00","og_image":[{"width":1536,"height":1920,"url":"https:\/\/interdesign.com.pt\/wp-content\/uploads\/2025\/10\/Natture-Quarto-C-13.jpg","type":"image\/jpeg"}],"twitter_card":"summary_large_image","twitter_title":"Terms & Conditions - Interdesign","twitter_description":"Read Interdesign\u2019s Terms and Conditions to understand the rules for using the website, services, and users\u2019 rights.","twitter_image":"https:\/\/interdesign.com.pt\/wp-content\/uploads\/2025\/10\/Natture-Quarto-C-13.jpg","twitter_misc":{"Tempo estimado de leitura":"8 minutos"},"schema":{"@context":"https:\/\/schema.org","@graph":[{"@type":"WebPage","@id":"https:\/\/interdesign.com.pt\/terms-conditions\/","url":"https:\/\/interdesign.com.pt\/terms-conditions\/","name":"Termos &amp; Condi\u00e7\u00f5es - Interdesign","isPartOf":{"@id":"https:\/\/interdesign.com.pt\/pt\/#website"},"primaryImageOfPage":{"@id":"https:\/\/interdesign.com.pt\/terms-conditions\/#primaryimage"},"image":{"@id":"https:\/\/interdesign.com.pt\/terms-conditions\/#primaryimage"},"thumbnailUrl":"https:\/\/interdesign.com.pt\/wp-content\/uploads\/2025\/10\/Natture-Quarto-C-13.jpg","datePublished":"2025-04-07T10:59:18+00:00","dateModified":"2026-04-23T08:26:57+00:00","description":"Read Interdesign\u2019s Terms and Conditions to understand the rules for using the website, services, and users\u2019 rights.","breadcrumb":{"@id":"https:\/\/interdesign.com.pt\/terms-conditions\/#breadcrumb"},"inLanguage":"pt-PT","potentialAction":[{"@type":"ReadAction","target":["https:\/\/interdesign.com.pt\/terms-conditions\/"]}]},{"@type":"ImageObject","inLanguage":"pt-PT","@id":"https:\/\/interdesign.com.pt\/terms-conditions\/#primaryimage","url":"https:\/\/interdesign.com.pt\/wp-content\/uploads\/2025\/10\/Natture-Quarto-C-13.jpg","contentUrl":"https:\/\/interdesign.com.pt\/wp-content\/uploads\/2025\/10\/Natture-Quarto-C-13.jpg","width":1536,"height":1920,"caption":"Cole\u00e7\u00e3o Natture | Quarto | Terms & Conditions"},{"@type":"BreadcrumbList","@id":"https:\/\/interdesign.com.pt\/terms-conditions\/#breadcrumb","itemListElement":[{"@type":"ListItem","position":1,"name":"Home","item":"https:\/\/interdesign.com.pt\/"},{"@type":"ListItem","position":2,"name":"Terms &#038; Conditions"}]},{"@type":"WebSite","@id":"https:\/\/interdesign.com.pt\/pt\/#website","url":"https:\/\/interdesign.com.pt\/pt\/","name":"Interdesign","description":"Mobili\u00e1rio, Interiores &amp; Decora\u00e7\u00e3o","publisher":{"@id":"https:\/\/interdesign.com.pt\/pt\/#organization"},"potentialAction":[{"@type":"SearchAction","target":{"@type":"EntryPoint","urlTemplate":"https:\/\/interdesign.com.pt\/pt\/?s={search_term_string}"},"query-input":{"@type":"PropertyValueSpecification","valueRequired":true,"valueName":"search_term_string"}}],"inLanguage":"pt-PT"},{"@type":"Organization","@id":"https:\/\/interdesign.com.pt\/pt\/#organization","name":"Interdesign","url":"https:\/\/interdesign.com.pt\/pt\/","logo":{"@type":"ImageObject","inLanguage":"pt-PT","@id":"https:\/\/interdesign.com.pt\/pt\/#\/schema\/logo\/image\/","url":"https:\/\/interdesign.com.pt\/wp-content\/uploads\/2025\/03\/interdesign-logo.svg","contentUrl":"https:\/\/interdesign.com.pt\/wp-content\/uploads\/2025\/03\/interdesign-logo.svg","caption":"Interdesign"},"image":{"@id":"https:\/\/interdesign.com.pt\/pt\/#\/schema\/logo\/image\/"}}]}},"_links":{"self":[{"href":"https:\/\/interdesign.com.pt\/pt\/wp-json\/wp\/v2\/pages\/117","targetHints":{"allow":["GET"]}}],"collection":[{"href":"https:\/\/interdesign.com.pt\/pt\/wp-json\/wp\/v2\/pages"}],"about":[{"href":"https:\/\/interdesign.com.pt\/pt\/wp-json\/wp\/v2\/types\/page"}],"author":[{"embeddable":true,"href":"https:\/\/interdesign.com.pt\/pt\/wp-json\/wp\/v2\/users\/1"}],"replies":[{"embeddable":true,"href":"https:\/\/interdesign.com.pt\/pt\/wp-json\/wp\/v2\/comments?post=117"}],"version-history":[{"count":112,"href":"https:\/\/interdesign.com.pt\/pt\/wp-json\/wp\/v2\/pages\/117\/revisions"}],"predecessor-version":[{"id":80197,"href":"https:\/\/interdesign.com.pt\/pt\/wp-json\/wp\/v2\/pages\/117\/revisions\/80197"}],"wp:featuredmedia":[{"embeddable":true,"href":"https:\/\/interdesign.com.pt\/pt\/wp-json\/wp\/v2\/media\/10203"}],"wp:attachment":[{"href":"https:\/\/interdesign.com.pt\/pt\/wp-json\/wp\/v2\/media?parent=117"}],"curies":[{"name":"wp","href":"https:\/\/api.w.org\/{rel}","templated":true}]}}