{"id":80438,"date":"2026-04-28T09:40:42","date_gmt":"2026-04-28T09:40:42","guid":{"rendered":"https:\/\/interdesign.com.pt\/?page_id=80438"},"modified":"2026-04-28T09:56:53","modified_gmt":"2026-04-28T09:56:53","slug":"shop-the-looks","status":"publish","type":"page","link":"https:\/\/interdesign.com.pt\/pt\/shop-the-looks\/","title":{"rendered":"Shop The Looks"},"content":{"rendered":"<div data-elementor-type=\"wp-page\" data-elementor-id=\"80438\" class=\"elementor elementor-80438\" data-elementor-post-type=\"page\">\n\t\t\t\t<div class=\"elementor-element elementor-element-a88bcb9 e-flex e-con-boxed e-con e-parent\" data-id=\"a88bcb9\" data-element_type=\"container\" data-e-type=\"container\">\n\t\t\t\t\t<div class=\"e-con-inner\">\n\t\t<div class=\"elementor-element elementor-element-f072243 e-con-full e-flex e-con e-child\" data-id=\"f072243\" data-element_type=\"container\" data-e-type=\"container\">\n\t\t\t\t<div class=\"elementor-element elementor-element-5718e41 elementor-widget elementor-widget-heading\" data-id=\"5718e41\" data-element_type=\"widget\" data-e-type=\"widget\" data-widget_type=\"heading.default\">\n\t\t\t\t<div class=\"elementor-widget-container\">\n\t\t\t\t\t<h1 class=\"elementor-heading-title elementor-size-default\">Shop The Looks<\/h1>\t\t\t\t<\/div>\n\t\t\t\t<\/div>\n\t\t\t\t<div class=\"elementor-element elementor-element-4b1a01d elementor-widget elementor-widget-heading\" data-id=\"4b1a01d\" data-element_type=\"widget\" data-e-type=\"widget\" data-widget_type=\"heading.default\">\n\t\t\t\t<div class=\"elementor-widget-container\">\n\t\t\t\t\t<h2 class=\"elementor-heading-title elementor-size-default\">Um lugar por onde come\u00e7ar<\/h2>\t\t\t\t<\/div>\n\t\t\t\t<\/div>\n\t\t\t\t<div class=\"elementor-element elementor-element-3d3a0a6 elementor-widget elementor-widget-heading\" data-id=\"3d3a0a6\" data-element_type=\"widget\" data-e-type=\"widget\" data-widget_type=\"heading.default\">\n\t\t\t\t<div class=\"elementor-widget-container\">\n\t\t\t\t\t<p class=\"elementor-heading-title elementor-size-default\">Onde a inspira\u00e7\u00e3o passa a fazer parte da sua casa<\/p>\t\t\t\t<\/div>\n\t\t\t\t<\/div>\n\t\t\t\t<\/div>\n\t\t\t\t<div class=\"elementor-element elementor-element-ae0ed66 elementor-widget__width-initial elementor-widget-mobile__width-inherit elementor-widget elementor-widget-text-editor\" data-id=\"ae0ed66\" data-element_type=\"widget\" data-e-type=\"widget\" data-widget_type=\"text-editor.default\">\n\t\t\t\t<div class=\"elementor-widget-container\">\n\t\t\t\t\t\t\t\t\t<p>Na Interdesign, cada <i>look<\/i> \u00e9 um convite a imaginar novas possibilidades para a sua casa.<\/p><p data-start=\"1125\" data-end=\"1428\">Mais do que combina\u00e7\u00f5es, s\u00e3o ambientes completos que refletem diferentes formas de viver, sentir e experienciar o espa\u00e7o. Das pe\u00e7as de destaque aos detalhes mais subtis, tudo \u00e9 pensado para criar continuidade, conforto e identidade, permitindo-lhe recriar espa\u00e7os que refletem verdadeiramente quem \u00e9.<\/p>\t\t\t\t\t\t\t\t<\/div>\n\t\t\t\t<\/div>\n\t\t\t\t\t<\/div>\n\t\t\t\t<\/div>\n\t\t<div class=\"elementor-element elementor-element-50a16a0 e-con-full e-flex e-con e-parent\" data-id=\"50a16a0\" data-element_type=\"container\" data-e-type=\"container\">\n\t\t<a class=\"elementor-element elementor-element-83c865e e-con-full e-flex e-con e-child\" data-id=\"83c865e\" data-element_type=\"container\" data-e-type=\"container\" data-settings=\"{&quot;background_background&quot;:&quot;classic&quot;}\" href=\"https:\/\/interdesign.com.pt\/pt\/shop-the-look\/sala-de-estar-natture\/\">\n\t\t\t\t<div class=\"elementor-element elementor-element-65e2d38 elementor-widget elementor-widget-heading\" data-id=\"65e2d38\" data-element_type=\"widget\" data-e-type=\"widget\" data-widget_type=\"heading.default\">\n\t\t\t\t<div class=\"elementor-widget-container\">\n\t\t\t\t\t<h3 class=\"elementor-heading-title elementor-size-default\">Sala de estar Natture<\/h3>\t\t\t\t<\/div>\n\t\t\t\t<\/div>\n\t\t\t\t<div class=\"elementor-element elementor-element-55741b2 elementor-widget elementor-widget-heading\" data-id=\"55741b2\" data-element_type=\"widget\" data-e-type=\"widget\" data-widget_type=\"heading.default\">\n\t\t\t\t<div class=\"elementor-widget-container\">\n\t\t\t\t\t<p class=\"elementor-heading-title elementor-size-default\">Descubra este <i>look<\/i><\/p>\t\t\t\t<\/div>\n\t\t\t\t<\/div>\n\t\t\t\t<\/a>\n\t\t<a class=\"elementor-element elementor-element-2145506 e-con-full e-flex e-con e-child\" data-id=\"2145506\" data-element_type=\"container\" data-e-type=\"container\" data-settings=\"{&quot;background_background&quot;:&quot;classic&quot;}\" href=\"https:\/\/interdesign.com.pt\/pt\/shop-the-look\/sala-de-estar-tottu\/\">\n\t\t\t\t<div class=\"elementor-element elementor-element-b53ae87 elementor-widget elementor-widget-heading\" data-id=\"b53ae87\" data-element_type=\"widget\" data-e-type=\"widget\" data-widget_type=\"heading.default\">\n\t\t\t\t<div class=\"elementor-widget-container\">\n\t\t\t\t\t<h3 class=\"elementor-heading-title elementor-size-default\">Tottu Living Room<\/h3>\t\t\t\t<\/div>\n\t\t\t\t<\/div>\n\t\t\t\t<div class=\"elementor-element elementor-element-403135a elementor-widget elementor-widget-heading\" data-id=\"403135a\" data-element_type=\"widget\" data-e-type=\"widget\" data-widget_type=\"heading.default\">\n\t\t\t\t<div class=\"elementor-widget-container\">\n\t\t\t\t\t<p class=\"elementor-heading-title elementor-size-default\">Descubra este <i>look<\/i><\/p>\t\t\t\t<\/div>\n\t\t\t\t<\/div>\n\t\t\t\t<\/a>\n\t\t\t\t<\/div>\n\t\t\t\t<\/div>","protected":false},"excerpt":{"rendered":"<p>A place to begin Where inspiration becomes part of your home At Interdesign, each look is an invitation to imagine new possibilities for your home. More than combinations, these are complete environments that reflect different ways of living, feeling, and experiencing space. From statement pieces to subtle details, everything is considered to create continuity, comfort, [&hellip;]<\/p>","protected":false},"author":1,"featured_media":10816,"parent":0,"menu_order":0,"comment_status":"closed","ping_status":"closed","template":"elementor_header_footer","meta":{"_acf_changed":false,"footnotes":""},"class_list":["post-80438","page","type-page","status-publish","has-post-thumbnail","hentry"],"acf":[],"yoast_head":"<!-- This site is optimized with the Yoast SEO plugin v27.3 - https:\/\/yoast.com\/product\/yoast-seo-wordpress\/ -->\n<title>Shop The Looks - Interdesign<\/title>\n<meta name=\"description\" content=\"At InterDesign, each collection tells a story \u2014 a dialogue between timeless design, craftsmanship, and contemporary living.\" \/>\n<meta name=\"robots\" content=\"index, follow, max-snippet:-1, max-image-preview:large, max-video-preview:-1\" \/>\n<link rel=\"canonical\" href=\"https:\/\/interdesign.com.pt\/pt\/shop-the-looks\/\" \/>\n<meta property=\"og:locale\" content=\"pt_PT\" \/>\n<meta property=\"og:type\" content=\"article\" \/>\n<meta property=\"og:title\" content=\"Shop The Looks - Interdesign\" \/>\n<meta property=\"og:description\" content=\"At InterDesign, each collection tells a story \u2014 a dialogue between timeless design, craftsmanship, and contemporary living.\" \/>\n<meta property=\"og:url\" content=\"https:\/\/interdesign.com.pt\/pt\/shop-the-looks\/\" \/>\n<meta property=\"og:site_name\" content=\"Interdesign\" \/>\n<meta property=\"article:modified_time\" content=\"2026-04-28T09:56:53+00:00\" \/>\n<meta name=\"twitter:card\" content=\"summary_large_image\" \/>\n<meta name=\"twitter:title\" content=\"Shop The Looks - Interdesign\" \/>\n<meta name=\"twitter:description\" content=\"At InterDesign, each collection tells a story \u2014 a dialogue between timeless design, craftsmanship, and contemporary living.\" \/>\n<meta name=\"twitter:label1\" content=\"Tempo estimado de leitura\" \/>\n\t<meta name=\"twitter:data1\" content=\"1 minuto\" \/>\n<script type=\"application\/ld+json\" class=\"yoast-schema-graph\">{\"@context\":\"https:\\\/\\\/schema.org\",\"@graph\":[{\"@type\":\"WebPage\",\"@id\":\"https:\\\/\\\/interdesign.com.pt\\\/shop-the-looks\\\/\",\"url\":\"https:\\\/\\\/interdesign.com.pt\\\/shop-the-looks\\\/\",\"name\":\"Shop The Looks - Interdesign\",\"isPartOf\":{\"@id\":\"https:\\\/\\\/interdesign.com.pt\\\/pt\\\/#website\"},\"primaryImageOfPage\":{\"@id\":\"https:\\\/\\\/interdesign.com.pt\\\/shop-the-looks\\\/#primaryimage\"},\"image\":{\"@id\":\"https:\\\/\\\/interdesign.com.pt\\\/shop-the-looks\\\/#primaryimage\"},\"thumbnailUrl\":\"https:\\\/\\\/interdesign.com.pt\\\/wp-content\\\/uploads\\\/2025\\\/10\\\/AMBIENTE-VISTA-03.jpg\",\"datePublished\":\"2026-04-28T09:40:42+00:00\",\"dateModified\":\"2026-04-28T09:56:53+00:00\",\"description\":\"At InterDesign, each collection tells a story \u2014 a dialogue between timeless design, craftsmanship, and contemporary living.\",\"breadcrumb\":{\"@id\":\"https:\\\/\\\/interdesign.com.pt\\\/shop-the-looks\\\/#breadcrumb\"},\"inLanguage\":\"pt-PT\",\"potentialAction\":[{\"@type\":\"ReadAction\",\"target\":[\"https:\\\/\\\/interdesign.com.pt\\\/shop-the-looks\\\/\"]}]},{\"@type\":\"ImageObject\",\"inLanguage\":\"pt-PT\",\"@id\":\"https:\\\/\\\/interdesign.com.pt\\\/shop-the-looks\\\/#primaryimage\",\"url\":\"https:\\\/\\\/interdesign.com.pt\\\/wp-content\\\/uploads\\\/2025\\\/10\\\/AMBIENTE-VISTA-03.jpg\",\"contentUrl\":\"https:\\\/\\\/interdesign.com.pt\\\/wp-content\\\/uploads\\\/2025\\\/10\\\/AMBIENTE-VISTA-03.jpg\",\"width\":1350,\"height\":1080,\"caption\":\"Collections | Interdesign\"},{\"@type\":\"BreadcrumbList\",\"@id\":\"https:\\\/\\\/interdesign.com.pt\\\/shop-the-looks\\\/#breadcrumb\",\"itemListElement\":[{\"@type\":\"ListItem\",\"position\":1,\"name\":\"Home\",\"item\":\"https:\\\/\\\/interdesign.com.pt\\\/\"},{\"@type\":\"ListItem\",\"position\":2,\"name\":\"Shop The Looks\"}]},{\"@type\":\"WebSite\",\"@id\":\"https:\\\/\\\/interdesign.com.pt\\\/pt\\\/#website\",\"url\":\"https:\\\/\\\/interdesign.com.pt\\\/pt\\\/\",\"name\":\"Interdesign\",\"description\":\"Mobili\u00e1rio, Interiores &amp; Decora\u00e7\u00e3o\",\"publisher\":{\"@id\":\"https:\\\/\\\/interdesign.com.pt\\\/pt\\\/#organization\"},\"potentialAction\":[{\"@type\":\"SearchAction\",\"target\":{\"@type\":\"EntryPoint\",\"urlTemplate\":\"https:\\\/\\\/interdesign.com.pt\\\/pt\\\/?s={search_term_string}\"},\"query-input\":{\"@type\":\"PropertyValueSpecification\",\"valueRequired\":true,\"valueName\":\"search_term_string\"}}],\"inLanguage\":\"pt-PT\"},{\"@type\":\"Organization\",\"@id\":\"https:\\\/\\\/interdesign.com.pt\\\/pt\\\/#organization\",\"name\":\"Interdesign\",\"url\":\"https:\\\/\\\/interdesign.com.pt\\\/pt\\\/\",\"logo\":{\"@type\":\"ImageObject\",\"inLanguage\":\"pt-PT\",\"@id\":\"https:\\\/\\\/interdesign.com.pt\\\/pt\\\/#\\\/schema\\\/logo\\\/image\\\/\",\"url\":\"https:\\\/\\\/interdesign.com.pt\\\/wp-content\\\/uploads\\\/2025\\\/03\\\/interdesign-logo.svg\",\"contentUrl\":\"https:\\\/\\\/interdesign.com.pt\\\/wp-content\\\/uploads\\\/2025\\\/03\\\/interdesign-logo.svg\",\"caption\":\"Interdesign\"},\"image\":{\"@id\":\"https:\\\/\\\/interdesign.com.pt\\\/pt\\\/#\\\/schema\\\/logo\\\/image\\\/\"}}]}<\/script>\n<!-- \/ Yoast SEO plugin. -->","yoast_head_json":{"title":"Shop The Looks - Interdesign","description":"Na InterDesign, cada cole\u00e7\u00e3o conta uma hist\u00f3ria - um di\u00e1logo entre o design intemporal, o artesanato e a vida contempor\u00e2nea.","robots":{"index":"index","follow":"follow","max-snippet":"max-snippet:-1","max-image-preview":"max-image-preview:large","max-video-preview":"max-video-preview:-1"},"canonical":"https:\/\/interdesign.com.pt\/pt\/shop-the-looks\/","og_locale":"pt_PT","og_type":"article","og_title":"Shop The Looks - Interdesign","og_description":"At InterDesign, each collection tells a story \u2014 a dialogue between timeless design, craftsmanship, and contemporary living.","og_url":"https:\/\/interdesign.com.pt\/pt\/shop-the-looks\/","og_site_name":"Interdesign","article_modified_time":"2026-04-28T09:56:53+00:00","twitter_card":"summary_large_image","twitter_title":"Shop The Looks - Interdesign","twitter_description":"At InterDesign, each collection tells a story \u2014 a dialogue between timeless design, craftsmanship, and contemporary living.","twitter_misc":{"Tempo estimado de leitura":"1 minuto"},"schema":{"@context":"https:\/\/schema.org","@graph":[{"@type":"WebPage","@id":"https:\/\/interdesign.com.pt\/shop-the-looks\/","url":"https:\/\/interdesign.com.pt\/shop-the-looks\/","name":"Shop The Looks - Interdesign","isPartOf":{"@id":"https:\/\/interdesign.com.pt\/pt\/#website"},"primaryImageOfPage":{"@id":"https:\/\/interdesign.com.pt\/shop-the-looks\/#primaryimage"},"image":{"@id":"https:\/\/interdesign.com.pt\/shop-the-looks\/#primaryimage"},"thumbnailUrl":"https:\/\/interdesign.com.pt\/wp-content\/uploads\/2025\/10\/AMBIENTE-VISTA-03.jpg","datePublished":"2026-04-28T09:40:42+00:00","dateModified":"2026-04-28T09:56:53+00:00","description":"Na InterDesign, cada cole\u00e7\u00e3o conta uma hist\u00f3ria - um di\u00e1logo entre o design intemporal, o artesanato e a vida contempor\u00e2nea.","breadcrumb":{"@id":"https:\/\/interdesign.com.pt\/shop-the-looks\/#breadcrumb"},"inLanguage":"pt-PT","potentialAction":[{"@type":"ReadAction","target":["https:\/\/interdesign.com.pt\/shop-the-looks\/"]}]},{"@type":"ImageObject","inLanguage":"pt-PT","@id":"https:\/\/interdesign.com.pt\/shop-the-looks\/#primaryimage","url":"https:\/\/interdesign.com.pt\/wp-content\/uploads\/2025\/10\/AMBIENTE-VISTA-03.jpg","contentUrl":"https:\/\/interdesign.com.pt\/wp-content\/uploads\/2025\/10\/AMBIENTE-VISTA-03.jpg","width":1350,"height":1080,"caption":"Collections | Interdesign"},{"@type":"BreadcrumbList","@id":"https:\/\/interdesign.com.pt\/shop-the-looks\/#breadcrumb","itemListElement":[{"@type":"ListItem","position":1,"name":"Home","item":"https:\/\/interdesign.com.pt\/"},{"@type":"ListItem","position":2,"name":"Shop The Looks"}]},{"@type":"WebSite","@id":"https:\/\/interdesign.com.pt\/pt\/#website","url":"https:\/\/interdesign.com.pt\/pt\/","name":"Interdesign","description":"Mobili\u00e1rio, Interiores &amp; Decora\u00e7\u00e3o","publisher":{"@id":"https:\/\/interdesign.com.pt\/pt\/#organization"},"potentialAction":[{"@type":"SearchAction","target":{"@type":"EntryPoint","urlTemplate":"https:\/\/interdesign.com.pt\/pt\/?s={search_term_string}"},"query-input":{"@type":"PropertyValueSpecification","valueRequired":true,"valueName":"search_term_string"}}],"inLanguage":"pt-PT"},{"@type":"Organization","@id":"https:\/\/interdesign.com.pt\/pt\/#organization","name":"Interdesign","url":"https:\/\/interdesign.com.pt\/pt\/","logo":{"@type":"ImageObject","inLanguage":"pt-PT","@id":"https:\/\/interdesign.com.pt\/pt\/#\/schema\/logo\/image\/","url":"https:\/\/interdesign.com.pt\/wp-content\/uploads\/2025\/03\/interdesign-logo.svg","contentUrl":"https:\/\/interdesign.com.pt\/wp-content\/uploads\/2025\/03\/interdesign-logo.svg","caption":"Interdesign"},"image":{"@id":"https:\/\/interdesign.com.pt\/pt\/#\/schema\/logo\/image\/"}}]}},"_links":{"self":[{"href":"https:\/\/interdesign.com.pt\/pt\/wp-json\/wp\/v2\/pages\/80438","targetHints":{"allow":["GET"]}}],"collection":[{"href":"https:\/\/interdesign.com.pt\/pt\/wp-json\/wp\/v2\/pages"}],"about":[{"href":"https:\/\/interdesign.com.pt\/pt\/wp-json\/wp\/v2\/types\/page"}],"author":[{"embeddable":true,"href":"https:\/\/interdesign.com.pt\/pt\/wp-json\/wp\/v2\/users\/1"}],"replies":[{"embeddable":true,"href":"https:\/\/interdesign.com.pt\/pt\/wp-json\/wp\/v2\/comments?post=80438"}],"version-history":[{"count":20,"href":"https:\/\/interdesign.com.pt\/pt\/wp-json\/wp\/v2\/pages\/80438\/revisions"}],"predecessor-version":[{"id":80459,"href":"https:\/\/interdesign.com.pt\/pt\/wp-json\/wp\/v2\/pages\/80438\/revisions\/80459"}],"wp:featuredmedia":[{"embeddable":true,"href":"https:\/\/interdesign.com.pt\/pt\/wp-json\/wp\/v2\/media\/10816"}],"wp:attachment":[{"href":"https:\/\/interdesign.com.pt\/pt\/wp-json\/wp\/v2\/media?parent=80438"}],"curies":[{"name":"wp","href":"https:\/\/api.w.org\/{rel}","templated":true}]}}