{"id":66199,"date":"2024-06-21T14:17:31","date_gmt":"2024-06-21T14:17:31","guid":{"rendered":"https:\/\/www.interdesign.com.pt\/pt\/?post_type=portfolio&#038;p=66199"},"modified":"2026-04-07T16:25:44","modified_gmt":"2026-04-07T16:25:44","slug":"house-of-the-month-june-2024","status":"publish","type":"portfolio","link":"https:\/\/interdesign.com.pt\/pt\/portfolio\/house-of-the-month-june-2024\/","title":{"rendered":"House of the Month &#8211; June 2024"},"content":{"rendered":"<div data-elementor-type=\"wp-post\" data-elementor-id=\"66199\" class=\"elementor elementor-66199\" data-elementor-post-type=\"portfolio\">\n\t\t\t\t<div class=\"elementor-element elementor-element-cc780d2 e-con-full e-flex e-con e-parent\" data-id=\"cc780d2\" data-element_type=\"container\" data-e-type=\"container\">\n\t\t\t\t<div class=\"elementor-element elementor-element-c3686c6 elementor-widget elementor-widget-gallery\" data-id=\"c3686c6\" data-element_type=\"widget\" data-e-type=\"widget\" data-settings=\"{&quot;gallery_layout&quot;:&quot;masonry&quot;,&quot;columns&quot;:3,&quot;gap&quot;:{&quot;unit&quot;:&quot;px&quot;,&quot;size&quot;:15,&quot;sizes&quot;:[]},&quot;columns_mobile&quot;:2,&quot;lazyload&quot;:&quot;yes&quot;,&quot;columns_tablet&quot;:2,&quot;gap_laptop&quot;:{&quot;unit&quot;:&quot;px&quot;,&quot;size&quot;:10,&quot;sizes&quot;:[]},&quot;gap_tablet&quot;:{&quot;unit&quot;:&quot;px&quot;,&quot;size&quot;:10,&quot;sizes&quot;:[]},&quot;gap_mobile&quot;:{&quot;unit&quot;:&quot;px&quot;,&quot;size&quot;:10,&quot;sizes&quot;:[]},&quot;link_to&quot;:&quot;file&quot;,&quot;content_hover_animation&quot;:&quot;fade-in&quot;}\" data-widget_type=\"gallery.default\">\n\t\t\t\t<div class=\"elementor-widget-container\">\n\t\t\t\t\t\t\t<div class=\"elementor-gallery__container\">\n\t\t\t\t\t\t\t<a class=\"e-gallery-item elementor-gallery-item elementor-animated-content\" href=\"https:\/\/interdesign.com.pt\/wp-content\/uploads\/2026\/04\/casa_mes_junho_interdesign_1.jpg\" data-elementor-open-lightbox=\"yes\" data-elementor-lightbox-slideshow=\"c3686c6\" data-e-action-hash=\"#elementor-action%3Aaction%3Dlightbox%26settings%3DeyJpZCI6NzYyNTcsInVybCI6Imh0dHBzOlwvXC9pbnRlcmRlc2lnbi5jb20ucHRcL3dwLWNvbnRlbnRcL3VwbG9hZHNcLzIwMjZcLzA0XC9jYXNhX21lc19qdW5ob19pbnRlcmRlc2lnbl8xLmpwZyIsInNsaWRlc2hvdyI6ImMzNjg2YzYifQ%3D%3D\">\n\t\t\t\t\t<div class=\"e-gallery-image elementor-gallery-item__image\" data-thumbnail=\"https:\/\/interdesign.com.pt\/wp-content\/uploads\/2026\/04\/casa_mes_junho_interdesign_1.jpg\" data-width=\"1920\" data-height=\"1920\" aria-label=\"\" role=\"img\" ><\/div>\n\t\t\t\t\t\t\t\t\t\t\t\t\t\t<\/a>\n\t\t\t\t\t\t\t<a class=\"e-gallery-item elementor-gallery-item elementor-animated-content\" href=\"https:\/\/interdesign.com.pt\/wp-content\/uploads\/2026\/04\/casa_mes_junho_interdesign_2.jpg\" data-elementor-open-lightbox=\"yes\" data-elementor-lightbox-slideshow=\"c3686c6\" data-e-action-hash=\"#elementor-action%3Aaction%3Dlightbox%26settings%3DeyJpZCI6NzYyNTgsInVybCI6Imh0dHBzOlwvXC9pbnRlcmRlc2lnbi5jb20ucHRcL3dwLWNvbnRlbnRcL3VwbG9hZHNcLzIwMjZcLzA0XC9jYXNhX21lc19qdW5ob19pbnRlcmRlc2lnbl8yLmpwZyIsInNsaWRlc2hvdyI6ImMzNjg2YzYifQ%3D%3D\">\n\t\t\t\t\t<div class=\"e-gallery-image elementor-gallery-item__image\" data-thumbnail=\"https:\/\/interdesign.com.pt\/wp-content\/uploads\/2026\/04\/casa_mes_junho_interdesign_2.jpg\" data-width=\"1275\" data-height=\"1920\" aria-label=\"\" role=\"img\" ><\/div>\n\t\t\t\t\t\t\t\t\t\t\t\t\t\t<\/a>\n\t\t\t\t\t\t\t<a class=\"e-gallery-item elementor-gallery-item elementor-animated-content\" href=\"https:\/\/interdesign.com.pt\/wp-content\/uploads\/2026\/04\/casa_mes_junho_interdesign_3.jpg\" data-elementor-open-lightbox=\"yes\" data-elementor-lightbox-slideshow=\"c3686c6\" data-e-action-hash=\"#elementor-action%3Aaction%3Dlightbox%26settings%3DeyJpZCI6NzYyNTksInVybCI6Imh0dHBzOlwvXC9pbnRlcmRlc2lnbi5jb20ucHRcL3dwLWNvbnRlbnRcL3VwbG9hZHNcLzIwMjZcLzA0XC9jYXNhX21lc19qdW5ob19pbnRlcmRlc2lnbl8zLmpwZyIsInNsaWRlc2hvdyI6ImMzNjg2YzYifQ%3D%3D\">\n\t\t\t\t\t<div class=\"e-gallery-image elementor-gallery-item__image\" data-thumbnail=\"https:\/\/interdesign.com.pt\/wp-content\/uploads\/2026\/04\/casa_mes_junho_interdesign_3.jpg\" data-width=\"1275\" data-height=\"1920\" aria-label=\"\" role=\"img\" ><\/div>\n\t\t\t\t\t\t\t\t\t\t\t\t\t\t<\/a>\n\t\t\t\t\t\t\t<a class=\"e-gallery-item elementor-gallery-item elementor-animated-content\" href=\"https:\/\/interdesign.com.pt\/wp-content\/uploads\/2026\/04\/casa_mes_junho_interdesign_4.jpg\" data-elementor-open-lightbox=\"yes\" data-elementor-lightbox-slideshow=\"c3686c6\" data-e-action-hash=\"#elementor-action%3Aaction%3Dlightbox%26settings%3DeyJpZCI6NzYyNjAsInVybCI6Imh0dHBzOlwvXC9pbnRlcmRlc2lnbi5jb20ucHRcL3dwLWNvbnRlbnRcL3VwbG9hZHNcLzIwMjZcLzA0XC9jYXNhX21lc19qdW5ob19pbnRlcmRlc2lnbl80LmpwZyIsInNsaWRlc2hvdyI6ImMzNjg2YzYifQ%3D%3D\">\n\t\t\t\t\t<div class=\"e-gallery-image elementor-gallery-item__image\" data-thumbnail=\"https:\/\/interdesign.com.pt\/wp-content\/uploads\/2026\/04\/casa_mes_junho_interdesign_4.jpg\" data-width=\"1920\" data-height=\"1920\" aria-label=\"\" role=\"img\" ><\/div>\n\t\t\t\t\t\t\t\t\t\t\t\t\t\t<\/a>\n\t\t\t\t\t\t\t<a class=\"e-gallery-item elementor-gallery-item elementor-animated-content\" href=\"https:\/\/interdesign.com.pt\/wp-content\/uploads\/2026\/04\/casa_mes_junho_interdesign_5.jpg\" data-elementor-open-lightbox=\"yes\" data-elementor-lightbox-slideshow=\"c3686c6\" data-e-action-hash=\"#elementor-action%3Aaction%3Dlightbox%26settings%3DeyJpZCI6NzYyNjEsInVybCI6Imh0dHBzOlwvXC9pbnRlcmRlc2lnbi5jb20ucHRcL3dwLWNvbnRlbnRcL3VwbG9hZHNcLzIwMjZcLzA0XC9jYXNhX21lc19qdW5ob19pbnRlcmRlc2lnbl81LmpwZyIsInNsaWRlc2hvdyI6ImMzNjg2YzYifQ%3D%3D\">\n\t\t\t\t\t<div class=\"e-gallery-image elementor-gallery-item__image\" data-thumbnail=\"https:\/\/interdesign.com.pt\/wp-content\/uploads\/2026\/04\/casa_mes_junho_interdesign_5.jpg\" data-width=\"1275\" data-height=\"1920\" aria-label=\"\" role=\"img\" ><\/div>\n\t\t\t\t\t\t\t\t\t\t\t\t\t\t<\/a>\n\t\t\t\t\t\t\t<a class=\"e-gallery-item elementor-gallery-item elementor-animated-content\" href=\"https:\/\/interdesign.com.pt\/wp-content\/uploads\/2026\/04\/casa_mes_junho_interdesign_6.jpg\" data-elementor-open-lightbox=\"yes\" data-elementor-lightbox-slideshow=\"c3686c6\" data-e-action-hash=\"#elementor-action%3Aaction%3Dlightbox%26settings%3DeyJpZCI6NzYyNjIsInVybCI6Imh0dHBzOlwvXC9pbnRlcmRlc2lnbi5jb20ucHRcL3dwLWNvbnRlbnRcL3VwbG9hZHNcLzIwMjZcLzA0XC9jYXNhX21lc19qdW5ob19pbnRlcmRlc2lnbl82LmpwZyIsInNsaWRlc2hvdyI6ImMzNjg2YzYifQ%3D%3D\">\n\t\t\t\t\t<div class=\"e-gallery-image elementor-gallery-item__image\" data-thumbnail=\"https:\/\/interdesign.com.pt\/wp-content\/uploads\/2026\/04\/casa_mes_junho_interdesign_6.jpg\" data-width=\"1920\" data-height=\"1298\" aria-label=\"\" role=\"img\" ><\/div>\n\t\t\t\t\t\t\t\t\t\t\t\t\t\t<\/a>\n\t\t\t\t\t\t\t<a class=\"e-gallery-item elementor-gallery-item elementor-animated-content\" href=\"https:\/\/interdesign.com.pt\/wp-content\/uploads\/2026\/04\/casa_mes_junho_interdesign_7.jpg\" data-elementor-open-lightbox=\"yes\" data-elementor-lightbox-slideshow=\"c3686c6\" data-e-action-hash=\"#elementor-action%3Aaction%3Dlightbox%26settings%3DeyJpZCI6NzYyNjMsInVybCI6Imh0dHBzOlwvXC9pbnRlcmRlc2lnbi5jb20ucHRcL3dwLWNvbnRlbnRcL3VwbG9hZHNcLzIwMjZcLzA0XC9jYXNhX21lc19qdW5ob19pbnRlcmRlc2lnbl83LmpwZyIsInNsaWRlc2hvdyI6ImMzNjg2YzYifQ%3D%3D\">\n\t\t\t\t\t<div class=\"e-gallery-image elementor-gallery-item__image\" data-thumbnail=\"https:\/\/interdesign.com.pt\/wp-content\/uploads\/2026\/04\/casa_mes_junho_interdesign_7.jpg\" data-width=\"1275\" data-height=\"1920\" aria-label=\"\" role=\"img\" ><\/div>\n\t\t\t\t\t\t\t\t\t\t\t\t\t\t<\/a>\n\t\t\t\t\t\t\t<a class=\"e-gallery-item elementor-gallery-item elementor-animated-content\" href=\"https:\/\/interdesign.com.pt\/wp-content\/uploads\/2026\/04\/casa_mes_junho_interdesign_8.jpg\" data-elementor-open-lightbox=\"yes\" data-elementor-lightbox-slideshow=\"c3686c6\" data-e-action-hash=\"#elementor-action%3Aaction%3Dlightbox%26settings%3DeyJpZCI6NzYyNjQsInVybCI6Imh0dHBzOlwvXC9pbnRlcmRlc2lnbi5jb20ucHRcL3dwLWNvbnRlbnRcL3VwbG9hZHNcLzIwMjZcLzA0XC9jYXNhX21lc19qdW5ob19pbnRlcmRlc2lnbl84LmpwZyIsInNsaWRlc2hvdyI6ImMzNjg2YzYifQ%3D%3D\">\n\t\t\t\t\t<div class=\"e-gallery-image elementor-gallery-item__image\" data-thumbnail=\"https:\/\/interdesign.com.pt\/wp-content\/uploads\/2026\/04\/casa_mes_junho_interdesign_8.jpg\" data-width=\"1275\" data-height=\"1920\" aria-label=\"\" role=\"img\" ><\/div>\n\t\t\t\t\t\t\t\t\t\t\t\t\t\t<\/a>\n\t\t\t\t\t\t\t<a class=\"e-gallery-item elementor-gallery-item elementor-animated-content\" href=\"https:\/\/interdesign.com.pt\/wp-content\/uploads\/2026\/04\/casa_mes_junho_interdesign_9.jpg\" data-elementor-open-lightbox=\"yes\" data-elementor-lightbox-slideshow=\"c3686c6\" data-e-action-hash=\"#elementor-action%3Aaction%3Dlightbox%26settings%3DeyJpZCI6NzYyNjUsInVybCI6Imh0dHBzOlwvXC9pbnRlcmRlc2lnbi5jb20ucHRcL3dwLWNvbnRlbnRcL3VwbG9hZHNcLzIwMjZcLzA0XC9jYXNhX21lc19qdW5ob19pbnRlcmRlc2lnbl85LmpwZyIsInNsaWRlc2hvdyI6ImMzNjg2YzYifQ%3D%3D\">\n\t\t\t\t\t<div class=\"e-gallery-image elementor-gallery-item__image\" data-thumbnail=\"https:\/\/interdesign.com.pt\/wp-content\/uploads\/2026\/04\/casa_mes_junho_interdesign_9.jpg\" data-width=\"1275\" data-height=\"1920\" aria-label=\"\" role=\"img\" ><\/div>\n\t\t\t\t\t\t\t\t\t\t\t\t\t\t<\/a>\n\t\t\t\t\t\t\t<a class=\"e-gallery-item elementor-gallery-item elementor-animated-content\" href=\"https:\/\/interdesign.com.pt\/wp-content\/uploads\/2026\/04\/casa_mes_junho_interdesign_10.jpg\" data-elementor-open-lightbox=\"yes\" data-elementor-lightbox-slideshow=\"c3686c6\" data-e-action-hash=\"#elementor-action%3Aaction%3Dlightbox%26settings%3DeyJpZCI6NzYyNjYsInVybCI6Imh0dHBzOlwvXC9pbnRlcmRlc2lnbi5jb20ucHRcL3dwLWNvbnRlbnRcL3VwbG9hZHNcLzIwMjZcLzA0XC9jYXNhX21lc19qdW5ob19pbnRlcmRlc2lnbl8xMC5qcGciLCJzbGlkZXNob3ciOiJjMzY4NmM2In0%3D\">\n\t\t\t\t\t<div class=\"e-gallery-image elementor-gallery-item__image\" data-thumbnail=\"https:\/\/interdesign.com.pt\/wp-content\/uploads\/2026\/04\/casa_mes_junho_interdesign_10.jpg\" data-width=\"1275\" data-height=\"1920\" aria-label=\"\" role=\"img\" ><\/div>\n\t\t\t\t\t\t\t\t\t\t\t\t\t\t<\/a>\n\t\t\t\t\t\t\t<a class=\"e-gallery-item elementor-gallery-item elementor-animated-content\" href=\"https:\/\/interdesign.com.pt\/wp-content\/uploads\/2026\/04\/casa_mes_junho_interdesign_11.jpg\" data-elementor-open-lightbox=\"yes\" data-elementor-lightbox-slideshow=\"c3686c6\" data-e-action-hash=\"#elementor-action%3Aaction%3Dlightbox%26settings%3DeyJpZCI6NzYyNjcsInVybCI6Imh0dHBzOlwvXC9pbnRlcmRlc2lnbi5jb20ucHRcL3dwLWNvbnRlbnRcL3VwbG9hZHNcLzIwMjZcLzA0XC9jYXNhX21lc19qdW5ob19pbnRlcmRlc2lnbl8xMS5qcGciLCJzbGlkZXNob3ciOiJjMzY4NmM2In0%3D\">\n\t\t\t\t\t<div class=\"e-gallery-image elementor-gallery-item__image\" data-thumbnail=\"https:\/\/interdesign.com.pt\/wp-content\/uploads\/2026\/04\/casa_mes_junho_interdesign_11.jpg\" data-width=\"1920\" data-height=\"1298\" aria-label=\"\" role=\"img\" ><\/div>\n\t\t\t\t\t\t\t\t\t\t\t\t\t\t<\/a>\n\t\t\t\t\t\t\t<a class=\"e-gallery-item elementor-gallery-item elementor-animated-content\" href=\"https:\/\/interdesign.com.pt\/wp-content\/uploads\/2026\/04\/casa_mes_junho_interdesign_12.jpg\" data-elementor-open-lightbox=\"yes\" data-elementor-lightbox-slideshow=\"c3686c6\" data-e-action-hash=\"#elementor-action%3Aaction%3Dlightbox%26settings%3DeyJpZCI6NzYyNjgsInVybCI6Imh0dHBzOlwvXC9pbnRlcmRlc2lnbi5jb20ucHRcL3dwLWNvbnRlbnRcL3VwbG9hZHNcLzIwMjZcLzA0XC9jYXNhX21lc19qdW5ob19pbnRlcmRlc2lnbl8xMi5qcGciLCJzbGlkZXNob3ciOiJjMzY4NmM2In0%3D\">\n\t\t\t\t\t<div class=\"e-gallery-image elementor-gallery-item__image\" data-thumbnail=\"https:\/\/interdesign.com.pt\/wp-content\/uploads\/2026\/04\/casa_mes_junho_interdesign_12.jpg\" data-width=\"1275\" data-height=\"1920\" aria-label=\"\" role=\"img\" ><\/div>\n\t\t\t\t\t\t\t\t\t\t\t\t\t\t<\/a>\n\t\t\t\t\t\t\t<a class=\"e-gallery-item elementor-gallery-item elementor-animated-content\" href=\"https:\/\/interdesign.com.pt\/wp-content\/uploads\/2026\/04\/casa_mes_junho_interdesign_13.jpg\" data-elementor-open-lightbox=\"yes\" data-elementor-lightbox-slideshow=\"c3686c6\" data-e-action-hash=\"#elementor-action%3Aaction%3Dlightbox%26settings%3DeyJpZCI6NzYyNjksInVybCI6Imh0dHBzOlwvXC9pbnRlcmRlc2lnbi5jb20ucHRcL3dwLWNvbnRlbnRcL3VwbG9hZHNcLzIwMjZcLzA0XC9jYXNhX21lc19qdW5ob19pbnRlcmRlc2lnbl8xMy5qcGciLCJzbGlkZXNob3ciOiJjMzY4NmM2In0%3D\">\n\t\t\t\t\t<div class=\"e-gallery-image elementor-gallery-item__image\" data-thumbnail=\"https:\/\/interdesign.com.pt\/wp-content\/uploads\/2026\/04\/casa_mes_junho_interdesign_13.jpg\" data-width=\"1920\" data-height=\"1920\" aria-label=\"\" role=\"img\" ><\/div>\n\t\t\t\t\t\t\t\t\t\t\t\t\t\t<\/a>\n\t\t\t\t\t\t\t<a class=\"e-gallery-item elementor-gallery-item elementor-animated-content\" href=\"https:\/\/interdesign.com.pt\/wp-content\/uploads\/2026\/04\/casa_mes_junho_interdesign_14.jpg\" data-elementor-open-lightbox=\"yes\" data-elementor-lightbox-slideshow=\"c3686c6\" data-e-action-hash=\"#elementor-action%3Aaction%3Dlightbox%26settings%3DeyJpZCI6NzYyNzAsInVybCI6Imh0dHBzOlwvXC9pbnRlcmRlc2lnbi5jb20ucHRcL3dwLWNvbnRlbnRcL3VwbG9hZHNcLzIwMjZcLzA0XC9jYXNhX21lc19qdW5ob19pbnRlcmRlc2lnbl8xNC5qcGciLCJzbGlkZXNob3ciOiJjMzY4NmM2In0%3D\">\n\t\t\t\t\t<div class=\"e-gallery-image elementor-gallery-item__image\" data-thumbnail=\"https:\/\/interdesign.com.pt\/wp-content\/uploads\/2026\/04\/casa_mes_junho_interdesign_14.jpg\" data-width=\"1275\" data-height=\"1920\" aria-label=\"\" role=\"img\" ><\/div>\n\t\t\t\t\t\t\t\t\t\t\t\t\t\t<\/a>\n\t\t\t\t\t\t\t<a class=\"e-gallery-item elementor-gallery-item elementor-animated-content\" href=\"https:\/\/interdesign.com.pt\/wp-content\/uploads\/2026\/04\/casa_mes_junho_interdesign_15.jpg\" data-elementor-open-lightbox=\"yes\" data-elementor-lightbox-slideshow=\"c3686c6\" data-e-action-hash=\"#elementor-action%3Aaction%3Dlightbox%26settings%3DeyJpZCI6NzYyNzEsInVybCI6Imh0dHBzOlwvXC9pbnRlcmRlc2lnbi5jb20ucHRcL3dwLWNvbnRlbnRcL3VwbG9hZHNcLzIwMjZcLzA0XC9jYXNhX21lc19qdW5ob19pbnRlcmRlc2lnbl8xNS5qcGciLCJzbGlkZXNob3ciOiJjMzY4NmM2In0%3D\">\n\t\t\t\t\t<div class=\"e-gallery-image elementor-gallery-item__image\" data-thumbnail=\"https:\/\/interdesign.com.pt\/wp-content\/uploads\/2026\/04\/casa_mes_junho_interdesign_15.jpg\" data-width=\"1275\" data-height=\"1920\" aria-label=\"\" role=\"img\" ><\/div>\n\t\t\t\t\t\t\t\t\t\t\t\t\t\t<\/a>\n\t\t\t\t\t\t\t<a class=\"e-gallery-item elementor-gallery-item elementor-animated-content\" href=\"https:\/\/interdesign.com.pt\/wp-content\/uploads\/2026\/04\/casa_mes_junho_interdesign_16.jpg\" data-elementor-open-lightbox=\"yes\" data-elementor-lightbox-slideshow=\"c3686c6\" data-e-action-hash=\"#elementor-action%3Aaction%3Dlightbox%26settings%3DeyJpZCI6NzYyNzIsInVybCI6Imh0dHBzOlwvXC9pbnRlcmRlc2lnbi5jb20ucHRcL3dwLWNvbnRlbnRcL3VwbG9hZHNcLzIwMjZcLzA0XC9jYXNhX21lc19qdW5ob19pbnRlcmRlc2lnbl8xNi5qcGciLCJzbGlkZXNob3ciOiJjMzY4NmM2In0%3D\">\n\t\t\t\t\t<div class=\"e-gallery-image elementor-gallery-item__image\" data-thumbnail=\"https:\/\/interdesign.com.pt\/wp-content\/uploads\/2026\/04\/casa_mes_junho_interdesign_16.jpg\" data-width=\"1920\" data-height=\"1298\" aria-label=\"\" role=\"img\" ><\/div>\n\t\t\t\t\t\t\t\t\t\t\t\t\t\t<\/a>\n\t\t\t\t\t\t\t<a class=\"e-gallery-item elementor-gallery-item elementor-animated-content\" href=\"https:\/\/interdesign.com.pt\/wp-content\/uploads\/2026\/04\/casa_mes_junho_interdesign_17.jpg\" data-elementor-open-lightbox=\"yes\" data-elementor-lightbox-slideshow=\"c3686c6\" data-e-action-hash=\"#elementor-action%3Aaction%3Dlightbox%26settings%3DeyJpZCI6NzYyNzMsInVybCI6Imh0dHBzOlwvXC9pbnRlcmRlc2lnbi5jb20ucHRcL3dwLWNvbnRlbnRcL3VwbG9hZHNcLzIwMjZcLzA0XC9jYXNhX21lc19qdW5ob19pbnRlcmRlc2lnbl8xNy5qcGciLCJzbGlkZXNob3ciOiJjMzY4NmM2In0%3D\">\n\t\t\t\t\t<div class=\"e-gallery-image elementor-gallery-item__image\" data-thumbnail=\"https:\/\/interdesign.com.pt\/wp-content\/uploads\/2026\/04\/casa_mes_junho_interdesign_17.jpg\" data-width=\"1920\" data-height=\"1298\" aria-label=\"\" role=\"img\" ><\/div>\n\t\t\t\t\t\t\t\t\t\t\t\t\t\t<\/a>\n\t\t\t\t\t\t\t<a class=\"e-gallery-item elementor-gallery-item elementor-animated-content\" href=\"https:\/\/interdesign.com.pt\/wp-content\/uploads\/2026\/04\/casa_mes_junho_interdesign_18.jpg\" data-elementor-open-lightbox=\"yes\" data-elementor-lightbox-slideshow=\"c3686c6\" data-e-action-hash=\"#elementor-action%3Aaction%3Dlightbox%26settings%3DeyJpZCI6NzYyNzQsInVybCI6Imh0dHBzOlwvXC9pbnRlcmRlc2lnbi5jb20ucHRcL3dwLWNvbnRlbnRcL3VwbG9hZHNcLzIwMjZcLzA0XC9jYXNhX21lc19qdW5ob19pbnRlcmRlc2lnbl8xOC5qcGciLCJzbGlkZXNob3ciOiJjMzY4NmM2In0%3D\">\n\t\t\t\t\t<div class=\"e-gallery-image elementor-gallery-item__image\" data-thumbnail=\"https:\/\/interdesign.com.pt\/wp-content\/uploads\/2026\/04\/casa_mes_junho_interdesign_18.jpg\" data-width=\"1275\" data-height=\"1920\" aria-label=\"\" role=\"img\" ><\/div>\n\t\t\t\t\t\t\t\t\t\t\t\t\t\t<\/a>\n\t\t\t\t\t\t\t<a class=\"e-gallery-item elementor-gallery-item elementor-animated-content\" href=\"https:\/\/interdesign.com.pt\/wp-content\/uploads\/2026\/04\/casa_mes_junho_interdesign_19.jpg\" data-elementor-open-lightbox=\"yes\" data-elementor-lightbox-slideshow=\"c3686c6\" data-e-action-hash=\"#elementor-action%3Aaction%3Dlightbox%26settings%3DeyJpZCI6NzYyNzUsInVybCI6Imh0dHBzOlwvXC9pbnRlcmRlc2lnbi5jb20ucHRcL3dwLWNvbnRlbnRcL3VwbG9hZHNcLzIwMjZcLzA0XC9jYXNhX21lc19qdW5ob19pbnRlcmRlc2lnbl8xOS5qcGciLCJzbGlkZXNob3ciOiJjMzY4NmM2In0%3D\">\n\t\t\t\t\t<div class=\"e-gallery-image elementor-gallery-item__image\" data-thumbnail=\"https:\/\/interdesign.com.pt\/wp-content\/uploads\/2026\/04\/casa_mes_junho_interdesign_19.jpg\" data-width=\"1920\" data-height=\"1298\" aria-label=\"\" role=\"img\" ><\/div>\n\t\t\t\t\t\t\t\t\t\t\t\t\t\t<\/a>\n\t\t\t\t\t\t\t<a class=\"e-gallery-item elementor-gallery-item elementor-animated-content\" href=\"https:\/\/interdesign.com.pt\/wp-content\/uploads\/2026\/04\/casa_mes_junho_interdesign_20.jpg\" data-elementor-open-lightbox=\"yes\" data-elementor-lightbox-slideshow=\"c3686c6\" data-e-action-hash=\"#elementor-action%3Aaction%3Dlightbox%26settings%3DeyJpZCI6NzYyNzYsInVybCI6Imh0dHBzOlwvXC9pbnRlcmRlc2lnbi5jb20ucHRcL3dwLWNvbnRlbnRcL3VwbG9hZHNcLzIwMjZcLzA0XC9jYXNhX21lc19qdW5ob19pbnRlcmRlc2lnbl8yMC5qcGciLCJzbGlkZXNob3ciOiJjMzY4NmM2In0%3D\">\n\t\t\t\t\t<div class=\"e-gallery-image elementor-gallery-item__image\" data-thumbnail=\"https:\/\/interdesign.com.pt\/wp-content\/uploads\/2026\/04\/casa_mes_junho_interdesign_20.jpg\" data-width=\"1275\" data-height=\"1920\" aria-label=\"\" role=\"img\" ><\/div>\n\t\t\t\t\t\t\t\t\t\t\t\t\t\t<\/a>\n\t\t\t\t\t\t\t<a class=\"e-gallery-item elementor-gallery-item elementor-animated-content\" href=\"https:\/\/interdesign.com.pt\/wp-content\/uploads\/2026\/04\/casa_mes_junho_interdesign_21.jpg\" data-elementor-open-lightbox=\"yes\" data-elementor-lightbox-slideshow=\"c3686c6\" data-e-action-hash=\"#elementor-action%3Aaction%3Dlightbox%26settings%3DeyJpZCI6NzYyNzcsInVybCI6Imh0dHBzOlwvXC9pbnRlcmRlc2lnbi5jb20ucHRcL3dwLWNvbnRlbnRcL3VwbG9hZHNcLzIwMjZcLzA0XC9jYXNhX21lc19qdW5ob19pbnRlcmRlc2lnbl8yMS5qcGciLCJzbGlkZXNob3ciOiJjMzY4NmM2In0%3D\">\n\t\t\t\t\t<div class=\"e-gallery-image elementor-gallery-item__image\" data-thumbnail=\"https:\/\/interdesign.com.pt\/wp-content\/uploads\/2026\/04\/casa_mes_junho_interdesign_21.jpg\" data-width=\"1275\" data-height=\"1920\" aria-label=\"\" role=\"img\" ><\/div>\n\t\t\t\t\t\t\t\t\t\t\t\t\t\t<\/a>\n\t\t\t\t\t\t\t<a class=\"e-gallery-item elementor-gallery-item elementor-animated-content\" href=\"https:\/\/interdesign.com.pt\/wp-content\/uploads\/2026\/04\/casa_mes_junho_interdesign_22.jpg\" data-elementor-open-lightbox=\"yes\" data-elementor-lightbox-slideshow=\"c3686c6\" data-e-action-hash=\"#elementor-action%3Aaction%3Dlightbox%26settings%3DeyJpZCI6NzYyNzgsInVybCI6Imh0dHBzOlwvXC9pbnRlcmRlc2lnbi5jb20ucHRcL3dwLWNvbnRlbnRcL3VwbG9hZHNcLzIwMjZcLzA0XC9jYXNhX21lc19qdW5ob19pbnRlcmRlc2lnbl8yMi5qcGciLCJzbGlkZXNob3ciOiJjMzY4NmM2In0%3D\">\n\t\t\t\t\t<div class=\"e-gallery-image elementor-gallery-item__image\" data-thumbnail=\"https:\/\/interdesign.com.pt\/wp-content\/uploads\/2026\/04\/casa_mes_junho_interdesign_22.jpg\" data-width=\"1920\" data-height=\"1298\" aria-label=\"\" role=\"img\" ><\/div>\n\t\t\t\t\t\t\t\t\t\t\t\t\t\t<\/a>\n\t\t\t\t\t\t\t<a class=\"e-gallery-item elementor-gallery-item elementor-animated-content\" href=\"https:\/\/interdesign.com.pt\/wp-content\/uploads\/2026\/04\/casa_mes_junho_interdesign_23.jpg\" data-elementor-open-lightbox=\"yes\" data-elementor-lightbox-slideshow=\"c3686c6\" data-e-action-hash=\"#elementor-action%3Aaction%3Dlightbox%26settings%3DeyJpZCI6NzYyNzksInVybCI6Imh0dHBzOlwvXC9pbnRlcmRlc2lnbi5jb20ucHRcL3dwLWNvbnRlbnRcL3VwbG9hZHNcLzIwMjZcLzA0XC9jYXNhX21lc19qdW5ob19pbnRlcmRlc2lnbl8yMy5qcGciLCJzbGlkZXNob3ciOiJjMzY4NmM2In0%3D\">\n\t\t\t\t\t<div class=\"e-gallery-image elementor-gallery-item__image\" data-thumbnail=\"https:\/\/interdesign.com.pt\/wp-content\/uploads\/2026\/04\/casa_mes_junho_interdesign_23.jpg\" data-width=\"1275\" data-height=\"1920\" aria-label=\"\" role=\"img\" ><\/div>\n\t\t\t\t\t\t\t\t\t\t\t\t\t\t<\/a>\n\t\t\t\t\t\t\t<a class=\"e-gallery-item elementor-gallery-item elementor-animated-content\" href=\"https:\/\/interdesign.com.pt\/wp-content\/uploads\/2026\/04\/casa_mes_junho_interdesign_24.jpg\" data-elementor-open-lightbox=\"yes\" data-elementor-lightbox-slideshow=\"c3686c6\" data-e-action-hash=\"#elementor-action%3Aaction%3Dlightbox%26settings%3DeyJpZCI6NzYyODAsInVybCI6Imh0dHBzOlwvXC9pbnRlcmRlc2lnbi5jb20ucHRcL3dwLWNvbnRlbnRcL3VwbG9hZHNcLzIwMjZcLzA0XC9jYXNhX21lc19qdW5ob19pbnRlcmRlc2lnbl8yNC5qcGciLCJzbGlkZXNob3ciOiJjMzY4NmM2In0%3D\">\n\t\t\t\t\t<div class=\"e-gallery-image elementor-gallery-item__image\" data-thumbnail=\"https:\/\/interdesign.com.pt\/wp-content\/uploads\/2026\/04\/casa_mes_junho_interdesign_24.jpg\" data-width=\"1920\" data-height=\"1298\" aria-label=\"\" role=\"img\" ><\/div>\n\t\t\t\t\t\t\t\t\t\t\t\t\t\t<\/a>\n\t\t\t\t\t<\/div>\n\t\t\t\t\t<\/div>\n\t\t\t\t<\/div>\n\t\t\t\t<\/div>\n\t\t\t\t<\/div>","protected":false},"excerpt":{"rendered":"","protected":false},"author":1,"featured_media":76281,"parent":0,"template":"","meta":{"_acf_changed":false,"footnotes":""},"portfolio-category":[135],"class_list":["post-66199","portfolio","type-portfolio","status-publish","has-post-thumbnail","hentry","portfolio-category-private"],"acf":[],"yoast_head":"<!-- This site is optimized with the Yoast SEO plugin v27.3 - https:\/\/yoast.com\/product\/yoast-seo-wordpress\/ -->\n<title>House of the Month - June 2024 - Interdesign<\/title>\n<meta name=\"description\" content=\"House of the Month - June 2024 is part of the Interdesign portfolio, a project combining creativity, precision, and tailored design.\" \/>\n<meta name=\"robots\" content=\"noindex, follow\" \/>\n<meta property=\"og:locale\" content=\"pt_PT\" \/>\n<meta property=\"og:type\" content=\"article\" \/>\n<meta property=\"og:title\" content=\"House of the Month - June 2024 - Interdesign\" \/>\n<meta property=\"og:description\" content=\"House of the Month - June 2024 is part of the Interdesign portfolio, a project combining creativity, precision, and tailored design.\" \/>\n<meta property=\"og:url\" content=\"https:\/\/interdesign.com.pt\/pt\/portfolio\/house-of-the-month-june-2024\/\" \/>\n<meta property=\"og:site_name\" content=\"Interdesign\" \/>\n<meta property=\"article:modified_time\" content=\"2026-04-07T16:25:44+00:00\" \/>\n<meta property=\"og:image\" content=\"https:\/\/interdesign.com.pt\/wp-content\/uploads\/2024\/06\/casa_mes_junho_interdesign_capa.jpg\" \/>\n\t<meta property=\"og:image:width\" content=\"1200\" \/>\n\t<meta property=\"og:image:height\" content=\"748\" \/>\n\t<meta property=\"og:image:type\" content=\"image\/jpeg\" \/>\n<meta name=\"twitter:card\" content=\"summary_large_image\" \/>\n<meta name=\"twitter:image\" content=\"https:\/\/interdesign.com.pt\/wp-content\/uploads\/2024\/06\/casa_mes_junho_interdesign_capa.jpg\" \/>\n<meta name=\"twitter:label1\" content=\"Tempo estimado de leitura\" \/>\n\t<meta name=\"twitter:data1\" content=\"1 minuto\" \/>\n<script type=\"application\/ld+json\" class=\"yoast-schema-graph\">{\"@context\":\"https:\\\/\\\/schema.org\",\"@graph\":[{\"@type\":\"WebPage\",\"@id\":\"https:\\\/\\\/interdesign.com.pt\\\/pt\\\/portfolio\\\/house-of-the-month-june-2024\\\/\",\"url\":\"https:\\\/\\\/interdesign.com.pt\\\/pt\\\/portfolio\\\/house-of-the-month-june-2024\\\/\",\"name\":\"House of the Month - June 2024 - Interdesign\",\"isPartOf\":{\"@id\":\"https:\\\/\\\/interdesign.com.pt\\\/pt\\\/#website\"},\"primaryImageOfPage\":{\"@id\":\"https:\\\/\\\/interdesign.com.pt\\\/pt\\\/portfolio\\\/house-of-the-month-june-2024\\\/#primaryimage\"},\"image\":{\"@id\":\"https:\\\/\\\/interdesign.com.pt\\\/pt\\\/portfolio\\\/house-of-the-month-june-2024\\\/#primaryimage\"},\"thumbnailUrl\":\"https:\\\/\\\/interdesign.com.pt\\\/wp-content\\\/uploads\\\/2024\\\/06\\\/casa_mes_junho_interdesign_capa.jpg\",\"datePublished\":\"2024-06-21T14:17:31+00:00\",\"dateModified\":\"2026-04-07T16:25:44+00:00\",\"description\":\"House of the Month - June 2024 is part of the Interdesign portfolio, a project combining creativity, precision, and tailored design.\",\"breadcrumb\":{\"@id\":\"https:\\\/\\\/interdesign.com.pt\\\/pt\\\/portfolio\\\/house-of-the-month-june-2024\\\/#breadcrumb\"},\"inLanguage\":\"pt-PT\",\"potentialAction\":[{\"@type\":\"ReadAction\",\"target\":[\"https:\\\/\\\/interdesign.com.pt\\\/pt\\\/portfolio\\\/house-of-the-month-june-2024\\\/\"]}]},{\"@type\":\"ImageObject\",\"inLanguage\":\"pt-PT\",\"@id\":\"https:\\\/\\\/interdesign.com.pt\\\/pt\\\/portfolio\\\/house-of-the-month-june-2024\\\/#primaryimage\",\"url\":\"https:\\\/\\\/interdesign.com.pt\\\/wp-content\\\/uploads\\\/2024\\\/06\\\/casa_mes_junho_interdesign_capa.jpg\",\"contentUrl\":\"https:\\\/\\\/interdesign.com.pt\\\/wp-content\\\/uploads\\\/2024\\\/06\\\/casa_mes_junho_interdesign_capa.jpg\",\"width\":1200,\"height\":748},{\"@type\":\"BreadcrumbList\",\"@id\":\"https:\\\/\\\/interdesign.com.pt\\\/pt\\\/portfolio\\\/house-of-the-month-june-2024\\\/#breadcrumb\",\"itemListElement\":[{\"@type\":\"ListItem\",\"position\":1,\"name\":\"Home\",\"item\":\"https:\\\/\\\/interdesign.com.pt\\\/\"},{\"@type\":\"ListItem\",\"position\":2,\"name\":\"House of the Month &#8211; June 2024\"}]},{\"@type\":\"WebSite\",\"@id\":\"https:\\\/\\\/interdesign.com.pt\\\/pt\\\/#website\",\"url\":\"https:\\\/\\\/interdesign.com.pt\\\/pt\\\/\",\"name\":\"Interdesign\",\"description\":\"Mobili\u00e1rio, Interiores &amp; Decora\u00e7\u00e3o\",\"publisher\":{\"@id\":\"https:\\\/\\\/interdesign.com.pt\\\/pt\\\/#organization\"},\"potentialAction\":[{\"@type\":\"SearchAction\",\"target\":{\"@type\":\"EntryPoint\",\"urlTemplate\":\"https:\\\/\\\/interdesign.com.pt\\\/pt\\\/?s={search_term_string}\"},\"query-input\":{\"@type\":\"PropertyValueSpecification\",\"valueRequired\":true,\"valueName\":\"search_term_string\"}}],\"inLanguage\":\"pt-PT\"},{\"@type\":\"Organization\",\"@id\":\"https:\\\/\\\/interdesign.com.pt\\\/pt\\\/#organization\",\"name\":\"Interdesign\",\"url\":\"https:\\\/\\\/interdesign.com.pt\\\/pt\\\/\",\"logo\":{\"@type\":\"ImageObject\",\"inLanguage\":\"pt-PT\",\"@id\":\"https:\\\/\\\/interdesign.com.pt\\\/pt\\\/#\\\/schema\\\/logo\\\/image\\\/\",\"url\":\"https:\\\/\\\/interdesign.com.pt\\\/wp-content\\\/uploads\\\/2025\\\/03\\\/interdesign-logo.svg\",\"contentUrl\":\"https:\\\/\\\/interdesign.com.pt\\\/wp-content\\\/uploads\\\/2025\\\/03\\\/interdesign-logo.svg\",\"caption\":\"Interdesign\"},\"image\":{\"@id\":\"https:\\\/\\\/interdesign.com.pt\\\/pt\\\/#\\\/schema\\\/logo\\\/image\\\/\"}}]}<\/script>\n<!-- \/ Yoast SEO plugin. -->","yoast_head_json":{"title":"Casa do M\u00eas \u2013 Junho 2024 - Interdesign","description":"House of the Month - June 2024 is part of the Interdesign portfolio, a project combining creativity, precision, and tailored design.","robots":{"index":"noindex","follow":"follow"},"og_locale":"pt_PT","og_type":"article","og_title":"House of the Month - June 2024 - Interdesign","og_description":"House of the Month - June 2024 is part of the Interdesign portfolio, a project combining creativity, precision, and tailored design.","og_url":"https:\/\/interdesign.com.pt\/pt\/portfolio\/house-of-the-month-june-2024\/","og_site_name":"Interdesign","article_modified_time":"2026-04-07T16:25:44+00:00","og_image":[{"width":1200,"height":748,"url":"https:\/\/interdesign.com.pt\/wp-content\/uploads\/2024\/06\/casa_mes_junho_interdesign_capa.jpg","type":"image\/jpeg"}],"twitter_card":"summary_large_image","twitter_image":"https:\/\/interdesign.com.pt\/wp-content\/uploads\/2024\/06\/casa_mes_junho_interdesign_capa.jpg","twitter_misc":{"Tempo estimado de leitura":"1 minuto"},"schema":{"@context":"https:\/\/schema.org","@graph":[{"@type":"WebPage","@id":"https:\/\/interdesign.com.pt\/pt\/portfolio\/house-of-the-month-june-2024\/","url":"https:\/\/interdesign.com.pt\/pt\/portfolio\/house-of-the-month-june-2024\/","name":"Casa do M\u00eas \u2013 Junho 2024 - Interdesign","isPartOf":{"@id":"https:\/\/interdesign.com.pt\/pt\/#website"},"primaryImageOfPage":{"@id":"https:\/\/interdesign.com.pt\/pt\/portfolio\/house-of-the-month-june-2024\/#primaryimage"},"image":{"@id":"https:\/\/interdesign.com.pt\/pt\/portfolio\/house-of-the-month-june-2024\/#primaryimage"},"thumbnailUrl":"https:\/\/interdesign.com.pt\/wp-content\/uploads\/2024\/06\/casa_mes_junho_interdesign_capa.jpg","datePublished":"2024-06-21T14:17:31+00:00","dateModified":"2026-04-07T16:25:44+00:00","description":"House of the Month - June 2024 is part of the Interdesign portfolio, a project combining creativity, precision, and tailored design.","breadcrumb":{"@id":"https:\/\/interdesign.com.pt\/pt\/portfolio\/house-of-the-month-june-2024\/#breadcrumb"},"inLanguage":"pt-PT","potentialAction":[{"@type":"ReadAction","target":["https:\/\/interdesign.com.pt\/pt\/portfolio\/house-of-the-month-june-2024\/"]}]},{"@type":"ImageObject","inLanguage":"pt-PT","@id":"https:\/\/interdesign.com.pt\/pt\/portfolio\/house-of-the-month-june-2024\/#primaryimage","url":"https:\/\/interdesign.com.pt\/wp-content\/uploads\/2024\/06\/casa_mes_junho_interdesign_capa.jpg","contentUrl":"https:\/\/interdesign.com.pt\/wp-content\/uploads\/2024\/06\/casa_mes_junho_interdesign_capa.jpg","width":1200,"height":748},{"@type":"BreadcrumbList","@id":"https:\/\/interdesign.com.pt\/pt\/portfolio\/house-of-the-month-june-2024\/#breadcrumb","itemListElement":[{"@type":"ListItem","position":1,"name":"Home","item":"https:\/\/interdesign.com.pt\/"},{"@type":"ListItem","position":2,"name":"House of the Month &#8211; June 2024"}]},{"@type":"WebSite","@id":"https:\/\/interdesign.com.pt\/pt\/#website","url":"https:\/\/interdesign.com.pt\/pt\/","name":"Interdesign","description":"Mobili\u00e1rio, Interiores &amp; Decora\u00e7\u00e3o","publisher":{"@id":"https:\/\/interdesign.com.pt\/pt\/#organization"},"potentialAction":[{"@type":"SearchAction","target":{"@type":"EntryPoint","urlTemplate":"https:\/\/interdesign.com.pt\/pt\/?s={search_term_string}"},"query-input":{"@type":"PropertyValueSpecification","valueRequired":true,"valueName":"search_term_string"}}],"inLanguage":"pt-PT"},{"@type":"Organization","@id":"https:\/\/interdesign.com.pt\/pt\/#organization","name":"Interdesign","url":"https:\/\/interdesign.com.pt\/pt\/","logo":{"@type":"ImageObject","inLanguage":"pt-PT","@id":"https:\/\/interdesign.com.pt\/pt\/#\/schema\/logo\/image\/","url":"https:\/\/interdesign.com.pt\/wp-content\/uploads\/2025\/03\/interdesign-logo.svg","contentUrl":"https:\/\/interdesign.com.pt\/wp-content\/uploads\/2025\/03\/interdesign-logo.svg","caption":"Interdesign"},"image":{"@id":"https:\/\/interdesign.com.pt\/pt\/#\/schema\/logo\/image\/"}}]}},"_links":{"self":[{"href":"https:\/\/interdesign.com.pt\/pt\/wp-json\/wp\/v2\/portfolio\/66199","targetHints":{"allow":["GET"]}}],"collection":[{"href":"https:\/\/interdesign.com.pt\/pt\/wp-json\/wp\/v2\/portfolio"}],"about":[{"href":"https:\/\/interdesign.com.pt\/pt\/wp-json\/wp\/v2\/types\/portfolio"}],"author":[{"embeddable":true,"href":"https:\/\/interdesign.com.pt\/pt\/wp-json\/wp\/v2\/users\/1"}],"version-history":[{"count":8,"href":"https:\/\/interdesign.com.pt\/pt\/wp-json\/wp\/v2\/portfolio\/66199\/revisions"}],"predecessor-version":[{"id":76287,"href":"https:\/\/interdesign.com.pt\/pt\/wp-json\/wp\/v2\/portfolio\/66199\/revisions\/76287"}],"wp:featuredmedia":[{"embeddable":true,"href":"https:\/\/interdesign.com.pt\/pt\/wp-json\/wp\/v2\/media\/76281"}],"wp:attachment":[{"href":"https:\/\/interdesign.com.pt\/pt\/wp-json\/wp\/v2\/media?parent=66199"}],"wp:term":[{"taxonomy":"portfolio-category","embeddable":true,"href":"https:\/\/interdesign.com.pt\/pt\/wp-json\/wp\/v2\/portfolio-category?post=66199"}],"curies":[{"name":"wp","href":"https:\/\/api.w.org\/{rel}","templated":true}]}}